{"id":2,"date":"2020-03-13T15:58:23","date_gmt":"2020-03-13T14:58:23","guid":{"rendered":"http:\/\/multitsg.iamhosting.de\/behinderten-und-reha-sport\/?page_id=2"},"modified":"2021-01-28T12:09:30","modified_gmt":"2021-01-28T11:09:30","slug":"home","status":"publish","type":"page","link":"https:\/\/www.tsg-leutkirch.de\/behinderten-und-reha-sport\/","title":{"rendered":"Home"},"content":{"rendered":"\t\t<div data-elementor-type=\"wp-page\" data-elementor-id=\"2\" class=\"elementor elementor-2\" data-elementor-post-type=\"page\">\n\t\t\t\t\t\t<section class=\"elementor-section elementor-top-section elementor-element elementor-element-a09ce5e elementor-section-stretched elementor-section-content-middle elementor-section-height-min-height elementor-section-boxed elementor-section-height-default elementor-section-items-middle\" data-id=\"a09ce5e\" data-element_type=\"section\" data-e-type=\"section\" id=\"home\" data-settings=\"{&quot;stretch_section&quot;:&quot;section-stretched&quot;,&quot;background_background&quot;:&quot;classic&quot;,&quot;shape_divider_bottom&quot;:&quot;triangle-asymmetrical&quot;,&quot;shape_divider_bottom_negative&quot;:&quot;yes&quot;,&quot;jet_parallax_layout_list&quot;:[]}\">\n\t\t\t\t\t<div class=\"elementor-shape elementor-shape-bottom\" aria-hidden=\"true\" data-negative=\"true\">\n\t\t\t<svg xmlns=\"http:\/\/www.w3.org\/2000\/svg\" viewBox=\"0 0 1000 100\" preserveAspectRatio=\"none\">\n\t<path class=\"elementor-shape-fill\" d=\"M737.9,94.7L0,0v100h1000V0L737.9,94.7z\"\/>\n<\/svg>\t\t<\/div>\n\t\t\t\t\t<div class=\"elementor-container elementor-column-gap-default\">\n\t\t\t\t\t<div class=\"elementor-column elementor-col-100 elementor-top-column elementor-element elementor-element-2f755dbe\" data-id=\"2f755dbe\" data-element_type=\"column\" data-e-type=\"column\">\n\t\t\t<div class=\"elementor-widget-wrap\">\n\t\t\t\t\t\t\t<\/div>\n\t\t<\/div>\n\t\t\t\t\t<\/div>\n\t\t<\/section>\n\t\t\t\t<section class=\"elementor-section elementor-top-section elementor-element elementor-element-345bde2 elementor-section-boxed elementor-section-height-default elementor-section-height-default\" data-id=\"345bde2\" data-element_type=\"section\" data-e-type=\"section\" data-settings=\"{&quot;jet_parallax_layout_list&quot;:[]}\">\n\t\t\t\t\t\t<div class=\"elementor-container elementor-column-gap-default\">\n\t\t\t\t\t<div class=\"elementor-column elementor-col-100 elementor-top-column elementor-element elementor-element-dca1eff\" data-id=\"dca1eff\" data-element_type=\"column\" data-e-type=\"column\">\n\t\t\t<div class=\"elementor-widget-wrap elementor-element-populated\">\n\t\t\t\t\t\t<div class=\"elementor-element elementor-element-2689d0b elementor-widget elementor-widget-heading\" data-id=\"2689d0b\" data-element_type=\"widget\" data-e-type=\"widget\" data-widget_type=\"heading.default\">\n\t\t\t\t<div class=\"elementor-widget-container\">\n\t\t\t\t\t<h1 class=\"elementor-heading-title elementor-size-default\">Behinderten und Reha-Sport<\/h1>\t\t\t\t<\/div>\n\t\t\t\t<\/div>\n\t\t\t\t\t<\/div>\n\t\t<\/div>\n\t\t\t\t\t<\/div>\n\t\t<\/section>\n\t\t\t\t<section class=\"elementor-section elementor-top-section elementor-element elementor-element-5d28ef8 elementor-section-boxed elementor-section-height-default elementor-section-height-default\" data-id=\"5d28ef8\" data-element_type=\"section\" data-e-type=\"section\" data-settings=\"{&quot;jet_parallax_layout_list&quot;:[]}\">\n\t\t\t\t\t\t<div class=\"elementor-container elementor-column-gap-default\">\n\t\t\t\t\t<div class=\"elementor-column elementor-col-100 elementor-top-column elementor-element elementor-element-1aed15f\" data-id=\"1aed15f\" data-element_type=\"column\" data-e-type=\"column\">\n\t\t\t<div class=\"elementor-widget-wrap elementor-element-populated\">\n\t\t\t\t\t\t<div class=\"elementor-element elementor-element-cb70831 elementor-widget elementor-widget-heading\" data-id=\"cb70831\" data-element_type=\"widget\" data-e-type=\"widget\" data-widget_type=\"heading.default\">\n\t\t\t\t<div class=\"elementor-widget-container\">\n\t\t\t\t\t<h2 class=\"elementor-heading-title elementor-size-default\">Gymnastik<\/h2>\t\t\t\t<\/div>\n\t\t\t\t<\/div>\n\t\t\t\t\t<\/div>\n\t\t<\/div>\n\t\t\t\t\t<\/div>\n\t\t<\/section>\n\t\t\t\t<section class=\"elementor-section elementor-top-section elementor-element elementor-element-b02bd9f elementor-section-boxed elementor-section-height-default elementor-section-height-default\" data-id=\"b02bd9f\" data-element_type=\"section\" data-e-type=\"section\" data-settings=\"{&quot;jet_parallax_layout_list&quot;:[]}\">\n\t\t\t\t\t\t<div class=\"elementor-container elementor-column-gap-default\">\n\t\t\t\t\t<div class=\"elementor-column elementor-col-100 elementor-top-column elementor-element elementor-element-c94ade1\" data-id=\"c94ade1\" data-element_type=\"column\" data-e-type=\"column\">\n\t\t\t<div class=\"elementor-widget-wrap elementor-element-populated\">\n\t\t\t\t\t\t<div class=\"elementor-element elementor-element-446221f elementor-widget elementor-widget-text-editor\" data-id=\"446221f\" data-element_type=\"widget\" data-e-type=\"widget\" data-widget_type=\"text-editor.default\">\n\t\t\t\t<div class=\"elementor-widget-container\">\n\t\t\t\t\t\t\t\t\t<p>Die Reha Sportgruppe bietet Erwachsenen unterschiedlichen Alters und mit verschiedenen Behinderungen die M\u00f6glichkeit bei einer angemessenen Gymnastik Sport zu betreiben. Jeden 1. Dienstag im Monat bietet die \u00dcbungsleiterin Frau Flach au\u00dfer der Gymnastik in der Halle eine Wasser-Gymnastik im Lehrschwimmbecken an.<\/p><p>Die Abteilung ist dem Bundesverband der Behinderten- und Krankenkassen angeschlossen und hat somit die Berechtigung als Leistungserbringer in Sachrichtung Orthop\u00e4die im Rahmen des Rehasports. Betreuender Sportarzt ist Orthop\u00e4de Dr. H. Moll.<\/p>\t\t\t\t\t\t\t\t<\/div>\n\t\t\t\t<\/div>\n\t\t\t\t\t<\/div>\n\t\t<\/div>\n\t\t\t\t\t<\/div>\n\t\t<\/section>\n\t\t\t\t<section class=\"elementor-section elementor-top-section elementor-element elementor-element-601ec4d elementor-section-boxed elementor-section-height-default elementor-section-height-default\" data-id=\"601ec4d\" data-element_type=\"section\" data-e-type=\"section\" data-settings=\"{&quot;jet_parallax_layout_list&quot;:[]}\">\n\t\t\t\t\t\t<div class=\"elementor-container elementor-column-gap-default\">\n\t\t\t\t\t<div class=\"elementor-column elementor-col-66 elementor-top-column elementor-element elementor-element-c7e6074\" data-id=\"c7e6074\" data-element_type=\"column\" data-e-type=\"column\">\n\t\t\t<div class=\"elementor-widget-wrap elementor-element-populated\">\n\t\t\t\t\t\t<div class=\"elementor-element elementor-element-fe76beb elementor-widget elementor-widget-heading\" data-id=\"fe76beb\" data-element_type=\"widget\" data-e-type=\"widget\" data-widget_type=\"heading.default\">\n\t\t\t\t<div class=\"elementor-widget-container\">\n\t\t\t\t\t<h3 class=\"elementor-heading-title elementor-size-default\">News<\/h3>\t\t\t\t<\/div>\n\t\t\t\t<\/div>\n\t\t\t\t<div class=\"elementor-element elementor-element-6c9088a elementor-widget elementor-widget-shortcode\" data-id=\"6c9088a\" data-element_type=\"widget\" data-e-type=\"widget\" data-widget_type=\"shortcode.default\">\n\t\t\t\t<div class=\"elementor-widget-container\">\n\t\t\t\t\t\t\t<div class=\"elementor-shortcode\"><div class=\"iam-blog\">\r\n        <div class=\"iam-post\">\r\n                <div class=\"iam-post-thumbnail\">\r\n                    <a target=\"_self\" href=\"https:\/\/www.tsg-leutkirch.de\/behinderten-und-reha-sport\/2021\/01\/28\/60-jahre-reha-und-behindertensport-in-der-tsg\/\"\r\n                       style=\"background-image: url('');\">\r\n                    <\/a>\r\n                <\/div>\r\n                <div class=\"iam-post-content\">\r\n                    <div class=\"news_blog\"><div class=\"news_blog_link\"><span class=\"uael-post__terms\"><a href=\"https:\/\/www.tsg-leutkirch.de\/behinderten-und-reha-sport\">TSG 1847 Leutkirch e.V. - Abteilung Behinderten- und Reha-Sport<\/a><\/span><\/div><a href=\"https:\/\/www.tsg-leutkirch.de\/behinderten-und-reha-sport\/2021\/01\/28\/60-jahre-reha-und-behindertensport-in-der-tsg\/\"><h3>60 Jahre Reha- und Behindertensport in der TSG<\/h3><\/a><span class=\"uael-post__date\"><i aria-hidden=\"true\" class=\"fa fa-calendar\"><\/i>28.01.2021<\/span><\/div>                <\/div>\r\n        <\/div>\r\n            <div class=\"iam-post\">\r\n                <div class=\"iam-post-thumbnail\">\r\n                    <a target=\"_self\" href=\"https:\/\/www.tsg-leutkirch.de\/behinderten-und-reha-sport\/2019\/05\/15\/hallo-welt\/\"\r\n                       style=\"background-image: url('https:\/\/www.tsg-leutkirch.de\/behinderten-und-reha-sport\/wp-content\/uploads\/sites\/23\/2020\/03\/badminton-vorstandschaft_600px.jpg');\">\r\n                    <\/a>\r\n                <\/div>\r\n                <div class=\"iam-post-content\">\r\n                    <div class=\"news_blog\"><div class=\"news_blog_link\"><span class=\"uael-post__terms\"><a href=\"https:\/\/www.tsg-leutkirch.de\/behinderten-und-reha-sport\">TSG 1847 Leutkirch e.V. - Abteilung Behinderten- und Reha-Sport<\/a><\/span><\/div><a href=\"https:\/\/www.tsg-leutkirch.de\/behinderten-und-reha-sport\/2019\/05\/15\/hallo-welt\/\"><h3>Neue Vorstandschaft gew\u00e4hlt<\/h3><\/a><span class=\"uael-post__date\"><i aria-hidden=\"true\" class=\"fa fa-calendar\"><\/i>15.05.2019<\/span><\/div>                <\/div>\r\n        <\/div>\r\n        \r\n    <\/div>\r\n\r\n\r\n\r\n\r\n<\/div>\n\t\t\t\t\t\t<\/div>\n\t\t\t\t<\/div>\n\t\t\t\t<div class=\"elementor-element elementor-element-2269f16 elementor-widget elementor-widget-text-editor\" data-id=\"2269f16\" data-element_type=\"widget\" data-e-type=\"widget\" data-widget_type=\"text-editor.default\">\n\t\t\t\t<div class=\"elementor-widget-container\">\n\t\t\t\t\t\t\t\t\t<h6><a href=\"https:\/\/www.tsg-leutkirch.de\/behinderten-und-reha-sport\/news\/\" target=\"_blank\" rel=\"noopener\">Alle News &gt;<\/a><\/h6>\t\t\t\t\t\t\t\t<\/div>\n\t\t\t\t<\/div>\n\t\t\t\t\t<\/div>\n\t\t<\/div>\n\t\t\t\t<div class=\"elementor-column elementor-col-33 elementor-top-column elementor-element elementor-element-3875ece\" data-id=\"3875ece\" data-element_type=\"column\" data-e-type=\"column\">\n\t\t\t<div class=\"elementor-widget-wrap elementor-element-populated\">\n\t\t\t\t\t\t<div class=\"elementor-element elementor-element-31b9725 elementor-widget elementor-widget-heading\" data-id=\"31b9725\" data-element_type=\"widget\" data-e-type=\"widget\" data-widget_type=\"heading.default\">\n\t\t\t\t<div class=\"elementor-widget-container\">\n\t\t\t\t\t<h3 class=\"elementor-heading-title elementor-size-default\">Termine<\/h3>\t\t\t\t<\/div>\n\t\t\t\t<\/div>\n\t\t\t\t<div class=\"elementor-element elementor-element-4e2fb08 elementor-widget elementor-widget-shortcode\" data-id=\"4e2fb08\" data-element_type=\"widget\" data-e-type=\"widget\" data-widget_type=\"shortcode.default\">\n\t\t\t\t<div class=\"elementor-widget-container\">\n\t\t\t\t\t\t\t<div class=\"elementor-shortcode\"><div class=\"iam-blog\">\r\n    Keine Termine gefunden\r\n    <\/div>\r\n\r\n\r\n\r\n\r\n<\/div>\n\t\t\t\t\t\t<\/div>\n\t\t\t\t<\/div>\n\t\t\t\t<div class=\"elementor-element elementor-element-fa1e430 elementor-widget elementor-widget-text-editor\" data-id=\"fa1e430\" data-element_type=\"widget\" data-e-type=\"widget\" data-widget_type=\"text-editor.default\">\n\t\t\t\t<div class=\"elementor-widget-container\">\n\t\t\t\t\t\t\t\t\t<h6><a href=\"https:\/\/www.tsg-leutkirch.de\/behinderten-und-reha-sport\/termin\/\" target=\"_blank\" rel=\"noopener\">Alle Termine &gt;<\/a><\/h6>\t\t\t\t\t\t\t\t<\/div>\n\t\t\t\t<\/div>\n\t\t\t\t\t<\/div>\n\t\t<\/div>\n\t\t\t\t\t<\/div>\n\t\t<\/section>\n\t\t\t\t<\/div>\n\t\t","protected":false},"excerpt":{"rendered":"<p>Behinderten und Reha-Sport Gymnastik Die Reha Sportgruppe bietet Erwachsenen unterschiedlichen Alters und mit verschiedenen Behinderungen die M\u00f6glichkeit bei einer angemessenen Gymnastik Sport zu betreiben. Jeden 1. Dienstag im Monat bietet die \u00dcbungsleiterin Frau Flach au\u00dfer der Gymnastik in der Halle eine Wasser-Gymnastik im Lehrschwimmbecken an. Die Abteilung ist dem Bundesverband der Behinderten- und Krankenkassen angeschlossen [&hellip;]<\/p>\n","protected":false},"author":1,"featured_media":0,"parent":0,"menu_order":0,"comment_status":"closed","ping_status":"open","template":"","meta":{"_acf_changed":false,"site-sidebar-layout":"no-sidebar","site-content-layout":"page-builder","ast-site-content-layout":"default","site-content-style":"default","site-sidebar-style":"default","ast-global-header-display":"","ast-banner-title-visibility":"","ast-main-header-display":"","ast-hfb-above-header-display":"","ast-hfb-below-header-display":"","ast-hfb-mobile-header-display":"","site-post-title":"disabled","ast-breadcrumbs-content":"","ast-featured-img":"disabled","footer-sml-layout":"","ast-disable-related-posts":"","theme-transparent-header-meta":"default","adv-header-id-meta":"","stick-header-meta":"default","header-above-stick-meta":"","header-main-stick-meta":"","header-below-stick-meta":"","astra-migrate-meta-layouts":"default","ast-page-background-enabled":"default","ast-page-background-meta":{"desktop":{"background-color":"","background-image":"","background-repeat":"repeat","background-position":"center center","background-size":"auto","background-attachment":"scroll","background-type":"","background-media":"","overlay-type":"","overlay-color":"","overlay-opacity":"","overlay-gradient":""},"tablet":{"background-color":"","background-image":"","background-repeat":"repeat","background-position":"center center","background-size":"auto","background-attachment":"scroll","background-type":"","background-media":"","overlay-type":"","overlay-color":"","overlay-opacity":"","overlay-gradient":""},"mobile":{"background-color":"","background-image":"","background-repeat":"repeat","background-position":"center center","background-size":"auto","background-attachment":"scroll","background-type":"","background-media":"","overlay-type":"","overlay-color":"","overlay-opacity":"","overlay-gradient":""}},"ast-content-background-meta":{"desktop":{"background-color":"var(--ast-global-color-5)","background-image":"","background-repeat":"repeat","background-position":"center center","background-size":"auto","background-attachment":"scroll","background-type":"","background-media":"","overlay-type":"","overlay-color":"","overlay-opacity":"","overlay-gradient":""},"tablet":{"background-color":"var(--ast-global-color-5)","background-image":"","background-repeat":"repeat","background-position":"center center","background-size":"auto","background-attachment":"scroll","background-type":"","background-media":"","overlay-type":"","overlay-color":"","overlay-opacity":"","overlay-gradient":""},"mobile":{"background-color":"var(--ast-global-color-5)","background-image":"","background-repeat":"repeat","background-position":"center center","background-size":"auto","background-attachment":"scroll","background-type":"","background-media":"","overlay-type":"","overlay-color":"","overlay-opacity":"","overlay-gradient":""}},"footnotes":""},"class_list":["post-2","page","type-page","status-publish","hentry"],"acf":[],"_links":{"self":[{"href":"https:\/\/www.tsg-leutkirch.de\/behinderten-und-reha-sport\/wp-json\/wp\/v2\/pages\/2","targetHints":{"allow":["GET"]}}],"collection":[{"href":"https:\/\/www.tsg-leutkirch.de\/behinderten-und-reha-sport\/wp-json\/wp\/v2\/pages"}],"about":[{"href":"https:\/\/www.tsg-leutkirch.de\/behinderten-und-reha-sport\/wp-json\/wp\/v2\/types\/page"}],"author":[{"embeddable":true,"href":"https:\/\/www.tsg-leutkirch.de\/behinderten-und-reha-sport\/wp-json\/wp\/v2\/users\/1"}],"replies":[{"embeddable":true,"href":"https:\/\/www.tsg-leutkirch.de\/behinderten-und-reha-sport\/wp-json\/wp\/v2\/comments?post=2"}],"version-history":[{"count":10,"href":"https:\/\/www.tsg-leutkirch.de\/behinderten-und-reha-sport\/wp-json\/wp\/v2\/pages\/2\/revisions"}],"predecessor-version":[{"id":195,"href":"https:\/\/www.tsg-leutkirch.de\/behinderten-und-reha-sport\/wp-json\/wp\/v2\/pages\/2\/revisions\/195"}],"wp:attachment":[{"href":"https:\/\/www.tsg-leutkirch.de\/behinderten-und-reha-sport\/wp-json\/wp\/v2\/media?parent=2"}],"curies":[{"name":"wp","href":"https:\/\/api.w.org\/{rel}","templated":true}]}}