{"id":12378,"date":"2025-07-20T17:32:41","date_gmt":"2025-07-20T15:32:41","guid":{"rendered":"https:\/\/www.tsg-leutkirch.de\/skilaeuferzunft\/?page_id=12378"},"modified":"2025-10-09T17:41:35","modified_gmt":"2025-10-09T15:41:35","slug":"bildergalerie-53-allgaeu-volkslauf-2025","status":"publish","type":"page","link":"https:\/\/www.tsg-leutkirch.de\/skilaeuferzunft\/bildergalerie-53-allgaeu-volkslauf-2025\/","title":{"rendered":"Bildergalerie: 53. Allg\u00e4u Volkslauf 2025"},"content":{"rendered":"\t\t<div data-elementor-type=\"wp-page\" data-elementor-id=\"12378\" class=\"elementor elementor-12378\" data-elementor-post-type=\"page\">\n\t\t\t\t\t\t<section class=\"elementor-section elementor-top-section elementor-element elementor-element-b5bf665 elementor-section-boxed elementor-section-height-default elementor-section-height-default\" data-id=\"b5bf665\" data-element_type=\"section\" data-e-type=\"section\" data-settings=\"{&quot;jet_parallax_layout_list&quot;:[]}\">\n\t\t\t\t\t\t<div class=\"elementor-container elementor-column-gap-default\">\n\t\t\t\t\t<div class=\"elementor-column elementor-col-100 elementor-top-column elementor-element elementor-element-8661600\" data-id=\"8661600\" data-element_type=\"column\" data-e-type=\"column\">\n\t\t\t<div class=\"elementor-widget-wrap elementor-element-populated\">\n\t\t\t\t\t\t<div class=\"elementor-element elementor-element-399469c elementor-widget elementor-widget-heading\" data-id=\"399469c\" data-element_type=\"widget\" data-e-type=\"widget\" data-widget_type=\"heading.default\">\n\t\t\t\t<div class=\"elementor-widget-container\">\n\t\t\t\t\t<h2 class=\"elementor-heading-title elementor-size-default\">Bildergalerie<\/h2>\t\t\t\t<\/div>\n\t\t\t\t<\/div>\n\t\t\t\t\t<\/div>\n\t\t<\/div>\n\t\t\t\t\t<\/div>\n\t\t<\/section>\n\t\t\t\t<section class=\"elementor-section elementor-top-section elementor-element elementor-element-252737f elementor-section-boxed elementor-section-height-default elementor-section-height-default\" data-id=\"252737f\" data-element_type=\"section\" data-e-type=\"section\" data-settings=\"{&quot;jet_parallax_layout_list&quot;:[]}\">\n\t\t\t\t\t\t<div class=\"elementor-container elementor-column-gap-default\">\n\t\t\t\t\t<div class=\"elementor-column elementor-col-100 elementor-top-column elementor-element elementor-element-c9601c2\" data-id=\"c9601c2\" data-element_type=\"column\" data-e-type=\"column\">\n\t\t\t<div class=\"elementor-widget-wrap elementor-element-populated\">\n\t\t\t\t\t\t<div class=\"elementor-element elementor-element-9ff1828 elementor-widget elementor-widget-heading\" data-id=\"9ff1828\" data-element_type=\"widget\" data-e-type=\"widget\" data-widget_type=\"heading.default\">\n\t\t\t\t<div class=\"elementor-widget-container\">\n\t\t\t\t\t<h2 class=\"elementor-heading-title elementor-size-default\">53. Internationaler Allg\u00e4u Volkslauf 2025<\/h2>\t\t\t\t<\/div>\n\t\t\t\t<\/div>\n\t\t\t\t<div class=\"elementor-element elementor-element-c97f9a9 elementor-widget elementor-widget-heading\" data-id=\"c97f9a9\" data-element_type=\"widget\" data-e-type=\"widget\" data-widget_type=\"heading.default\">\n\t\t\t\t<div class=\"elementor-widget-container\">\n\t\t\t\t\t<h2 class=\"elementor-heading-title elementor-size-default\">Hauptlauf 10km + 5KM<\/h2>\t\t\t\t<\/div>\n\t\t\t\t<\/div>\n\t\t\t\t\t<\/div>\n\t\t<\/div>\n\t\t\t\t\t<\/div>\n\t\t<\/section>\n\t\t\t\t<section class=\"elementor-section elementor-top-section elementor-element elementor-element-c608634 elementor-section-boxed elementor-section-height-default elementor-section-height-default\" data-id=\"c608634\" data-element_type=\"section\" data-e-type=\"section\" data-settings=\"{&quot;jet_parallax_layout_list&quot;:[]}\">\n\t\t\t\t\t\t<div class=\"elementor-container elementor-column-gap-default\">\n\t\t\t\t\t<div class=\"elementor-column elementor-col-100 elementor-top-column elementor-element elementor-element-af8715f\" data-id=\"af8715f\" data-element_type=\"column\" data-e-type=\"column\">\n\t\t\t<div class=\"elementor-widget-wrap elementor-element-populated\">\n\t\t\t\t\t\t<div class=\"elementor-element elementor-element-ee50199 elementor-widget elementor-widget-text-editor\" data-id=\"ee50199\" data-element_type=\"widget\" data-e-type=\"widget\" data-widget_type=\"text-editor.default\">\n\t\t\t\t<div class=\"elementor-widget-container\">\n\t\t\t\t\t\t\t\t\t<p><strong>20.07.2025, Leutkirch-Wilhelmsh\u00f6he. <\/strong><strong>Fotos von Julian Krumb\u00f6ck und Gerd Heine<\/strong><\/p>\t\t\t\t\t\t\t\t<\/div>\n\t\t\t\t<\/div>\n\t\t\t\t\t<\/div>\n\t\t<\/div>\n\t\t\t\t\t<\/div>\n\t\t<\/section>\n\t\t\t\t<section class=\"elementor-section elementor-top-section elementor-element elementor-element-9e35a51 elementor-section-boxed elementor-section-height-default elementor-section-height-default\" data-id=\"9e35a51\" data-element_type=\"section\" data-e-type=\"section\" data-settings=\"{&quot;jet_parallax_layout_list&quot;:[]}\">\n\t\t\t\t\t\t<div class=\"elementor-container elementor-column-gap-default\">\n\t\t\t\t\t<div class=\"elementor-column elementor-col-100 elementor-top-column elementor-element elementor-element-fba4e72\" data-id=\"fba4e72\" data-element_type=\"column\" data-e-type=\"column\">\n\t\t\t<div class=\"elementor-widget-wrap elementor-element-populated\">\n\t\t\t\t\t\t<div class=\"elementor-element elementor-element-5e134d7 elementor-widget elementor-widget-gallery\" data-id=\"5e134d7\" data-element_type=\"widget\" data-e-type=\"widget\" data-settings=\"{&quot;lazyload&quot;:&quot;yes&quot;,&quot;gallery_layout&quot;:&quot;grid&quot;,&quot;columns&quot;:4,&quot;columns_tablet&quot;:2,&quot;columns_mobile&quot;:1,&quot;gap&quot;:{&quot;unit&quot;:&quot;px&quot;,&quot;size&quot;:10,&quot;sizes&quot;:[]},&quot;gap_tablet&quot;:{&quot;unit&quot;:&quot;px&quot;,&quot;size&quot;:10,&quot;sizes&quot;:[]},&quot;gap_mobile&quot;:{&quot;unit&quot;:&quot;px&quot;,&quot;size&quot;:10,&quot;sizes&quot;:[]},&quot;link_to&quot;:&quot;file&quot;,&quot;aspect_ratio&quot;:&quot;3:2&quot;,&quot;overlay_background&quot;:&quot;yes&quot;,&quot;content_hover_animation&quot;:&quot;fade-in&quot;}\" data-widget_type=\"gallery.default\">\n\t\t\t\t<div class=\"elementor-widget-container\">\n\t\t\t\t\t\t\t<div class=\"elementor-gallery__container\">\n\t\t\t\t\t\t\t<a class=\"e-gallery-item elementor-gallery-item elementor-animated-content\" href=\"https:\/\/www.tsg-leutkirch.de\/skilaeuferzunft\/wp-content\/uploads\/sites\/27\/2025\/07\/2025_Volkslauf_GerdHeine_001.jpg\" data-elementor-open-lightbox=\"yes\" data-elementor-lightbox-slideshow=\"5e134d7\" data-elementor-lightbox-title=\"2025_Volkslauf_GerdHeine_001\" data-e-action-hash=\"#elementor-action%3Aaction%3Dlightbox%26settings%3DeyJpZCI6MTIyNDAsInVybCI6Imh0dHBzOlwvXC93d3cudHNnLWxldXRraXJjaC5kZVwvc2tpbGFldWZlcnp1bmZ0XC93cC1jb250ZW50XC91cGxvYWRzXC9zaXRlc1wvMjdcLzIwMjVcLzA3XC8yMDI1X1ZvbGtzbGF1Zl9HZXJkSGVpbmVfMDAxLmpwZyIsInNsaWRlc2hvdyI6IjVlMTM0ZDcifQ%3D%3D\">\n\t\t\t\t\t<div class=\"e-gallery-image elementor-gallery-item__image\" data-thumbnail=\"https:\/\/www.tsg-leutkirch.de\/skilaeuferzunft\/wp-content\/uploads\/sites\/27\/2025\/07\/2025_Volkslauf_GerdHeine_001-300x200.jpg\" data-width=\"300\" data-height=\"200\" aria-label=\"\" role=\"img\" ><\/div>\n\t\t\t\t\t\t\t\t\t\t\t<div class=\"elementor-gallery-item__overlay\"><\/div>\n\t\t\t\t\t\t\t\t\t\t\t\t\t\t<\/a>\n\t\t\t\t\t\t\t<a class=\"e-gallery-item elementor-gallery-item elementor-animated-content\" href=\"https:\/\/www.tsg-leutkirch.de\/skilaeuferzunft\/wp-content\/uploads\/sites\/27\/2025\/07\/2025_Volkslauf_GerdHeine_008.jpg\" data-elementor-open-lightbox=\"yes\" data-elementor-lightbox-slideshow=\"5e134d7\" data-elementor-lightbox-title=\"2025_Volkslauf_GerdHeine_008\" data-e-action-hash=\"#elementor-action%3Aaction%3Dlightbox%26settings%3DeyJpZCI6MTIyNDcsInVybCI6Imh0dHBzOlwvXC93d3cudHNnLWxldXRraXJjaC5kZVwvc2tpbGFldWZlcnp1bmZ0XC93cC1jb250ZW50XC91cGxvYWRzXC9zaXRlc1wvMjdcLzIwMjVcLzA3XC8yMDI1X1ZvbGtzbGF1Zl9HZXJkSGVpbmVfMDA4LmpwZyIsInNsaWRlc2hvdyI6IjVlMTM0ZDcifQ%3D%3D\">\n\t\t\t\t\t<div class=\"e-gallery-image elementor-gallery-item__image\" data-thumbnail=\"https:\/\/www.tsg-leutkirch.de\/skilaeuferzunft\/wp-content\/uploads\/sites\/27\/2025\/07\/2025_Volkslauf_GerdHeine_008-300x200.jpg\" data-width=\"300\" data-height=\"200\" aria-label=\"\" role=\"img\" ><\/div>\n\t\t\t\t\t\t\t\t\t\t\t<div class=\"elementor-gallery-item__overlay\"><\/div>\n\t\t\t\t\t\t\t\t\t\t\t\t\t\t<\/a>\n\t\t\t\t\t\t\t<a class=\"e-gallery-item elementor-gallery-item elementor-animated-content\" href=\"https:\/\/www.tsg-leutkirch.de\/skilaeuferzunft\/wp-content\/uploads\/sites\/27\/2025\/07\/2025_Volkslauf_GerdHeine_010.jpg\" data-elementor-open-lightbox=\"yes\" data-elementor-lightbox-slideshow=\"5e134d7\" data-elementor-lightbox-title=\"2025_Volkslauf_GerdHeine_010\" data-e-action-hash=\"#elementor-action%3Aaction%3Dlightbox%26settings%3DeyJpZCI6MTIyNDksInVybCI6Imh0dHBzOlwvXC93d3cudHNnLWxldXRraXJjaC5kZVwvc2tpbGFldWZlcnp1bmZ0XC93cC1jb250ZW50XC91cGxvYWRzXC9zaXRlc1wvMjdcLzIwMjVcLzA3XC8yMDI1X1ZvbGtzbGF1Zl9HZXJkSGVpbmVfMDEwLmpwZyIsInNsaWRlc2hvdyI6IjVlMTM0ZDcifQ%3D%3D\">\n\t\t\t\t\t<div class=\"e-gallery-image elementor-gallery-item__image\" data-thumbnail=\"https:\/\/www.tsg-leutkirch.de\/skilaeuferzunft\/wp-content\/uploads\/sites\/27\/2025\/07\/2025_Volkslauf_GerdHeine_010-300x200.jpg\" data-width=\"300\" data-height=\"200\" aria-label=\"\" role=\"img\" ><\/div>\n\t\t\t\t\t\t\t\t\t\t\t<div class=\"elementor-gallery-item__overlay\"><\/div>\n\t\t\t\t\t\t\t\t\t\t\t\t\t\t<\/a>\n\t\t\t\t\t\t\t<a class=\"e-gallery-item elementor-gallery-item elementor-animated-content\" href=\"https:\/\/www.tsg-leutkirch.de\/skilaeuferzunft\/wp-content\/uploads\/sites\/27\/2025\/07\/2025_Volkslauf_GerdHeine_009.jpg\" data-elementor-open-lightbox=\"yes\" data-elementor-lightbox-slideshow=\"5e134d7\" data-elementor-lightbox-title=\"2025_Volkslauf_GerdHeine_009\" data-e-action-hash=\"#elementor-action%3Aaction%3Dlightbox%26settings%3DeyJpZCI6MTIyNDgsInVybCI6Imh0dHBzOlwvXC93d3cudHNnLWxldXRraXJjaC5kZVwvc2tpbGFldWZlcnp1bmZ0XC93cC1jb250ZW50XC91cGxvYWRzXC9zaXRlc1wvMjdcLzIwMjVcLzA3XC8yMDI1X1ZvbGtzbGF1Zl9HZXJkSGVpbmVfMDA5LmpwZyIsInNsaWRlc2hvdyI6IjVlMTM0ZDcifQ%3D%3D\">\n\t\t\t\t\t<div class=\"e-gallery-image elementor-gallery-item__image\" data-thumbnail=\"https:\/\/www.tsg-leutkirch.de\/skilaeuferzunft\/wp-content\/uploads\/sites\/27\/2025\/07\/2025_Volkslauf_GerdHeine_009-300x200.jpg\" data-width=\"300\" data-height=\"200\" aria-label=\"\" role=\"img\" ><\/div>\n\t\t\t\t\t\t\t\t\t\t\t<div class=\"elementor-gallery-item__overlay\"><\/div>\n\t\t\t\t\t\t\t\t\t\t\t\t\t\t<\/a>\n\t\t\t\t\t\t\t<a class=\"e-gallery-item elementor-gallery-item elementor-animated-content\" href=\"https:\/\/www.tsg-leutkirch.de\/skilaeuferzunft\/wp-content\/uploads\/sites\/27\/2025\/07\/2025_Volkslauf_GerdHeine_007.jpg\" data-elementor-open-lightbox=\"yes\" data-elementor-lightbox-slideshow=\"5e134d7\" data-elementor-lightbox-title=\"2025_Volkslauf_GerdHeine_007\" data-e-action-hash=\"#elementor-action%3Aaction%3Dlightbox%26settings%3DeyJpZCI6MTIyNDYsInVybCI6Imh0dHBzOlwvXC93d3cudHNnLWxldXRraXJjaC5kZVwvc2tpbGFldWZlcnp1bmZ0XC93cC1jb250ZW50XC91cGxvYWRzXC9zaXRlc1wvMjdcLzIwMjVcLzA3XC8yMDI1X1ZvbGtzbGF1Zl9HZXJkSGVpbmVfMDA3LmpwZyIsInNsaWRlc2hvdyI6IjVlMTM0ZDcifQ%3D%3D\">\n\t\t\t\t\t<div class=\"e-gallery-image elementor-gallery-item__image\" data-thumbnail=\"https:\/\/www.tsg-leutkirch.de\/skilaeuferzunft\/wp-content\/uploads\/sites\/27\/2025\/07\/2025_Volkslauf_GerdHeine_007-300x200.jpg\" data-width=\"300\" data-height=\"200\" aria-label=\"\" role=\"img\" ><\/div>\n\t\t\t\t\t\t\t\t\t\t\t<div class=\"elementor-gallery-item__overlay\"><\/div>\n\t\t\t\t\t\t\t\t\t\t\t\t\t\t<\/a>\n\t\t\t\t\t\t\t<a class=\"e-gallery-item elementor-gallery-item elementor-animated-content\" href=\"https:\/\/www.tsg-leutkirch.de\/skilaeuferzunft\/wp-content\/uploads\/sites\/27\/2025\/07\/2025_Volkslauf_GerdHeine_006.jpg\" data-elementor-open-lightbox=\"yes\" data-elementor-lightbox-slideshow=\"5e134d7\" data-elementor-lightbox-title=\"2025_Volkslauf_GerdHeine_006\" data-e-action-hash=\"#elementor-action%3Aaction%3Dlightbox%26settings%3DeyJpZCI6MTIyNDUsInVybCI6Imh0dHBzOlwvXC93d3cudHNnLWxldXRraXJjaC5kZVwvc2tpbGFldWZlcnp1bmZ0XC93cC1jb250ZW50XC91cGxvYWRzXC9zaXRlc1wvMjdcLzIwMjVcLzA3XC8yMDI1X1ZvbGtzbGF1Zl9HZXJkSGVpbmVfMDA2LmpwZyIsInNsaWRlc2hvdyI6IjVlMTM0ZDcifQ%3D%3D\">\n\t\t\t\t\t<div class=\"e-gallery-image elementor-gallery-item__image\" data-thumbnail=\"https:\/\/www.tsg-leutkirch.de\/skilaeuferzunft\/wp-content\/uploads\/sites\/27\/2025\/07\/2025_Volkslauf_GerdHeine_006-300x200.jpg\" data-width=\"300\" data-height=\"200\" aria-label=\"\" role=\"img\" ><\/div>\n\t\t\t\t\t\t\t\t\t\t\t<div class=\"elementor-gallery-item__overlay\"><\/div>\n\t\t\t\t\t\t\t\t\t\t\t\t\t\t<\/a>\n\t\t\t\t\t\t\t<a class=\"e-gallery-item elementor-gallery-item elementor-animated-content\" href=\"https:\/\/www.tsg-leutkirch.de\/skilaeuferzunft\/wp-content\/uploads\/sites\/27\/2025\/07\/2025_Volkslauf_GerdHeine_005.jpg\" data-elementor-open-lightbox=\"yes\" data-elementor-lightbox-slideshow=\"5e134d7\" data-elementor-lightbox-title=\"2025_Volkslauf_GerdHeine_005\" data-e-action-hash=\"#elementor-action%3Aaction%3Dlightbox%26settings%3DeyJpZCI6MTIyNDQsInVybCI6Imh0dHBzOlwvXC93d3cudHNnLWxldXRraXJjaC5kZVwvc2tpbGFldWZlcnp1bmZ0XC93cC1jb250ZW50XC91cGxvYWRzXC9zaXRlc1wvMjdcLzIwMjVcLzA3XC8yMDI1X1ZvbGtzbGF1Zl9HZXJkSGVpbmVfMDA1LmpwZyIsInNsaWRlc2hvdyI6IjVlMTM0ZDcifQ%3D%3D\">\n\t\t\t\t\t<div class=\"e-gallery-image elementor-gallery-item__image\" data-thumbnail=\"https:\/\/www.tsg-leutkirch.de\/skilaeuferzunft\/wp-content\/uploads\/sites\/27\/2025\/07\/2025_Volkslauf_GerdHeine_005-300x200.jpg\" data-width=\"300\" data-height=\"200\" aria-label=\"\" role=\"img\" ><\/div>\n\t\t\t\t\t\t\t\t\t\t\t<div class=\"elementor-gallery-item__overlay\"><\/div>\n\t\t\t\t\t\t\t\t\t\t\t\t\t\t<\/a>\n\t\t\t\t\t\t\t<a class=\"e-gallery-item elementor-gallery-item elementor-animated-content\" href=\"https:\/\/www.tsg-leutkirch.de\/skilaeuferzunft\/wp-content\/uploads\/sites\/27\/2025\/07\/2025_Volkslauf_GerdHeine_004.jpg\" data-elementor-open-lightbox=\"yes\" data-elementor-lightbox-slideshow=\"5e134d7\" data-elementor-lightbox-title=\"2025_Volkslauf_GerdHeine_004\" data-e-action-hash=\"#elementor-action%3Aaction%3Dlightbox%26settings%3DeyJpZCI6MTIyNDMsInVybCI6Imh0dHBzOlwvXC93d3cudHNnLWxldXRraXJjaC5kZVwvc2tpbGFldWZlcnp1bmZ0XC93cC1jb250ZW50XC91cGxvYWRzXC9zaXRlc1wvMjdcLzIwMjVcLzA3XC8yMDI1X1ZvbGtzbGF1Zl9HZXJkSGVpbmVfMDA0LmpwZyIsInNsaWRlc2hvdyI6IjVlMTM0ZDcifQ%3D%3D\">\n\t\t\t\t\t<div class=\"e-gallery-image elementor-gallery-item__image\" data-thumbnail=\"https:\/\/www.tsg-leutkirch.de\/skilaeuferzunft\/wp-content\/uploads\/sites\/27\/2025\/07\/2025_Volkslauf_GerdHeine_004-300x200.jpg\" data-width=\"300\" data-height=\"200\" aria-label=\"\" role=\"img\" ><\/div>\n\t\t\t\t\t\t\t\t\t\t\t<div class=\"elementor-gallery-item__overlay\"><\/div>\n\t\t\t\t\t\t\t\t\t\t\t\t\t\t<\/a>\n\t\t\t\t\t\t\t<a class=\"e-gallery-item elementor-gallery-item elementor-animated-content\" href=\"https:\/\/www.tsg-leutkirch.de\/skilaeuferzunft\/wp-content\/uploads\/sites\/27\/2025\/07\/2025_Volkslauf_GerdHeine_003.jpg\" data-elementor-open-lightbox=\"yes\" data-elementor-lightbox-slideshow=\"5e134d7\" data-elementor-lightbox-title=\"2025_Volkslauf_GerdHeine_003\" data-e-action-hash=\"#elementor-action%3Aaction%3Dlightbox%26settings%3DeyJpZCI6MTIyNDIsInVybCI6Imh0dHBzOlwvXC93d3cudHNnLWxldXRraXJjaC5kZVwvc2tpbGFldWZlcnp1bmZ0XC93cC1jb250ZW50XC91cGxvYWRzXC9zaXRlc1wvMjdcLzIwMjVcLzA3XC8yMDI1X1ZvbGtzbGF1Zl9HZXJkSGVpbmVfMDAzLmpwZyIsInNsaWRlc2hvdyI6IjVlMTM0ZDcifQ%3D%3D\">\n\t\t\t\t\t<div class=\"e-gallery-image elementor-gallery-item__image\" data-thumbnail=\"https:\/\/www.tsg-leutkirch.de\/skilaeuferzunft\/wp-content\/uploads\/sites\/27\/2025\/07\/2025_Volkslauf_GerdHeine_003-300x200.jpg\" data-width=\"300\" data-height=\"200\" aria-label=\"\" role=\"img\" ><\/div>\n\t\t\t\t\t\t\t\t\t\t\t<div class=\"elementor-gallery-item__overlay\"><\/div>\n\t\t\t\t\t\t\t\t\t\t\t\t\t\t<\/a>\n\t\t\t\t\t\t\t<a class=\"e-gallery-item elementor-gallery-item elementor-animated-content\" href=\"https:\/\/www.tsg-leutkirch.de\/skilaeuferzunft\/wp-content\/uploads\/sites\/27\/2025\/07\/2025_Volkslauf_GerdHeine_002.jpg\" data-elementor-open-lightbox=\"yes\" data-elementor-lightbox-slideshow=\"5e134d7\" data-elementor-lightbox-title=\"2025_Volkslauf_GerdHeine_002\" data-e-action-hash=\"#elementor-action%3Aaction%3Dlightbox%26settings%3DeyJpZCI6MTIyNDEsInVybCI6Imh0dHBzOlwvXC93d3cudHNnLWxldXRraXJjaC5kZVwvc2tpbGFldWZlcnp1bmZ0XC93cC1jb250ZW50XC91cGxvYWRzXC9zaXRlc1wvMjdcLzIwMjVcLzA3XC8yMDI1X1ZvbGtzbGF1Zl9HZXJkSGVpbmVfMDAyLmpwZyIsInNsaWRlc2hvdyI6IjVlMTM0ZDcifQ%3D%3D\">\n\t\t\t\t\t<div class=\"e-gallery-image elementor-gallery-item__image\" data-thumbnail=\"https:\/\/www.tsg-leutkirch.de\/skilaeuferzunft\/wp-content\/uploads\/sites\/27\/2025\/07\/2025_Volkslauf_GerdHeine_002-300x200.jpg\" data-width=\"300\" data-height=\"200\" aria-label=\"\" role=\"img\" ><\/div>\n\t\t\t\t\t\t\t\t\t\t\t<div class=\"elementor-gallery-item__overlay\"><\/div>\n\t\t\t\t\t\t\t\t\t\t\t\t\t\t<\/a>\n\t\t\t\t\t\t\t<a class=\"e-gallery-item elementor-gallery-item elementor-animated-content\" href=\"https:\/\/www.tsg-leutkirch.de\/skilaeuferzunft\/wp-content\/uploads\/sites\/27\/2025\/07\/2025_Volkslauf_JulianKrumboeck_067.jpg\" data-elementor-open-lightbox=\"yes\" data-elementor-lightbox-slideshow=\"5e134d7\" data-elementor-lightbox-title=\"2025_Volkslauf_JulianKrumboeck_067\" data-e-action-hash=\"#elementor-action%3Aaction%3Dlightbox%26settings%3DeyJpZCI6MTIzMjksInVybCI6Imh0dHBzOlwvXC93d3cudHNnLWxldXRraXJjaC5kZVwvc2tpbGFldWZlcnp1bmZ0XC93cC1jb250ZW50XC91cGxvYWRzXC9zaXRlc1wvMjdcLzIwMjVcLzA3XC8yMDI1X1ZvbGtzbGF1Zl9KdWxpYW5LcnVtYm9lY2tfMDY3LmpwZyIsInNsaWRlc2hvdyI6IjVlMTM0ZDcifQ%3D%3D\">\n\t\t\t\t\t<div class=\"e-gallery-image elementor-gallery-item__image\" data-thumbnail=\"https:\/\/www.tsg-leutkirch.de\/skilaeuferzunft\/wp-content\/uploads\/sites\/27\/2025\/07\/2025_Volkslauf_JulianKrumboeck_067-300x200.jpg\" data-width=\"300\" data-height=\"200\" aria-label=\"\" role=\"img\" ><\/div>\n\t\t\t\t\t\t\t\t\t\t\t<div class=\"elementor-gallery-item__overlay\"><\/div>\n\t\t\t\t\t\t\t\t\t\t\t\t\t\t<\/a>\n\t\t\t\t\t\t\t<a class=\"e-gallery-item elementor-gallery-item elementor-animated-content\" href=\"https:\/\/www.tsg-leutkirch.de\/skilaeuferzunft\/wp-content\/uploads\/sites\/27\/2025\/07\/2025_Volkslauf_JulianKrumboeck_066.jpg\" data-elementor-open-lightbox=\"yes\" data-elementor-lightbox-slideshow=\"5e134d7\" data-elementor-lightbox-title=\"2025_Volkslauf_JulianKrumboeck_066\" data-e-action-hash=\"#elementor-action%3Aaction%3Dlightbox%26settings%3DeyJpZCI6MTIzMjgsInVybCI6Imh0dHBzOlwvXC93d3cudHNnLWxldXRraXJjaC5kZVwvc2tpbGFldWZlcnp1bmZ0XC93cC1jb250ZW50XC91cGxvYWRzXC9zaXRlc1wvMjdcLzIwMjVcLzA3XC8yMDI1X1ZvbGtzbGF1Zl9KdWxpYW5LcnVtYm9lY2tfMDY2LmpwZyIsInNsaWRlc2hvdyI6IjVlMTM0ZDcifQ%3D%3D\">\n\t\t\t\t\t<div class=\"e-gallery-image elementor-gallery-item__image\" data-thumbnail=\"https:\/\/www.tsg-leutkirch.de\/skilaeuferzunft\/wp-content\/uploads\/sites\/27\/2025\/07\/2025_Volkslauf_JulianKrumboeck_066-300x200.jpg\" data-width=\"300\" data-height=\"200\" aria-label=\"\" role=\"img\" ><\/div>\n\t\t\t\t\t\t\t\t\t\t\t<div class=\"elementor-gallery-item__overlay\"><\/div>\n\t\t\t\t\t\t\t\t\t\t\t\t\t\t<\/a>\n\t\t\t\t\t\t\t<a class=\"e-gallery-item elementor-gallery-item elementor-animated-content\" href=\"https:\/\/www.tsg-leutkirch.de\/skilaeuferzunft\/wp-content\/uploads\/sites\/27\/2025\/07\/2025_Volkslauf_JulianKrumboeck_065.jpg\" data-elementor-open-lightbox=\"yes\" data-elementor-lightbox-slideshow=\"5e134d7\" data-elementor-lightbox-title=\"2025_Volkslauf_JulianKrumboeck_065\" data-e-action-hash=\"#elementor-action%3Aaction%3Dlightbox%26settings%3DeyJpZCI6MTIzMjcsInVybCI6Imh0dHBzOlwvXC93d3cudHNnLWxldXRraXJjaC5kZVwvc2tpbGFldWZlcnp1bmZ0XC93cC1jb250ZW50XC91cGxvYWRzXC9zaXRlc1wvMjdcLzIwMjVcLzA3XC8yMDI1X1ZvbGtzbGF1Zl9KdWxpYW5LcnVtYm9lY2tfMDY1LmpwZyIsInNsaWRlc2hvdyI6IjVlMTM0ZDcifQ%3D%3D\">\n\t\t\t\t\t<div class=\"e-gallery-image elementor-gallery-item__image\" data-thumbnail=\"https:\/\/www.tsg-leutkirch.de\/skilaeuferzunft\/wp-content\/uploads\/sites\/27\/2025\/07\/2025_Volkslauf_JulianKrumboeck_065-300x200.jpg\" data-width=\"300\" data-height=\"200\" aria-label=\"\" role=\"img\" ><\/div>\n\t\t\t\t\t\t\t\t\t\t\t<div class=\"elementor-gallery-item__overlay\"><\/div>\n\t\t\t\t\t\t\t\t\t\t\t\t\t\t<\/a>\n\t\t\t\t\t\t\t<a class=\"e-gallery-item elementor-gallery-item elementor-animated-content\" href=\"https:\/\/www.tsg-leutkirch.de\/skilaeuferzunft\/wp-content\/uploads\/sites\/27\/2025\/07\/2025_Volkslauf_JulianKrumboeck_064.jpg\" data-elementor-open-lightbox=\"yes\" data-elementor-lightbox-slideshow=\"5e134d7\" data-elementor-lightbox-title=\"2025_Volkslauf_JulianKrumboeck_064\" data-e-action-hash=\"#elementor-action%3Aaction%3Dlightbox%26settings%3DeyJpZCI6MTIzMjYsInVybCI6Imh0dHBzOlwvXC93d3cudHNnLWxldXRraXJjaC5kZVwvc2tpbGFldWZlcnp1bmZ0XC93cC1jb250ZW50XC91cGxvYWRzXC9zaXRlc1wvMjdcLzIwMjVcLzA3XC8yMDI1X1ZvbGtzbGF1Zl9KdWxpYW5LcnVtYm9lY2tfMDY0LmpwZyIsInNsaWRlc2hvdyI6IjVlMTM0ZDcifQ%3D%3D\">\n\t\t\t\t\t<div class=\"e-gallery-image elementor-gallery-item__image\" data-thumbnail=\"https:\/\/www.tsg-leutkirch.de\/skilaeuferzunft\/wp-content\/uploads\/sites\/27\/2025\/07\/2025_Volkslauf_JulianKrumboeck_064-300x200.jpg\" data-width=\"300\" data-height=\"200\" aria-label=\"\" role=\"img\" ><\/div>\n\t\t\t\t\t\t\t\t\t\t\t<div class=\"elementor-gallery-item__overlay\"><\/div>\n\t\t\t\t\t\t\t\t\t\t\t\t\t\t<\/a>\n\t\t\t\t\t\t\t<a class=\"e-gallery-item elementor-gallery-item elementor-animated-content\" href=\"https:\/\/www.tsg-leutkirch.de\/skilaeuferzunft\/wp-content\/uploads\/sites\/27\/2025\/07\/2025_Volkslauf_JulianKrumboeck_063.jpg\" data-elementor-open-lightbox=\"yes\" data-elementor-lightbox-slideshow=\"5e134d7\" data-elementor-lightbox-title=\"2025_Volkslauf_JulianKrumboeck_063\" data-e-action-hash=\"#elementor-action%3Aaction%3Dlightbox%26settings%3DeyJpZCI6MTIzMjUsInVybCI6Imh0dHBzOlwvXC93d3cudHNnLWxldXRraXJjaC5kZVwvc2tpbGFldWZlcnp1bmZ0XC93cC1jb250ZW50XC91cGxvYWRzXC9zaXRlc1wvMjdcLzIwMjVcLzA3XC8yMDI1X1ZvbGtzbGF1Zl9KdWxpYW5LcnVtYm9lY2tfMDYzLmpwZyIsInNsaWRlc2hvdyI6IjVlMTM0ZDcifQ%3D%3D\">\n\t\t\t\t\t<div class=\"e-gallery-image elementor-gallery-item__image\" data-thumbnail=\"https:\/\/www.tsg-leutkirch.de\/skilaeuferzunft\/wp-content\/uploads\/sites\/27\/2025\/07\/2025_Volkslauf_JulianKrumboeck_063-300x200.jpg\" data-width=\"300\" data-height=\"200\" aria-label=\"\" role=\"img\" ><\/div>\n\t\t\t\t\t\t\t\t\t\t\t<div class=\"elementor-gallery-item__overlay\"><\/div>\n\t\t\t\t\t\t\t\t\t\t\t\t\t\t<\/a>\n\t\t\t\t\t\t\t<a class=\"e-gallery-item elementor-gallery-item elementor-animated-content\" href=\"https:\/\/www.tsg-leutkirch.de\/skilaeuferzunft\/wp-content\/uploads\/sites\/27\/2025\/07\/2025_Volkslauf_JulianKrumboeck_062.jpg\" data-elementor-open-lightbox=\"yes\" data-elementor-lightbox-slideshow=\"5e134d7\" data-elementor-lightbox-title=\"2025_Volkslauf_JulianKrumboeck_062\" data-e-action-hash=\"#elementor-action%3Aaction%3Dlightbox%26settings%3DeyJpZCI6MTIzMjQsInVybCI6Imh0dHBzOlwvXC93d3cudHNnLWxldXRraXJjaC5kZVwvc2tpbGFldWZlcnp1bmZ0XC93cC1jb250ZW50XC91cGxvYWRzXC9zaXRlc1wvMjdcLzIwMjVcLzA3XC8yMDI1X1ZvbGtzbGF1Zl9KdWxpYW5LcnVtYm9lY2tfMDYyLmpwZyIsInNsaWRlc2hvdyI6IjVlMTM0ZDcifQ%3D%3D\">\n\t\t\t\t\t<div class=\"e-gallery-image elementor-gallery-item__image\" data-thumbnail=\"https:\/\/www.tsg-leutkirch.de\/skilaeuferzunft\/wp-content\/uploads\/sites\/27\/2025\/07\/2025_Volkslauf_JulianKrumboeck_062-300x200.jpg\" data-width=\"300\" data-height=\"200\" aria-label=\"\" role=\"img\" ><\/div>\n\t\t\t\t\t\t\t\t\t\t\t<div class=\"elementor-gallery-item__overlay\"><\/div>\n\t\t\t\t\t\t\t\t\t\t\t\t\t\t<\/a>\n\t\t\t\t\t\t\t<a class=\"e-gallery-item elementor-gallery-item elementor-animated-content\" href=\"https:\/\/www.tsg-leutkirch.de\/skilaeuferzunft\/wp-content\/uploads\/sites\/27\/2025\/07\/2025_Volkslauf_JulianKrumboeck_061.jpg\" data-elementor-open-lightbox=\"yes\" data-elementor-lightbox-slideshow=\"5e134d7\" data-elementor-lightbox-title=\"2025_Volkslauf_JulianKrumboeck_061\" data-e-action-hash=\"#elementor-action%3Aaction%3Dlightbox%26settings%3DeyJpZCI6MTIzMjMsInVybCI6Imh0dHBzOlwvXC93d3cudHNnLWxldXRraXJjaC5kZVwvc2tpbGFldWZlcnp1bmZ0XC93cC1jb250ZW50XC91cGxvYWRzXC9zaXRlc1wvMjdcLzIwMjVcLzA3XC8yMDI1X1ZvbGtzbGF1Zl9KdWxpYW5LcnVtYm9lY2tfMDYxLmpwZyIsInNsaWRlc2hvdyI6IjVlMTM0ZDcifQ%3D%3D\">\n\t\t\t\t\t<div class=\"e-gallery-image elementor-gallery-item__image\" data-thumbnail=\"https:\/\/www.tsg-leutkirch.de\/skilaeuferzunft\/wp-content\/uploads\/sites\/27\/2025\/07\/2025_Volkslauf_JulianKrumboeck_061-300x200.jpg\" data-width=\"300\" data-height=\"200\" aria-label=\"\" role=\"img\" ><\/div>\n\t\t\t\t\t\t\t\t\t\t\t<div class=\"elementor-gallery-item__overlay\"><\/div>\n\t\t\t\t\t\t\t\t\t\t\t\t\t\t<\/a>\n\t\t\t\t\t\t\t<a class=\"e-gallery-item elementor-gallery-item elementor-animated-content\" href=\"https:\/\/www.tsg-leutkirch.de\/skilaeuferzunft\/wp-content\/uploads\/sites\/27\/2025\/07\/2025_Volkslauf_JulianKrumboeck_060.jpg\" data-elementor-open-lightbox=\"yes\" data-elementor-lightbox-slideshow=\"5e134d7\" data-elementor-lightbox-title=\"2025_Volkslauf_JulianKrumboeck_060\" data-e-action-hash=\"#elementor-action%3Aaction%3Dlightbox%26settings%3DeyJpZCI6MTIzMjIsInVybCI6Imh0dHBzOlwvXC93d3cudHNnLWxldXRraXJjaC5kZVwvc2tpbGFldWZlcnp1bmZ0XC93cC1jb250ZW50XC91cGxvYWRzXC9zaXRlc1wvMjdcLzIwMjVcLzA3XC8yMDI1X1ZvbGtzbGF1Zl9KdWxpYW5LcnVtYm9lY2tfMDYwLmpwZyIsInNsaWRlc2hvdyI6IjVlMTM0ZDcifQ%3D%3D\">\n\t\t\t\t\t<div class=\"e-gallery-image elementor-gallery-item__image\" data-thumbnail=\"https:\/\/www.tsg-leutkirch.de\/skilaeuferzunft\/wp-content\/uploads\/sites\/27\/2025\/07\/2025_Volkslauf_JulianKrumboeck_060-300x200.jpg\" data-width=\"300\" data-height=\"200\" aria-label=\"\" role=\"img\" ><\/div>\n\t\t\t\t\t\t\t\t\t\t\t<div class=\"elementor-gallery-item__overlay\"><\/div>\n\t\t\t\t\t\t\t\t\t\t\t\t\t\t<\/a>\n\t\t\t\t\t\t\t<a class=\"e-gallery-item elementor-gallery-item elementor-animated-content\" href=\"https:\/\/www.tsg-leutkirch.de\/skilaeuferzunft\/wp-content\/uploads\/sites\/27\/2025\/07\/2025_Volkslauf_JulianKrumboeck_059.jpg\" data-elementor-open-lightbox=\"yes\" data-elementor-lightbox-slideshow=\"5e134d7\" data-elementor-lightbox-title=\"2025_Volkslauf_JulianKrumboeck_059\" data-e-action-hash=\"#elementor-action%3Aaction%3Dlightbox%26settings%3DeyJpZCI6MTIzMjEsInVybCI6Imh0dHBzOlwvXC93d3cudHNnLWxldXRraXJjaC5kZVwvc2tpbGFldWZlcnp1bmZ0XC93cC1jb250ZW50XC91cGxvYWRzXC9zaXRlc1wvMjdcLzIwMjVcLzA3XC8yMDI1X1ZvbGtzbGF1Zl9KdWxpYW5LcnVtYm9lY2tfMDU5LmpwZyIsInNsaWRlc2hvdyI6IjVlMTM0ZDcifQ%3D%3D\">\n\t\t\t\t\t<div class=\"e-gallery-image elementor-gallery-item__image\" data-thumbnail=\"https:\/\/www.tsg-leutkirch.de\/skilaeuferzunft\/wp-content\/uploads\/sites\/27\/2025\/07\/2025_Volkslauf_JulianKrumboeck_059-300x200.jpg\" data-width=\"300\" data-height=\"200\" aria-label=\"\" role=\"img\" ><\/div>\n\t\t\t\t\t\t\t\t\t\t\t<div class=\"elementor-gallery-item__overlay\"><\/div>\n\t\t\t\t\t\t\t\t\t\t\t\t\t\t<\/a>\n\t\t\t\t\t\t\t<a class=\"e-gallery-item elementor-gallery-item elementor-animated-content\" href=\"https:\/\/www.tsg-leutkirch.de\/skilaeuferzunft\/wp-content\/uploads\/sites\/27\/2025\/07\/2025_Volkslauf_JulianKrumboeck_058.jpg\" data-elementor-open-lightbox=\"yes\" data-elementor-lightbox-slideshow=\"5e134d7\" data-elementor-lightbox-title=\"2025_Volkslauf_JulianKrumboeck_058\" data-e-action-hash=\"#elementor-action%3Aaction%3Dlightbox%26settings%3DeyJpZCI6MTIzMjAsInVybCI6Imh0dHBzOlwvXC93d3cudHNnLWxldXRraXJjaC5kZVwvc2tpbGFldWZlcnp1bmZ0XC93cC1jb250ZW50XC91cGxvYWRzXC9zaXRlc1wvMjdcLzIwMjVcLzA3XC8yMDI1X1ZvbGtzbGF1Zl9KdWxpYW5LcnVtYm9lY2tfMDU4LmpwZyIsInNsaWRlc2hvdyI6IjVlMTM0ZDcifQ%3D%3D\">\n\t\t\t\t\t<div class=\"e-gallery-image elementor-gallery-item__image\" data-thumbnail=\"https:\/\/www.tsg-leutkirch.de\/skilaeuferzunft\/wp-content\/uploads\/sites\/27\/2025\/07\/2025_Volkslauf_JulianKrumboeck_058-300x200.jpg\" data-width=\"300\" data-height=\"200\" aria-label=\"\" role=\"img\" ><\/div>\n\t\t\t\t\t\t\t\t\t\t\t<div class=\"elementor-gallery-item__overlay\"><\/div>\n\t\t\t\t\t\t\t\t\t\t\t\t\t\t<\/a>\n\t\t\t\t\t\t\t<a class=\"e-gallery-item elementor-gallery-item elementor-animated-content\" href=\"https:\/\/www.tsg-leutkirch.de\/skilaeuferzunft\/wp-content\/uploads\/sites\/27\/2025\/07\/2025_Volkslauf_JulianKrumboeck_057.jpg\" data-elementor-open-lightbox=\"yes\" data-elementor-lightbox-slideshow=\"5e134d7\" data-elementor-lightbox-title=\"2025_Volkslauf_JulianKrumboeck_057\" data-e-action-hash=\"#elementor-action%3Aaction%3Dlightbox%26settings%3DeyJpZCI6MTIzMTksInVybCI6Imh0dHBzOlwvXC93d3cudHNnLWxldXRraXJjaC5kZVwvc2tpbGFldWZlcnp1bmZ0XC93cC1jb250ZW50XC91cGxvYWRzXC9zaXRlc1wvMjdcLzIwMjVcLzA3XC8yMDI1X1ZvbGtzbGF1Zl9KdWxpYW5LcnVtYm9lY2tfMDU3LmpwZyIsInNsaWRlc2hvdyI6IjVlMTM0ZDcifQ%3D%3D\">\n\t\t\t\t\t<div class=\"e-gallery-image elementor-gallery-item__image\" data-thumbnail=\"https:\/\/www.tsg-leutkirch.de\/skilaeuferzunft\/wp-content\/uploads\/sites\/27\/2025\/07\/2025_Volkslauf_JulianKrumboeck_057-300x200.jpg\" data-width=\"300\" data-height=\"200\" aria-label=\"\" role=\"img\" ><\/div>\n\t\t\t\t\t\t\t\t\t\t\t<div class=\"elementor-gallery-item__overlay\"><\/div>\n\t\t\t\t\t\t\t\t\t\t\t\t\t\t<\/a>\n\t\t\t\t\t\t\t<a class=\"e-gallery-item elementor-gallery-item elementor-animated-content\" href=\"https:\/\/www.tsg-leutkirch.de\/skilaeuferzunft\/wp-content\/uploads\/sites\/27\/2025\/07\/2025_Volkslauf_JulianKrumboeck_056.jpg\" data-elementor-open-lightbox=\"yes\" data-elementor-lightbox-slideshow=\"5e134d7\" data-elementor-lightbox-title=\"2025_Volkslauf_JulianKrumboeck_056\" data-e-action-hash=\"#elementor-action%3Aaction%3Dlightbox%26settings%3DeyJpZCI6MTIzMTgsInVybCI6Imh0dHBzOlwvXC93d3cudHNnLWxldXRraXJjaC5kZVwvc2tpbGFldWZlcnp1bmZ0XC93cC1jb250ZW50XC91cGxvYWRzXC9zaXRlc1wvMjdcLzIwMjVcLzA3XC8yMDI1X1ZvbGtzbGF1Zl9KdWxpYW5LcnVtYm9lY2tfMDU2LmpwZyIsInNsaWRlc2hvdyI6IjVlMTM0ZDcifQ%3D%3D\">\n\t\t\t\t\t<div class=\"e-gallery-image elementor-gallery-item__image\" data-thumbnail=\"https:\/\/www.tsg-leutkirch.de\/skilaeuferzunft\/wp-content\/uploads\/sites\/27\/2025\/07\/2025_Volkslauf_JulianKrumboeck_056-300x200.jpg\" data-width=\"300\" data-height=\"200\" aria-label=\"\" role=\"img\" ><\/div>\n\t\t\t\t\t\t\t\t\t\t\t<div class=\"elementor-gallery-item__overlay\"><\/div>\n\t\t\t\t\t\t\t\t\t\t\t\t\t\t<\/a>\n\t\t\t\t\t\t\t<a class=\"e-gallery-item elementor-gallery-item elementor-animated-content\" href=\"https:\/\/www.tsg-leutkirch.de\/skilaeuferzunft\/wp-content\/uploads\/sites\/27\/2025\/07\/2025_Volkslauf_JulianKrumboeck_055.jpg\" data-elementor-open-lightbox=\"yes\" data-elementor-lightbox-slideshow=\"5e134d7\" data-elementor-lightbox-title=\"2025_Volkslauf_JulianKrumboeck_055\" data-e-action-hash=\"#elementor-action%3Aaction%3Dlightbox%26settings%3DeyJpZCI6MTIzMTcsInVybCI6Imh0dHBzOlwvXC93d3cudHNnLWxldXRraXJjaC5kZVwvc2tpbGFldWZlcnp1bmZ0XC93cC1jb250ZW50XC91cGxvYWRzXC9zaXRlc1wvMjdcLzIwMjVcLzA3XC8yMDI1X1ZvbGtzbGF1Zl9KdWxpYW5LcnVtYm9lY2tfMDU1LmpwZyIsInNsaWRlc2hvdyI6IjVlMTM0ZDcifQ%3D%3D\">\n\t\t\t\t\t<div class=\"e-gallery-image elementor-gallery-item__image\" data-thumbnail=\"https:\/\/www.tsg-leutkirch.de\/skilaeuferzunft\/wp-content\/uploads\/sites\/27\/2025\/07\/2025_Volkslauf_JulianKrumboeck_055-300x200.jpg\" data-width=\"300\" data-height=\"200\" aria-label=\"\" role=\"img\" ><\/div>\n\t\t\t\t\t\t\t\t\t\t\t<div class=\"elementor-gallery-item__overlay\"><\/div>\n\t\t\t\t\t\t\t\t\t\t\t\t\t\t<\/a>\n\t\t\t\t\t\t\t<a class=\"e-gallery-item elementor-gallery-item elementor-animated-content\" href=\"https:\/\/www.tsg-leutkirch.de\/skilaeuferzunft\/wp-content\/uploads\/sites\/27\/2025\/07\/2025_Volkslauf_JulianKrumboeck_054.jpg\" data-elementor-open-lightbox=\"yes\" data-elementor-lightbox-slideshow=\"5e134d7\" data-elementor-lightbox-title=\"2025_Volkslauf_JulianKrumboeck_054\" data-e-action-hash=\"#elementor-action%3Aaction%3Dlightbox%26settings%3DeyJpZCI6MTIzMTYsInVybCI6Imh0dHBzOlwvXC93d3cudHNnLWxldXRraXJjaC5kZVwvc2tpbGFldWZlcnp1bmZ0XC93cC1jb250ZW50XC91cGxvYWRzXC9zaXRlc1wvMjdcLzIwMjVcLzA3XC8yMDI1X1ZvbGtzbGF1Zl9KdWxpYW5LcnVtYm9lY2tfMDU0LmpwZyIsInNsaWRlc2hvdyI6IjVlMTM0ZDcifQ%3D%3D\">\n\t\t\t\t\t<div class=\"e-gallery-image elementor-gallery-item__image\" data-thumbnail=\"https:\/\/www.tsg-leutkirch.de\/skilaeuferzunft\/wp-content\/uploads\/sites\/27\/2025\/07\/2025_Volkslauf_JulianKrumboeck_054-300x200.jpg\" data-width=\"300\" data-height=\"200\" aria-label=\"\" role=\"img\" ><\/div>\n\t\t\t\t\t\t\t\t\t\t\t<div class=\"elementor-gallery-item__overlay\"><\/div>\n\t\t\t\t\t\t\t\t\t\t\t\t\t\t<\/a>\n\t\t\t\t\t\t\t<a class=\"e-gallery-item elementor-gallery-item elementor-animated-content\" href=\"https:\/\/www.tsg-leutkirch.de\/skilaeuferzunft\/wp-content\/uploads\/sites\/27\/2025\/07\/2025_Volkslauf_JulianKrumboeck_053.jpg\" data-elementor-open-lightbox=\"yes\" data-elementor-lightbox-slideshow=\"5e134d7\" data-elementor-lightbox-title=\"2025_Volkslauf_JulianKrumboeck_053\" data-e-action-hash=\"#elementor-action%3Aaction%3Dlightbox%26settings%3DeyJpZCI6MTIzMTUsInVybCI6Imh0dHBzOlwvXC93d3cudHNnLWxldXRraXJjaC5kZVwvc2tpbGFldWZlcnp1bmZ0XC93cC1jb250ZW50XC91cGxvYWRzXC9zaXRlc1wvMjdcLzIwMjVcLzA3XC8yMDI1X1ZvbGtzbGF1Zl9KdWxpYW5LcnVtYm9lY2tfMDUzLmpwZyIsInNsaWRlc2hvdyI6IjVlMTM0ZDcifQ%3D%3D\">\n\t\t\t\t\t<div class=\"e-gallery-image elementor-gallery-item__image\" data-thumbnail=\"https:\/\/www.tsg-leutkirch.de\/skilaeuferzunft\/wp-content\/uploads\/sites\/27\/2025\/07\/2025_Volkslauf_JulianKrumboeck_053-300x200.jpg\" data-width=\"300\" data-height=\"200\" aria-label=\"\" role=\"img\" ><\/div>\n\t\t\t\t\t\t\t\t\t\t\t<div class=\"elementor-gallery-item__overlay\"><\/div>\n\t\t\t\t\t\t\t\t\t\t\t\t\t\t<\/a>\n\t\t\t\t\t\t\t<a class=\"e-gallery-item elementor-gallery-item elementor-animated-content\" href=\"https:\/\/www.tsg-leutkirch.de\/skilaeuferzunft\/wp-content\/uploads\/sites\/27\/2025\/07\/2025_Volkslauf_JulianKrumboeck_052.jpg\" data-elementor-open-lightbox=\"yes\" data-elementor-lightbox-slideshow=\"5e134d7\" data-elementor-lightbox-title=\"2025_Volkslauf_JulianKrumboeck_052\" data-e-action-hash=\"#elementor-action%3Aaction%3Dlightbox%26settings%3DeyJpZCI6MTIzMTQsInVybCI6Imh0dHBzOlwvXC93d3cudHNnLWxldXRraXJjaC5kZVwvc2tpbGFldWZlcnp1bmZ0XC93cC1jb250ZW50XC91cGxvYWRzXC9zaXRlc1wvMjdcLzIwMjVcLzA3XC8yMDI1X1ZvbGtzbGF1Zl9KdWxpYW5LcnVtYm9lY2tfMDUyLmpwZyIsInNsaWRlc2hvdyI6IjVlMTM0ZDcifQ%3D%3D\">\n\t\t\t\t\t<div class=\"e-gallery-image elementor-gallery-item__image\" data-thumbnail=\"https:\/\/www.tsg-leutkirch.de\/skilaeuferzunft\/wp-content\/uploads\/sites\/27\/2025\/07\/2025_Volkslauf_JulianKrumboeck_052-300x200.jpg\" data-width=\"300\" data-height=\"200\" aria-label=\"\" role=\"img\" ><\/div>\n\t\t\t\t\t\t\t\t\t\t\t<div class=\"elementor-gallery-item__overlay\"><\/div>\n\t\t\t\t\t\t\t\t\t\t\t\t\t\t<\/a>\n\t\t\t\t\t\t\t<a class=\"e-gallery-item elementor-gallery-item elementor-animated-content\" href=\"https:\/\/www.tsg-leutkirch.de\/skilaeuferzunft\/wp-content\/uploads\/sites\/27\/2025\/07\/2025_Volkslauf_JulianKrumboeck_051.jpg\" data-elementor-open-lightbox=\"yes\" data-elementor-lightbox-slideshow=\"5e134d7\" data-elementor-lightbox-title=\"2025_Volkslauf_JulianKrumboeck_051\" data-e-action-hash=\"#elementor-action%3Aaction%3Dlightbox%26settings%3DeyJpZCI6MTIzMTMsInVybCI6Imh0dHBzOlwvXC93d3cudHNnLWxldXRraXJjaC5kZVwvc2tpbGFldWZlcnp1bmZ0XC93cC1jb250ZW50XC91cGxvYWRzXC9zaXRlc1wvMjdcLzIwMjVcLzA3XC8yMDI1X1ZvbGtzbGF1Zl9KdWxpYW5LcnVtYm9lY2tfMDUxLmpwZyIsInNsaWRlc2hvdyI6IjVlMTM0ZDcifQ%3D%3D\">\n\t\t\t\t\t<div class=\"e-gallery-image elementor-gallery-item__image\" data-thumbnail=\"https:\/\/www.tsg-leutkirch.de\/skilaeuferzunft\/wp-content\/uploads\/sites\/27\/2025\/07\/2025_Volkslauf_JulianKrumboeck_051-300x200.jpg\" data-width=\"300\" data-height=\"200\" aria-label=\"\" role=\"img\" ><\/div>\n\t\t\t\t\t\t\t\t\t\t\t<div class=\"elementor-gallery-item__overlay\"><\/div>\n\t\t\t\t\t\t\t\t\t\t\t\t\t\t<\/a>\n\t\t\t\t\t\t\t<a class=\"e-gallery-item elementor-gallery-item elementor-animated-content\" href=\"https:\/\/www.tsg-leutkirch.de\/skilaeuferzunft\/wp-content\/uploads\/sites\/27\/2025\/07\/2025_Volkslauf_JulianKrumboeck_050.jpg\" data-elementor-open-lightbox=\"yes\" data-elementor-lightbox-slideshow=\"5e134d7\" data-elementor-lightbox-title=\"2025_Volkslauf_JulianKrumboeck_050\" data-e-action-hash=\"#elementor-action%3Aaction%3Dlightbox%26settings%3DeyJpZCI6MTIzMTIsInVybCI6Imh0dHBzOlwvXC93d3cudHNnLWxldXRraXJjaC5kZVwvc2tpbGFldWZlcnp1bmZ0XC93cC1jb250ZW50XC91cGxvYWRzXC9zaXRlc1wvMjdcLzIwMjVcLzA3XC8yMDI1X1ZvbGtzbGF1Zl9KdWxpYW5LcnVtYm9lY2tfMDUwLmpwZyIsInNsaWRlc2hvdyI6IjVlMTM0ZDcifQ%3D%3D\">\n\t\t\t\t\t<div class=\"e-gallery-image elementor-gallery-item__image\" data-thumbnail=\"https:\/\/www.tsg-leutkirch.de\/skilaeuferzunft\/wp-content\/uploads\/sites\/27\/2025\/07\/2025_Volkslauf_JulianKrumboeck_050-300x200.jpg\" data-width=\"300\" data-height=\"200\" aria-label=\"\" role=\"img\" ><\/div>\n\t\t\t\t\t\t\t\t\t\t\t<div class=\"elementor-gallery-item__overlay\"><\/div>\n\t\t\t\t\t\t\t\t\t\t\t\t\t\t<\/a>\n\t\t\t\t\t\t\t<a class=\"e-gallery-item elementor-gallery-item elementor-animated-content\" href=\"https:\/\/www.tsg-leutkirch.de\/skilaeuferzunft\/wp-content\/uploads\/sites\/27\/2025\/07\/2025_Volkslauf_JulianKrumboeck_049.jpg\" data-elementor-open-lightbox=\"yes\" data-elementor-lightbox-slideshow=\"5e134d7\" data-elementor-lightbox-title=\"2025_Volkslauf_JulianKrumboeck_049\" data-e-action-hash=\"#elementor-action%3Aaction%3Dlightbox%26settings%3DeyJpZCI6MTIzMTEsInVybCI6Imh0dHBzOlwvXC93d3cudHNnLWxldXRraXJjaC5kZVwvc2tpbGFldWZlcnp1bmZ0XC93cC1jb250ZW50XC91cGxvYWRzXC9zaXRlc1wvMjdcLzIwMjVcLzA3XC8yMDI1X1ZvbGtzbGF1Zl9KdWxpYW5LcnVtYm9lY2tfMDQ5LmpwZyIsInNsaWRlc2hvdyI6IjVlMTM0ZDcifQ%3D%3D\">\n\t\t\t\t\t<div class=\"e-gallery-image elementor-gallery-item__image\" data-thumbnail=\"https:\/\/www.tsg-leutkirch.de\/skilaeuferzunft\/wp-content\/uploads\/sites\/27\/2025\/07\/2025_Volkslauf_JulianKrumboeck_049-300x200.jpg\" data-width=\"300\" data-height=\"200\" aria-label=\"\" role=\"img\" ><\/div>\n\t\t\t\t\t\t\t\t\t\t\t<div class=\"elementor-gallery-item__overlay\"><\/div>\n\t\t\t\t\t\t\t\t\t\t\t\t\t\t<\/a>\n\t\t\t\t\t\t\t<a class=\"e-gallery-item elementor-gallery-item elementor-animated-content\" href=\"https:\/\/www.tsg-leutkirch.de\/skilaeuferzunft\/wp-content\/uploads\/sites\/27\/2025\/07\/2025_Volkslauf_JulianKrumboeck_048.jpg\" data-elementor-open-lightbox=\"yes\" data-elementor-lightbox-slideshow=\"5e134d7\" data-elementor-lightbox-title=\"2025_Volkslauf_JulianKrumboeck_048\" data-e-action-hash=\"#elementor-action%3Aaction%3Dlightbox%26settings%3DeyJpZCI6MTIzMTAsInVybCI6Imh0dHBzOlwvXC93d3cudHNnLWxldXRraXJjaC5kZVwvc2tpbGFldWZlcnp1bmZ0XC93cC1jb250ZW50XC91cGxvYWRzXC9zaXRlc1wvMjdcLzIwMjVcLzA3XC8yMDI1X1ZvbGtzbGF1Zl9KdWxpYW5LcnVtYm9lY2tfMDQ4LmpwZyIsInNsaWRlc2hvdyI6IjVlMTM0ZDcifQ%3D%3D\">\n\t\t\t\t\t<div class=\"e-gallery-image elementor-gallery-item__image\" data-thumbnail=\"https:\/\/www.tsg-leutkirch.de\/skilaeuferzunft\/wp-content\/uploads\/sites\/27\/2025\/07\/2025_Volkslauf_JulianKrumboeck_048-300x200.jpg\" data-width=\"300\" data-height=\"200\" aria-label=\"\" role=\"img\" ><\/div>\n\t\t\t\t\t\t\t\t\t\t\t<div class=\"elementor-gallery-item__overlay\"><\/div>\n\t\t\t\t\t\t\t\t\t\t\t\t\t\t<\/a>\n\t\t\t\t\t\t\t<a class=\"e-gallery-item elementor-gallery-item elementor-animated-content\" href=\"https:\/\/www.tsg-leutkirch.de\/skilaeuferzunft\/wp-content\/uploads\/sites\/27\/2025\/07\/2025_Volkslauf_JulianKrumboeck_047.jpg\" data-elementor-open-lightbox=\"yes\" data-elementor-lightbox-slideshow=\"5e134d7\" data-elementor-lightbox-title=\"2025_Volkslauf_JulianKrumboeck_047\" data-e-action-hash=\"#elementor-action%3Aaction%3Dlightbox%26settings%3DeyJpZCI6MTIzMDksInVybCI6Imh0dHBzOlwvXC93d3cudHNnLWxldXRraXJjaC5kZVwvc2tpbGFldWZlcnp1bmZ0XC93cC1jb250ZW50XC91cGxvYWRzXC9zaXRlc1wvMjdcLzIwMjVcLzA3XC8yMDI1X1ZvbGtzbGF1Zl9KdWxpYW5LcnVtYm9lY2tfMDQ3LmpwZyIsInNsaWRlc2hvdyI6IjVlMTM0ZDcifQ%3D%3D\">\n\t\t\t\t\t<div class=\"e-gallery-image elementor-gallery-item__image\" data-thumbnail=\"https:\/\/www.tsg-leutkirch.de\/skilaeuferzunft\/wp-content\/uploads\/sites\/27\/2025\/07\/2025_Volkslauf_JulianKrumboeck_047-300x200.jpg\" data-width=\"300\" data-height=\"200\" aria-label=\"\" role=\"img\" ><\/div>\n\t\t\t\t\t\t\t\t\t\t\t<div class=\"elementor-gallery-item__overlay\"><\/div>\n\t\t\t\t\t\t\t\t\t\t\t\t\t\t<\/a>\n\t\t\t\t\t\t\t<a class=\"e-gallery-item elementor-gallery-item elementor-animated-content\" href=\"https:\/\/www.tsg-leutkirch.de\/skilaeuferzunft\/wp-content\/uploads\/sites\/27\/2025\/07\/2025_Volkslauf_JulianKrumboeck_046.jpg\" data-elementor-open-lightbox=\"yes\" data-elementor-lightbox-slideshow=\"5e134d7\" data-elementor-lightbox-title=\"2025_Volkslauf_JulianKrumboeck_046\" data-e-action-hash=\"#elementor-action%3Aaction%3Dlightbox%26settings%3DeyJpZCI6MTIzMDgsInVybCI6Imh0dHBzOlwvXC93d3cudHNnLWxldXRraXJjaC5kZVwvc2tpbGFldWZlcnp1bmZ0XC93cC1jb250ZW50XC91cGxvYWRzXC9zaXRlc1wvMjdcLzIwMjVcLzA3XC8yMDI1X1ZvbGtzbGF1Zl9KdWxpYW5LcnVtYm9lY2tfMDQ2LmpwZyIsInNsaWRlc2hvdyI6IjVlMTM0ZDcifQ%3D%3D\">\n\t\t\t\t\t<div class=\"e-gallery-image elementor-gallery-item__image\" data-thumbnail=\"https:\/\/www.tsg-leutkirch.de\/skilaeuferzunft\/wp-content\/uploads\/sites\/27\/2025\/07\/2025_Volkslauf_JulianKrumboeck_046-300x200.jpg\" data-width=\"300\" data-height=\"200\" aria-label=\"\" role=\"img\" ><\/div>\n\t\t\t\t\t\t\t\t\t\t\t<div class=\"elementor-gallery-item__overlay\"><\/div>\n\t\t\t\t\t\t\t\t\t\t\t\t\t\t<\/a>\n\t\t\t\t\t\t\t<a class=\"e-gallery-item elementor-gallery-item elementor-animated-content\" href=\"https:\/\/www.tsg-leutkirch.de\/skilaeuferzunft\/wp-content\/uploads\/sites\/27\/2025\/07\/2025_Volkslauf_JulianKrumboeck_045.jpg\" data-elementor-open-lightbox=\"yes\" data-elementor-lightbox-slideshow=\"5e134d7\" data-elementor-lightbox-title=\"2025_Volkslauf_JulianKrumboeck_045\" data-e-action-hash=\"#elementor-action%3Aaction%3Dlightbox%26settings%3DeyJpZCI6MTIzMDcsInVybCI6Imh0dHBzOlwvXC93d3cudHNnLWxldXRraXJjaC5kZVwvc2tpbGFldWZlcnp1bmZ0XC93cC1jb250ZW50XC91cGxvYWRzXC9zaXRlc1wvMjdcLzIwMjVcLzA3XC8yMDI1X1ZvbGtzbGF1Zl9KdWxpYW5LcnVtYm9lY2tfMDQ1LmpwZyIsInNsaWRlc2hvdyI6IjVlMTM0ZDcifQ%3D%3D\">\n\t\t\t\t\t<div class=\"e-gallery-image elementor-gallery-item__image\" data-thumbnail=\"https:\/\/www.tsg-leutkirch.de\/skilaeuferzunft\/wp-content\/uploads\/sites\/27\/2025\/07\/2025_Volkslauf_JulianKrumboeck_045-300x200.jpg\" data-width=\"300\" data-height=\"200\" aria-label=\"\" role=\"img\" ><\/div>\n\t\t\t\t\t\t\t\t\t\t\t<div class=\"elementor-gallery-item__overlay\"><\/div>\n\t\t\t\t\t\t\t\t\t\t\t\t\t\t<\/a>\n\t\t\t\t\t\t\t<a class=\"e-gallery-item elementor-gallery-item elementor-animated-content\" href=\"https:\/\/www.tsg-leutkirch.de\/skilaeuferzunft\/wp-content\/uploads\/sites\/27\/2025\/07\/2025_Volkslauf_JulianKrumboeck_044.jpg\" data-elementor-open-lightbox=\"yes\" data-elementor-lightbox-slideshow=\"5e134d7\" data-elementor-lightbox-title=\"2025_Volkslauf_JulianKrumboeck_044\" data-e-action-hash=\"#elementor-action%3Aaction%3Dlightbox%26settings%3DeyJpZCI6MTIzMDYsInVybCI6Imh0dHBzOlwvXC93d3cudHNnLWxldXRraXJjaC5kZVwvc2tpbGFldWZlcnp1bmZ0XC93cC1jb250ZW50XC91cGxvYWRzXC9zaXRlc1wvMjdcLzIwMjVcLzA3XC8yMDI1X1ZvbGtzbGF1Zl9KdWxpYW5LcnVtYm9lY2tfMDQ0LmpwZyIsInNsaWRlc2hvdyI6IjVlMTM0ZDcifQ%3D%3D\">\n\t\t\t\t\t<div class=\"e-gallery-image elementor-gallery-item__image\" data-thumbnail=\"https:\/\/www.tsg-leutkirch.de\/skilaeuferzunft\/wp-content\/uploads\/sites\/27\/2025\/07\/2025_Volkslauf_JulianKrumboeck_044-300x200.jpg\" data-width=\"300\" data-height=\"200\" aria-label=\"\" role=\"img\" ><\/div>\n\t\t\t\t\t\t\t\t\t\t\t<div class=\"elementor-gallery-item__overlay\"><\/div>\n\t\t\t\t\t\t\t\t\t\t\t\t\t\t<\/a>\n\t\t\t\t\t\t\t<a class=\"e-gallery-item elementor-gallery-item elementor-animated-content\" href=\"https:\/\/www.tsg-leutkirch.de\/skilaeuferzunft\/wp-content\/uploads\/sites\/27\/2025\/07\/2025_Volkslauf_JulianKrumboeck_043.jpg\" data-elementor-open-lightbox=\"yes\" data-elementor-lightbox-slideshow=\"5e134d7\" data-elementor-lightbox-title=\"2025_Volkslauf_JulianKrumboeck_043\" data-e-action-hash=\"#elementor-action%3Aaction%3Dlightbox%26settings%3DeyJpZCI6MTIzMDUsInVybCI6Imh0dHBzOlwvXC93d3cudHNnLWxldXRraXJjaC5kZVwvc2tpbGFldWZlcnp1bmZ0XC93cC1jb250ZW50XC91cGxvYWRzXC9zaXRlc1wvMjdcLzIwMjVcLzA3XC8yMDI1X1ZvbGtzbGF1Zl9KdWxpYW5LcnVtYm9lY2tfMDQzLmpwZyIsInNsaWRlc2hvdyI6IjVlMTM0ZDcifQ%3D%3D\">\n\t\t\t\t\t<div class=\"e-gallery-image elementor-gallery-item__image\" data-thumbnail=\"https:\/\/www.tsg-leutkirch.de\/skilaeuferzunft\/wp-content\/uploads\/sites\/27\/2025\/07\/2025_Volkslauf_JulianKrumboeck_043-300x200.jpg\" data-width=\"300\" data-height=\"200\" aria-label=\"\" role=\"img\" ><\/div>\n\t\t\t\t\t\t\t\t\t\t\t<div class=\"elementor-gallery-item__overlay\"><\/div>\n\t\t\t\t\t\t\t\t\t\t\t\t\t\t<\/a>\n\t\t\t\t\t\t\t<a class=\"e-gallery-item elementor-gallery-item elementor-animated-content\" href=\"https:\/\/www.tsg-leutkirch.de\/skilaeuferzunft\/wp-content\/uploads\/sites\/27\/2025\/07\/2025_Volkslauf_JulianKrumboeck_042.jpg\" data-elementor-open-lightbox=\"yes\" data-elementor-lightbox-slideshow=\"5e134d7\" data-elementor-lightbox-title=\"2025_Volkslauf_JulianKrumboeck_042\" data-e-action-hash=\"#elementor-action%3Aaction%3Dlightbox%26settings%3DeyJpZCI6MTIzMDQsInVybCI6Imh0dHBzOlwvXC93d3cudHNnLWxldXRraXJjaC5kZVwvc2tpbGFldWZlcnp1bmZ0XC93cC1jb250ZW50XC91cGxvYWRzXC9zaXRlc1wvMjdcLzIwMjVcLzA3XC8yMDI1X1ZvbGtzbGF1Zl9KdWxpYW5LcnVtYm9lY2tfMDQyLmpwZyIsInNsaWRlc2hvdyI6IjVlMTM0ZDcifQ%3D%3D\">\n\t\t\t\t\t<div class=\"e-gallery-image elementor-gallery-item__image\" data-thumbnail=\"https:\/\/www.tsg-leutkirch.de\/skilaeuferzunft\/wp-content\/uploads\/sites\/27\/2025\/07\/2025_Volkslauf_JulianKrumboeck_042-300x200.jpg\" data-width=\"300\" data-height=\"200\" aria-label=\"\" role=\"img\" ><\/div>\n\t\t\t\t\t\t\t\t\t\t\t<div class=\"elementor-gallery-item__overlay\"><\/div>\n\t\t\t\t\t\t\t\t\t\t\t\t\t\t<\/a>\n\t\t\t\t\t\t\t<a class=\"e-gallery-item elementor-gallery-item elementor-animated-content\" href=\"https:\/\/www.tsg-leutkirch.de\/skilaeuferzunft\/wp-content\/uploads\/sites\/27\/2025\/07\/2025_Volkslauf_JulianKrumboeck_041.jpg\" data-elementor-open-lightbox=\"yes\" data-elementor-lightbox-slideshow=\"5e134d7\" data-elementor-lightbox-title=\"2025_Volkslauf_JulianKrumboeck_041\" data-e-action-hash=\"#elementor-action%3Aaction%3Dlightbox%26settings%3DeyJpZCI6MTIzMDMsInVybCI6Imh0dHBzOlwvXC93d3cudHNnLWxldXRraXJjaC5kZVwvc2tpbGFldWZlcnp1bmZ0XC93cC1jb250ZW50XC91cGxvYWRzXC9zaXRlc1wvMjdcLzIwMjVcLzA3XC8yMDI1X1ZvbGtzbGF1Zl9KdWxpYW5LcnVtYm9lY2tfMDQxLmpwZyIsInNsaWRlc2hvdyI6IjVlMTM0ZDcifQ%3D%3D\">\n\t\t\t\t\t<div class=\"e-gallery-image elementor-gallery-item__image\" data-thumbnail=\"https:\/\/www.tsg-leutkirch.de\/skilaeuferzunft\/wp-content\/uploads\/sites\/27\/2025\/07\/2025_Volkslauf_JulianKrumboeck_041-300x200.jpg\" data-width=\"300\" data-height=\"200\" aria-label=\"\" role=\"img\" ><\/div>\n\t\t\t\t\t\t\t\t\t\t\t<div class=\"elementor-gallery-item__overlay\"><\/div>\n\t\t\t\t\t\t\t\t\t\t\t\t\t\t<\/a>\n\t\t\t\t\t\t\t<a class=\"e-gallery-item elementor-gallery-item elementor-animated-content\" href=\"https:\/\/www.tsg-leutkirch.de\/skilaeuferzunft\/wp-content\/uploads\/sites\/27\/2025\/07\/2025_Volkslauf_JulianKrumboeck_040.jpg\" data-elementor-open-lightbox=\"yes\" data-elementor-lightbox-slideshow=\"5e134d7\" data-elementor-lightbox-title=\"2025_Volkslauf_JulianKrumboeck_040\" data-e-action-hash=\"#elementor-action%3Aaction%3Dlightbox%26settings%3DeyJpZCI6MTIzMDIsInVybCI6Imh0dHBzOlwvXC93d3cudHNnLWxldXRraXJjaC5kZVwvc2tpbGFldWZlcnp1bmZ0XC93cC1jb250ZW50XC91cGxvYWRzXC9zaXRlc1wvMjdcLzIwMjVcLzA3XC8yMDI1X1ZvbGtzbGF1Zl9KdWxpYW5LcnVtYm9lY2tfMDQwLmpwZyIsInNsaWRlc2hvdyI6IjVlMTM0ZDcifQ%3D%3D\">\n\t\t\t\t\t<div class=\"e-gallery-image elementor-gallery-item__image\" data-thumbnail=\"https:\/\/www.tsg-leutkirch.de\/skilaeuferzunft\/wp-content\/uploads\/sites\/27\/2025\/07\/2025_Volkslauf_JulianKrumboeck_040-300x200.jpg\" data-width=\"300\" data-height=\"200\" aria-label=\"\" role=\"img\" ><\/div>\n\t\t\t\t\t\t\t\t\t\t\t<div class=\"elementor-gallery-item__overlay\"><\/div>\n\t\t\t\t\t\t\t\t\t\t\t\t\t\t<\/a>\n\t\t\t\t\t\t\t<a class=\"e-gallery-item elementor-gallery-item elementor-animated-content\" href=\"https:\/\/www.tsg-leutkirch.de\/skilaeuferzunft\/wp-content\/uploads\/sites\/27\/2025\/07\/2025_Volkslauf_JulianKrumboeck_039.jpg\" data-elementor-open-lightbox=\"yes\" data-elementor-lightbox-slideshow=\"5e134d7\" data-elementor-lightbox-title=\"2025_Volkslauf_JulianKrumboeck_039\" data-e-action-hash=\"#elementor-action%3Aaction%3Dlightbox%26settings%3DeyJpZCI6MTIzMDEsInVybCI6Imh0dHBzOlwvXC93d3cudHNnLWxldXRraXJjaC5kZVwvc2tpbGFldWZlcnp1bmZ0XC93cC1jb250ZW50XC91cGxvYWRzXC9zaXRlc1wvMjdcLzIwMjVcLzA3XC8yMDI1X1ZvbGtzbGF1Zl9KdWxpYW5LcnVtYm9lY2tfMDM5LmpwZyIsInNsaWRlc2hvdyI6IjVlMTM0ZDcifQ%3D%3D\">\n\t\t\t\t\t<div class=\"e-gallery-image elementor-gallery-item__image\" data-thumbnail=\"https:\/\/www.tsg-leutkirch.de\/skilaeuferzunft\/wp-content\/uploads\/sites\/27\/2025\/07\/2025_Volkslauf_JulianKrumboeck_039-300x200.jpg\" data-width=\"300\" data-height=\"200\" aria-label=\"\" role=\"img\" ><\/div>\n\t\t\t\t\t\t\t\t\t\t\t<div class=\"elementor-gallery-item__overlay\"><\/div>\n\t\t\t\t\t\t\t\t\t\t\t\t\t\t<\/a>\n\t\t\t\t\t\t\t<a class=\"e-gallery-item elementor-gallery-item elementor-animated-content\" href=\"https:\/\/www.tsg-leutkirch.de\/skilaeuferzunft\/wp-content\/uploads\/sites\/27\/2025\/07\/2025_Volkslauf_JulianKrumboeck_038.jpg\" data-elementor-open-lightbox=\"yes\" data-elementor-lightbox-slideshow=\"5e134d7\" data-elementor-lightbox-title=\"2025_Volkslauf_JulianKrumboeck_038\" data-e-action-hash=\"#elementor-action%3Aaction%3Dlightbox%26settings%3DeyJpZCI6MTIzMDAsInVybCI6Imh0dHBzOlwvXC93d3cudHNnLWxldXRraXJjaC5kZVwvc2tpbGFldWZlcnp1bmZ0XC93cC1jb250ZW50XC91cGxvYWRzXC9zaXRlc1wvMjdcLzIwMjVcLzA3XC8yMDI1X1ZvbGtzbGF1Zl9KdWxpYW5LcnVtYm9lY2tfMDM4LmpwZyIsInNsaWRlc2hvdyI6IjVlMTM0ZDcifQ%3D%3D\">\n\t\t\t\t\t<div class=\"e-gallery-image elementor-gallery-item__image\" data-thumbnail=\"https:\/\/www.tsg-leutkirch.de\/skilaeuferzunft\/wp-content\/uploads\/sites\/27\/2025\/07\/2025_Volkslauf_JulianKrumboeck_038-300x200.jpg\" data-width=\"300\" data-height=\"200\" aria-label=\"\" role=\"img\" ><\/div>\n\t\t\t\t\t\t\t\t\t\t\t<div class=\"elementor-gallery-item__overlay\"><\/div>\n\t\t\t\t\t\t\t\t\t\t\t\t\t\t<\/a>\n\t\t\t\t\t\t\t<a class=\"e-gallery-item elementor-gallery-item elementor-animated-content\" href=\"https:\/\/www.tsg-leutkirch.de\/skilaeuferzunft\/wp-content\/uploads\/sites\/27\/2025\/07\/2025_Volkslauf_JulianKrumboeck_037.jpg\" data-elementor-open-lightbox=\"yes\" data-elementor-lightbox-slideshow=\"5e134d7\" data-elementor-lightbox-title=\"2025_Volkslauf_JulianKrumboeck_037\" data-e-action-hash=\"#elementor-action%3Aaction%3Dlightbox%26settings%3DeyJpZCI6MTIyOTksInVybCI6Imh0dHBzOlwvXC93d3cudHNnLWxldXRraXJjaC5kZVwvc2tpbGFldWZlcnp1bmZ0XC93cC1jb250ZW50XC91cGxvYWRzXC9zaXRlc1wvMjdcLzIwMjVcLzA3XC8yMDI1X1ZvbGtzbGF1Zl9KdWxpYW5LcnVtYm9lY2tfMDM3LmpwZyIsInNsaWRlc2hvdyI6IjVlMTM0ZDcifQ%3D%3D\">\n\t\t\t\t\t<div class=\"e-gallery-image elementor-gallery-item__image\" data-thumbnail=\"https:\/\/www.tsg-leutkirch.de\/skilaeuferzunft\/wp-content\/uploads\/sites\/27\/2025\/07\/2025_Volkslauf_JulianKrumboeck_037-300x200.jpg\" data-width=\"300\" data-height=\"200\" aria-label=\"\" role=\"img\" ><\/div>\n\t\t\t\t\t\t\t\t\t\t\t<div class=\"elementor-gallery-item__overlay\"><\/div>\n\t\t\t\t\t\t\t\t\t\t\t\t\t\t<\/a>\n\t\t\t\t\t\t\t<a class=\"e-gallery-item elementor-gallery-item elementor-animated-content\" href=\"https:\/\/www.tsg-leutkirch.de\/skilaeuferzunft\/wp-content\/uploads\/sites\/27\/2025\/07\/2025_Volkslauf_JulianKrumboeck_036.jpg\" data-elementor-open-lightbox=\"yes\" data-elementor-lightbox-slideshow=\"5e134d7\" data-elementor-lightbox-title=\"2025_Volkslauf_JulianKrumboeck_036\" data-e-action-hash=\"#elementor-action%3Aaction%3Dlightbox%26settings%3DeyJpZCI6MTIyOTgsInVybCI6Imh0dHBzOlwvXC93d3cudHNnLWxldXRraXJjaC5kZVwvc2tpbGFldWZlcnp1bmZ0XC93cC1jb250ZW50XC91cGxvYWRzXC9zaXRlc1wvMjdcLzIwMjVcLzA3XC8yMDI1X1ZvbGtzbGF1Zl9KdWxpYW5LcnVtYm9lY2tfMDM2LmpwZyIsInNsaWRlc2hvdyI6IjVlMTM0ZDcifQ%3D%3D\">\n\t\t\t\t\t<div class=\"e-gallery-image elementor-gallery-item__image\" data-thumbnail=\"https:\/\/www.tsg-leutkirch.de\/skilaeuferzunft\/wp-content\/uploads\/sites\/27\/2025\/07\/2025_Volkslauf_JulianKrumboeck_036-300x200.jpg\" data-width=\"300\" data-height=\"200\" aria-label=\"\" role=\"img\" ><\/div>\n\t\t\t\t\t\t\t\t\t\t\t<div class=\"elementor-gallery-item__overlay\"><\/div>\n\t\t\t\t\t\t\t\t\t\t\t\t\t\t<\/a>\n\t\t\t\t\t\t\t<a class=\"e-gallery-item elementor-gallery-item elementor-animated-content\" href=\"https:\/\/www.tsg-leutkirch.de\/skilaeuferzunft\/wp-content\/uploads\/sites\/27\/2025\/07\/2025_Volkslauf_JulianKrumboeck_035.jpg\" data-elementor-open-lightbox=\"yes\" data-elementor-lightbox-slideshow=\"5e134d7\" data-elementor-lightbox-title=\"2025_Volkslauf_JulianKrumboeck_035\" data-e-action-hash=\"#elementor-action%3Aaction%3Dlightbox%26settings%3DeyJpZCI6MTIyOTcsInVybCI6Imh0dHBzOlwvXC93d3cudHNnLWxldXRraXJjaC5kZVwvc2tpbGFldWZlcnp1bmZ0XC93cC1jb250ZW50XC91cGxvYWRzXC9zaXRlc1wvMjdcLzIwMjVcLzA3XC8yMDI1X1ZvbGtzbGF1Zl9KdWxpYW5LcnVtYm9lY2tfMDM1LmpwZyIsInNsaWRlc2hvdyI6IjVlMTM0ZDcifQ%3D%3D\">\n\t\t\t\t\t<div class=\"e-gallery-image elementor-gallery-item__image\" data-thumbnail=\"https:\/\/www.tsg-leutkirch.de\/skilaeuferzunft\/wp-content\/uploads\/sites\/27\/2025\/07\/2025_Volkslauf_JulianKrumboeck_035-300x200.jpg\" data-width=\"300\" data-height=\"200\" aria-label=\"\" role=\"img\" ><\/div>\n\t\t\t\t\t\t\t\t\t\t\t<div class=\"elementor-gallery-item__overlay\"><\/div>\n\t\t\t\t\t\t\t\t\t\t\t\t\t\t<\/a>\n\t\t\t\t\t\t\t<a class=\"e-gallery-item elementor-gallery-item elementor-animated-content\" href=\"https:\/\/www.tsg-leutkirch.de\/skilaeuferzunft\/wp-content\/uploads\/sites\/27\/2025\/07\/2025_Volkslauf_JulianKrumboeck_034.jpg\" data-elementor-open-lightbox=\"yes\" data-elementor-lightbox-slideshow=\"5e134d7\" data-elementor-lightbox-title=\"2025_Volkslauf_JulianKrumboeck_034\" data-e-action-hash=\"#elementor-action%3Aaction%3Dlightbox%26settings%3DeyJpZCI6MTIyOTYsInVybCI6Imh0dHBzOlwvXC93d3cudHNnLWxldXRraXJjaC5kZVwvc2tpbGFldWZlcnp1bmZ0XC93cC1jb250ZW50XC91cGxvYWRzXC9zaXRlc1wvMjdcLzIwMjVcLzA3XC8yMDI1X1ZvbGtzbGF1Zl9KdWxpYW5LcnVtYm9lY2tfMDM0LmpwZyIsInNsaWRlc2hvdyI6IjVlMTM0ZDcifQ%3D%3D\">\n\t\t\t\t\t<div class=\"e-gallery-image elementor-gallery-item__image\" data-thumbnail=\"https:\/\/www.tsg-leutkirch.de\/skilaeuferzunft\/wp-content\/uploads\/sites\/27\/2025\/07\/2025_Volkslauf_JulianKrumboeck_034-300x200.jpg\" data-width=\"300\" data-height=\"200\" aria-label=\"\" role=\"img\" ><\/div>\n\t\t\t\t\t\t\t\t\t\t\t<div class=\"elementor-gallery-item__overlay\"><\/div>\n\t\t\t\t\t\t\t\t\t\t\t\t\t\t<\/a>\n\t\t\t\t\t\t\t<a class=\"e-gallery-item elementor-gallery-item elementor-animated-content\" href=\"https:\/\/www.tsg-leutkirch.de\/skilaeuferzunft\/wp-content\/uploads\/sites\/27\/2025\/07\/2025_Volkslauf_JulianKrumboeck_033.jpg\" data-elementor-open-lightbox=\"yes\" data-elementor-lightbox-slideshow=\"5e134d7\" data-elementor-lightbox-title=\"2025_Volkslauf_JulianKrumboeck_033\" data-e-action-hash=\"#elementor-action%3Aaction%3Dlightbox%26settings%3DeyJpZCI6MTIyOTUsInVybCI6Imh0dHBzOlwvXC93d3cudHNnLWxldXRraXJjaC5kZVwvc2tpbGFldWZlcnp1bmZ0XC93cC1jb250ZW50XC91cGxvYWRzXC9zaXRlc1wvMjdcLzIwMjVcLzA3XC8yMDI1X1ZvbGtzbGF1Zl9KdWxpYW5LcnVtYm9lY2tfMDMzLmpwZyIsInNsaWRlc2hvdyI6IjVlMTM0ZDcifQ%3D%3D\">\n\t\t\t\t\t<div class=\"e-gallery-image elementor-gallery-item__image\" data-thumbnail=\"https:\/\/www.tsg-leutkirch.de\/skilaeuferzunft\/wp-content\/uploads\/sites\/27\/2025\/07\/2025_Volkslauf_JulianKrumboeck_033-300x200.jpg\" data-width=\"300\" data-height=\"200\" aria-label=\"\" role=\"img\" ><\/div>\n\t\t\t\t\t\t\t\t\t\t\t<div class=\"elementor-gallery-item__overlay\"><\/div>\n\t\t\t\t\t\t\t\t\t\t\t\t\t\t<\/a>\n\t\t\t\t\t\t\t<a class=\"e-gallery-item elementor-gallery-item elementor-animated-content\" href=\"https:\/\/www.tsg-leutkirch.de\/skilaeuferzunft\/wp-content\/uploads\/sites\/27\/2025\/07\/2025_Volkslauf_JulianKrumboeck_032.jpg\" data-elementor-open-lightbox=\"yes\" data-elementor-lightbox-slideshow=\"5e134d7\" data-elementor-lightbox-title=\"2025_Volkslauf_JulianKrumboeck_032\" data-e-action-hash=\"#elementor-action%3Aaction%3Dlightbox%26settings%3DeyJpZCI6MTIyOTQsInVybCI6Imh0dHBzOlwvXC93d3cudHNnLWxldXRraXJjaC5kZVwvc2tpbGFldWZlcnp1bmZ0XC93cC1jb250ZW50XC91cGxvYWRzXC9zaXRlc1wvMjdcLzIwMjVcLzA3XC8yMDI1X1ZvbGtzbGF1Zl9KdWxpYW5LcnVtYm9lY2tfMDMyLmpwZyIsInNsaWRlc2hvdyI6IjVlMTM0ZDcifQ%3D%3D\">\n\t\t\t\t\t<div class=\"e-gallery-image elementor-gallery-item__image\" data-thumbnail=\"https:\/\/www.tsg-leutkirch.de\/skilaeuferzunft\/wp-content\/uploads\/sites\/27\/2025\/07\/2025_Volkslauf_JulianKrumboeck_032-300x200.jpg\" data-width=\"300\" data-height=\"200\" aria-label=\"\" role=\"img\" ><\/div>\n\t\t\t\t\t\t\t\t\t\t\t<div class=\"elementor-gallery-item__overlay\"><\/div>\n\t\t\t\t\t\t\t\t\t\t\t\t\t\t<\/a>\n\t\t\t\t\t\t\t<a class=\"e-gallery-item elementor-gallery-item elementor-animated-content\" href=\"https:\/\/www.tsg-leutkirch.de\/skilaeuferzunft\/wp-content\/uploads\/sites\/27\/2025\/07\/2025_Volkslauf_JulianKrumboeck_031.jpg\" data-elementor-open-lightbox=\"yes\" data-elementor-lightbox-slideshow=\"5e134d7\" data-elementor-lightbox-title=\"2025_Volkslauf_JulianKrumboeck_031\" data-e-action-hash=\"#elementor-action%3Aaction%3Dlightbox%26settings%3DeyJpZCI6MTIyOTMsInVybCI6Imh0dHBzOlwvXC93d3cudHNnLWxldXRraXJjaC5kZVwvc2tpbGFldWZlcnp1bmZ0XC93cC1jb250ZW50XC91cGxvYWRzXC9zaXRlc1wvMjdcLzIwMjVcLzA3XC8yMDI1X1ZvbGtzbGF1Zl9KdWxpYW5LcnVtYm9lY2tfMDMxLmpwZyIsInNsaWRlc2hvdyI6IjVlMTM0ZDcifQ%3D%3D\">\n\t\t\t\t\t<div class=\"e-gallery-image elementor-gallery-item__image\" data-thumbnail=\"https:\/\/www.tsg-leutkirch.de\/skilaeuferzunft\/wp-content\/uploads\/sites\/27\/2025\/07\/2025_Volkslauf_JulianKrumboeck_031-300x200.jpg\" data-width=\"300\" data-height=\"200\" aria-label=\"\" role=\"img\" ><\/div>\n\t\t\t\t\t\t\t\t\t\t\t<div class=\"elementor-gallery-item__overlay\"><\/div>\n\t\t\t\t\t\t\t\t\t\t\t\t\t\t<\/a>\n\t\t\t\t\t\t\t<a class=\"e-gallery-item elementor-gallery-item elementor-animated-content\" href=\"https:\/\/www.tsg-leutkirch.de\/skilaeuferzunft\/wp-content\/uploads\/sites\/27\/2025\/07\/2025_Volkslauf_JulianKrumboeck_030.jpg\" data-elementor-open-lightbox=\"yes\" data-elementor-lightbox-slideshow=\"5e134d7\" data-elementor-lightbox-title=\"2025_Volkslauf_JulianKrumboeck_030\" data-e-action-hash=\"#elementor-action%3Aaction%3Dlightbox%26settings%3DeyJpZCI6MTIyOTIsInVybCI6Imh0dHBzOlwvXC93d3cudHNnLWxldXRraXJjaC5kZVwvc2tpbGFldWZlcnp1bmZ0XC93cC1jb250ZW50XC91cGxvYWRzXC9zaXRlc1wvMjdcLzIwMjVcLzA3XC8yMDI1X1ZvbGtzbGF1Zl9KdWxpYW5LcnVtYm9lY2tfMDMwLmpwZyIsInNsaWRlc2hvdyI6IjVlMTM0ZDcifQ%3D%3D\">\n\t\t\t\t\t<div class=\"e-gallery-image elementor-gallery-item__image\" data-thumbnail=\"https:\/\/www.tsg-leutkirch.de\/skilaeuferzunft\/wp-content\/uploads\/sites\/27\/2025\/07\/2025_Volkslauf_JulianKrumboeck_030-300x200.jpg\" data-width=\"300\" data-height=\"200\" aria-label=\"\" role=\"img\" ><\/div>\n\t\t\t\t\t\t\t\t\t\t\t<div class=\"elementor-gallery-item__overlay\"><\/div>\n\t\t\t\t\t\t\t\t\t\t\t\t\t\t<\/a>\n\t\t\t\t\t\t\t<a class=\"e-gallery-item elementor-gallery-item elementor-animated-content\" href=\"https:\/\/www.tsg-leutkirch.de\/skilaeuferzunft\/wp-content\/uploads\/sites\/27\/2025\/07\/2025_Volkslauf_JulianKrumboeck_029.jpg\" data-elementor-open-lightbox=\"yes\" data-elementor-lightbox-slideshow=\"5e134d7\" data-elementor-lightbox-title=\"2025_Volkslauf_JulianKrumboeck_029\" data-e-action-hash=\"#elementor-action%3Aaction%3Dlightbox%26settings%3DeyJpZCI6MTIyOTEsInVybCI6Imh0dHBzOlwvXC93d3cudHNnLWxldXRraXJjaC5kZVwvc2tpbGFldWZlcnp1bmZ0XC93cC1jb250ZW50XC91cGxvYWRzXC9zaXRlc1wvMjdcLzIwMjVcLzA3XC8yMDI1X1ZvbGtzbGF1Zl9KdWxpYW5LcnVtYm9lY2tfMDI5LmpwZyIsInNsaWRlc2hvdyI6IjVlMTM0ZDcifQ%3D%3D\">\n\t\t\t\t\t<div class=\"e-gallery-image elementor-gallery-item__image\" data-thumbnail=\"https:\/\/www.tsg-leutkirch.de\/skilaeuferzunft\/wp-content\/uploads\/sites\/27\/2025\/07\/2025_Volkslauf_JulianKrumboeck_029-300x200.jpg\" data-width=\"300\" data-height=\"200\" aria-label=\"\" role=\"img\" ><\/div>\n\t\t\t\t\t\t\t\t\t\t\t<div class=\"elementor-gallery-item__overlay\"><\/div>\n\t\t\t\t\t\t\t\t\t\t\t\t\t\t<\/a>\n\t\t\t\t\t\t\t<a class=\"e-gallery-item elementor-gallery-item elementor-animated-content\" href=\"https:\/\/www.tsg-leutkirch.de\/skilaeuferzunft\/wp-content\/uploads\/sites\/27\/2025\/07\/2025_Volkslauf_JulianKrumboeck_028.jpg\" data-elementor-open-lightbox=\"yes\" data-elementor-lightbox-slideshow=\"5e134d7\" data-elementor-lightbox-title=\"2025_Volkslauf_JulianKrumboeck_028\" data-e-action-hash=\"#elementor-action%3Aaction%3Dlightbox%26settings%3DeyJpZCI6MTIyOTAsInVybCI6Imh0dHBzOlwvXC93d3cudHNnLWxldXRraXJjaC5kZVwvc2tpbGFldWZlcnp1bmZ0XC93cC1jb250ZW50XC91cGxvYWRzXC9zaXRlc1wvMjdcLzIwMjVcLzA3XC8yMDI1X1ZvbGtzbGF1Zl9KdWxpYW5LcnVtYm9lY2tfMDI4LmpwZyIsInNsaWRlc2hvdyI6IjVlMTM0ZDcifQ%3D%3D\">\n\t\t\t\t\t<div class=\"e-gallery-image elementor-gallery-item__image\" data-thumbnail=\"https:\/\/www.tsg-leutkirch.de\/skilaeuferzunft\/wp-content\/uploads\/sites\/27\/2025\/07\/2025_Volkslauf_JulianKrumboeck_028-300x200.jpg\" data-width=\"300\" data-height=\"200\" aria-label=\"\" role=\"img\" ><\/div>\n\t\t\t\t\t\t\t\t\t\t\t<div class=\"elementor-gallery-item__overlay\"><\/div>\n\t\t\t\t\t\t\t\t\t\t\t\t\t\t<\/a>\n\t\t\t\t\t\t\t<a class=\"e-gallery-item elementor-gallery-item elementor-animated-content\" href=\"https:\/\/www.tsg-leutkirch.de\/skilaeuferzunft\/wp-content\/uploads\/sites\/27\/2025\/07\/2025_Volkslauf_JulianKrumboeck_027.jpg\" data-elementor-open-lightbox=\"yes\" data-elementor-lightbox-slideshow=\"5e134d7\" data-elementor-lightbox-title=\"2025_Volkslauf_JulianKrumboeck_027\" data-e-action-hash=\"#elementor-action%3Aaction%3Dlightbox%26settings%3DeyJpZCI6MTIyODksInVybCI6Imh0dHBzOlwvXC93d3cudHNnLWxldXRraXJjaC5kZVwvc2tpbGFldWZlcnp1bmZ0XC93cC1jb250ZW50XC91cGxvYWRzXC9zaXRlc1wvMjdcLzIwMjVcLzA3XC8yMDI1X1ZvbGtzbGF1Zl9KdWxpYW5LcnVtYm9lY2tfMDI3LmpwZyIsInNsaWRlc2hvdyI6IjVlMTM0ZDcifQ%3D%3D\">\n\t\t\t\t\t<div class=\"e-gallery-image elementor-gallery-item__image\" data-thumbnail=\"https:\/\/www.tsg-leutkirch.de\/skilaeuferzunft\/wp-content\/uploads\/sites\/27\/2025\/07\/2025_Volkslauf_JulianKrumboeck_027-300x200.jpg\" data-width=\"300\" data-height=\"200\" aria-label=\"\" role=\"img\" ><\/div>\n\t\t\t\t\t\t\t\t\t\t\t<div class=\"elementor-gallery-item__overlay\"><\/div>\n\t\t\t\t\t\t\t\t\t\t\t\t\t\t<\/a>\n\t\t\t\t\t\t\t<a class=\"e-gallery-item elementor-gallery-item elementor-animated-content\" href=\"https:\/\/www.tsg-leutkirch.de\/skilaeuferzunft\/wp-content\/uploads\/sites\/27\/2025\/07\/2025_Volkslauf_JulianKrumboeck_026.jpg\" data-elementor-open-lightbox=\"yes\" data-elementor-lightbox-slideshow=\"5e134d7\" data-elementor-lightbox-title=\"2025_Volkslauf_JulianKrumboeck_026\" data-e-action-hash=\"#elementor-action%3Aaction%3Dlightbox%26settings%3DeyJpZCI6MTIyODgsInVybCI6Imh0dHBzOlwvXC93d3cudHNnLWxldXRraXJjaC5kZVwvc2tpbGFldWZlcnp1bmZ0XC93cC1jb250ZW50XC91cGxvYWRzXC9zaXRlc1wvMjdcLzIwMjVcLzA3XC8yMDI1X1ZvbGtzbGF1Zl9KdWxpYW5LcnVtYm9lY2tfMDI2LmpwZyIsInNsaWRlc2hvdyI6IjVlMTM0ZDcifQ%3D%3D\">\n\t\t\t\t\t<div class=\"e-gallery-image elementor-gallery-item__image\" data-thumbnail=\"https:\/\/www.tsg-leutkirch.de\/skilaeuferzunft\/wp-content\/uploads\/sites\/27\/2025\/07\/2025_Volkslauf_JulianKrumboeck_026-300x200.jpg\" data-width=\"300\" data-height=\"200\" aria-label=\"\" role=\"img\" ><\/div>\n\t\t\t\t\t\t\t\t\t\t\t<div class=\"elementor-gallery-item__overlay\"><\/div>\n\t\t\t\t\t\t\t\t\t\t\t\t\t\t<\/a>\n\t\t\t\t\t\t\t<a class=\"e-gallery-item elementor-gallery-item elementor-animated-content\" href=\"https:\/\/www.tsg-leutkirch.de\/skilaeuferzunft\/wp-content\/uploads\/sites\/27\/2025\/07\/2025_Volkslauf_JulianKrumboeck_025.jpg\" data-elementor-open-lightbox=\"yes\" data-elementor-lightbox-slideshow=\"5e134d7\" data-elementor-lightbox-title=\"2025_Volkslauf_JulianKrumboeck_025\" data-e-action-hash=\"#elementor-action%3Aaction%3Dlightbox%26settings%3DeyJpZCI6MTIyODcsInVybCI6Imh0dHBzOlwvXC93d3cudHNnLWxldXRraXJjaC5kZVwvc2tpbGFldWZlcnp1bmZ0XC93cC1jb250ZW50XC91cGxvYWRzXC9zaXRlc1wvMjdcLzIwMjVcLzA3XC8yMDI1X1ZvbGtzbGF1Zl9KdWxpYW5LcnVtYm9lY2tfMDI1LmpwZyIsInNsaWRlc2hvdyI6IjVlMTM0ZDcifQ%3D%3D\">\n\t\t\t\t\t<div class=\"e-gallery-image elementor-gallery-item__image\" data-thumbnail=\"https:\/\/www.tsg-leutkirch.de\/skilaeuferzunft\/wp-content\/uploads\/sites\/27\/2025\/07\/2025_Volkslauf_JulianKrumboeck_025-300x200.jpg\" data-width=\"300\" data-height=\"200\" aria-label=\"\" role=\"img\" ><\/div>\n\t\t\t\t\t\t\t\t\t\t\t<div class=\"elementor-gallery-item__overlay\"><\/div>\n\t\t\t\t\t\t\t\t\t\t\t\t\t\t<\/a>\n\t\t\t\t\t\t\t<a class=\"e-gallery-item elementor-gallery-item elementor-animated-content\" href=\"https:\/\/www.tsg-leutkirch.de\/skilaeuferzunft\/wp-content\/uploads\/sites\/27\/2025\/07\/2025_Volkslauf_JulianKrumboeck_024.jpg\" data-elementor-open-lightbox=\"yes\" data-elementor-lightbox-slideshow=\"5e134d7\" data-elementor-lightbox-title=\"2025_Volkslauf_JulianKrumboeck_024\" data-e-action-hash=\"#elementor-action%3Aaction%3Dlightbox%26settings%3DeyJpZCI6MTIyODYsInVybCI6Imh0dHBzOlwvXC93d3cudHNnLWxldXRraXJjaC5kZVwvc2tpbGFldWZlcnp1bmZ0XC93cC1jb250ZW50XC91cGxvYWRzXC9zaXRlc1wvMjdcLzIwMjVcLzA3XC8yMDI1X1ZvbGtzbGF1Zl9KdWxpYW5LcnVtYm9lY2tfMDI0LmpwZyIsInNsaWRlc2hvdyI6IjVlMTM0ZDcifQ%3D%3D\">\n\t\t\t\t\t<div class=\"e-gallery-image elementor-gallery-item__image\" data-thumbnail=\"https:\/\/www.tsg-leutkirch.de\/skilaeuferzunft\/wp-content\/uploads\/sites\/27\/2025\/07\/2025_Volkslauf_JulianKrumboeck_024-300x200.jpg\" data-width=\"300\" data-height=\"200\" aria-label=\"\" role=\"img\" ><\/div>\n\t\t\t\t\t\t\t\t\t\t\t<div class=\"elementor-gallery-item__overlay\"><\/div>\n\t\t\t\t\t\t\t\t\t\t\t\t\t\t<\/a>\n\t\t\t\t\t\t\t<a class=\"e-gallery-item elementor-gallery-item elementor-animated-content\" href=\"https:\/\/www.tsg-leutkirch.de\/skilaeuferzunft\/wp-content\/uploads\/sites\/27\/2025\/07\/2025_Volkslauf_JulianKrumboeck_023.jpg\" data-elementor-open-lightbox=\"yes\" data-elementor-lightbox-slideshow=\"5e134d7\" data-elementor-lightbox-title=\"2025_Volkslauf_JulianKrumboeck_023\" data-e-action-hash=\"#elementor-action%3Aaction%3Dlightbox%26settings%3DeyJpZCI6MTIyODUsInVybCI6Imh0dHBzOlwvXC93d3cudHNnLWxldXRraXJjaC5kZVwvc2tpbGFldWZlcnp1bmZ0XC93cC1jb250ZW50XC91cGxvYWRzXC9zaXRlc1wvMjdcLzIwMjVcLzA3XC8yMDI1X1ZvbGtzbGF1Zl9KdWxpYW5LcnVtYm9lY2tfMDIzLmpwZyIsInNsaWRlc2hvdyI6IjVlMTM0ZDcifQ%3D%3D\">\n\t\t\t\t\t<div class=\"e-gallery-image elementor-gallery-item__image\" data-thumbnail=\"https:\/\/www.tsg-leutkirch.de\/skilaeuferzunft\/wp-content\/uploads\/sites\/27\/2025\/07\/2025_Volkslauf_JulianKrumboeck_023-300x200.jpg\" data-width=\"300\" data-height=\"200\" aria-label=\"\" role=\"img\" ><\/div>\n\t\t\t\t\t\t\t\t\t\t\t<div class=\"elementor-gallery-item__overlay\"><\/div>\n\t\t\t\t\t\t\t\t\t\t\t\t\t\t<\/a>\n\t\t\t\t\t\t\t<a class=\"e-gallery-item elementor-gallery-item elementor-animated-content\" href=\"https:\/\/www.tsg-leutkirch.de\/skilaeuferzunft\/wp-content\/uploads\/sites\/27\/2025\/07\/2025_Volkslauf_JulianKrumboeck_022.jpg\" data-elementor-open-lightbox=\"yes\" data-elementor-lightbox-slideshow=\"5e134d7\" data-elementor-lightbox-title=\"2025_Volkslauf_JulianKrumboeck_022\" data-e-action-hash=\"#elementor-action%3Aaction%3Dlightbox%26settings%3DeyJpZCI6MTIyODQsInVybCI6Imh0dHBzOlwvXC93d3cudHNnLWxldXRraXJjaC5kZVwvc2tpbGFldWZlcnp1bmZ0XC93cC1jb250ZW50XC91cGxvYWRzXC9zaXRlc1wvMjdcLzIwMjVcLzA3XC8yMDI1X1ZvbGtzbGF1Zl9KdWxpYW5LcnVtYm9lY2tfMDIyLmpwZyIsInNsaWRlc2hvdyI6IjVlMTM0ZDcifQ%3D%3D\">\n\t\t\t\t\t<div class=\"e-gallery-image elementor-gallery-item__image\" data-thumbnail=\"https:\/\/www.tsg-leutkirch.de\/skilaeuferzunft\/wp-content\/uploads\/sites\/27\/2025\/07\/2025_Volkslauf_JulianKrumboeck_022-300x200.jpg\" data-width=\"300\" data-height=\"200\" aria-label=\"\" role=\"img\" ><\/div>\n\t\t\t\t\t\t\t\t\t\t\t<div class=\"elementor-gallery-item__overlay\"><\/div>\n\t\t\t\t\t\t\t\t\t\t\t\t\t\t<\/a>\n\t\t\t\t\t\t\t<a class=\"e-gallery-item elementor-gallery-item elementor-animated-content\" href=\"https:\/\/www.tsg-leutkirch.de\/skilaeuferzunft\/wp-content\/uploads\/sites\/27\/2025\/07\/2025_Volkslauf_JulianKrumboeck_021.jpg\" data-elementor-open-lightbox=\"yes\" data-elementor-lightbox-slideshow=\"5e134d7\" data-elementor-lightbox-title=\"2025_Volkslauf_JulianKrumboeck_021\" data-e-action-hash=\"#elementor-action%3Aaction%3Dlightbox%26settings%3DeyJpZCI6MTIyODMsInVybCI6Imh0dHBzOlwvXC93d3cudHNnLWxldXRraXJjaC5kZVwvc2tpbGFldWZlcnp1bmZ0XC93cC1jb250ZW50XC91cGxvYWRzXC9zaXRlc1wvMjdcLzIwMjVcLzA3XC8yMDI1X1ZvbGtzbGF1Zl9KdWxpYW5LcnVtYm9lY2tfMDIxLmpwZyIsInNsaWRlc2hvdyI6IjVlMTM0ZDcifQ%3D%3D\">\n\t\t\t\t\t<div class=\"e-gallery-image elementor-gallery-item__image\" data-thumbnail=\"https:\/\/www.tsg-leutkirch.de\/skilaeuferzunft\/wp-content\/uploads\/sites\/27\/2025\/07\/2025_Volkslauf_JulianKrumboeck_021-300x200.jpg\" data-width=\"300\" data-height=\"200\" aria-label=\"\" role=\"img\" ><\/div>\n\t\t\t\t\t\t\t\t\t\t\t<div class=\"elementor-gallery-item__overlay\"><\/div>\n\t\t\t\t\t\t\t\t\t\t\t\t\t\t<\/a>\n\t\t\t\t\t\t\t<a class=\"e-gallery-item elementor-gallery-item elementor-animated-content\" href=\"https:\/\/www.tsg-leutkirch.de\/skilaeuferzunft\/wp-content\/uploads\/sites\/27\/2025\/07\/2025_Volkslauf_JulianKrumboeck_020.jpg\" data-elementor-open-lightbox=\"yes\" data-elementor-lightbox-slideshow=\"5e134d7\" data-elementor-lightbox-title=\"2025_Volkslauf_JulianKrumboeck_020\" data-e-action-hash=\"#elementor-action%3Aaction%3Dlightbox%26settings%3DeyJpZCI6MTIyODIsInVybCI6Imh0dHBzOlwvXC93d3cudHNnLWxldXRraXJjaC5kZVwvc2tpbGFldWZlcnp1bmZ0XC93cC1jb250ZW50XC91cGxvYWRzXC9zaXRlc1wvMjdcLzIwMjVcLzA3XC8yMDI1X1ZvbGtzbGF1Zl9KdWxpYW5LcnVtYm9lY2tfMDIwLmpwZyIsInNsaWRlc2hvdyI6IjVlMTM0ZDcifQ%3D%3D\">\n\t\t\t\t\t<div class=\"e-gallery-image elementor-gallery-item__image\" data-thumbnail=\"https:\/\/www.tsg-leutkirch.de\/skilaeuferzunft\/wp-content\/uploads\/sites\/27\/2025\/07\/2025_Volkslauf_JulianKrumboeck_020-300x200.jpg\" data-width=\"300\" data-height=\"200\" aria-label=\"\" role=\"img\" ><\/div>\n\t\t\t\t\t\t\t\t\t\t\t<div class=\"elementor-gallery-item__overlay\"><\/div>\n\t\t\t\t\t\t\t\t\t\t\t\t\t\t<\/a>\n\t\t\t\t\t\t\t<a class=\"e-gallery-item elementor-gallery-item elementor-animated-content\" href=\"https:\/\/www.tsg-leutkirch.de\/skilaeuferzunft\/wp-content\/uploads\/sites\/27\/2025\/07\/2025_Volkslauf_JulianKrumboeck_019.jpg\" data-elementor-open-lightbox=\"yes\" data-elementor-lightbox-slideshow=\"5e134d7\" data-elementor-lightbox-title=\"2025_Volkslauf_JulianKrumboeck_019\" data-e-action-hash=\"#elementor-action%3Aaction%3Dlightbox%26settings%3DeyJpZCI6MTIyODEsInVybCI6Imh0dHBzOlwvXC93d3cudHNnLWxldXRraXJjaC5kZVwvc2tpbGFldWZlcnp1bmZ0XC93cC1jb250ZW50XC91cGxvYWRzXC9zaXRlc1wvMjdcLzIwMjVcLzA3XC8yMDI1X1ZvbGtzbGF1Zl9KdWxpYW5LcnVtYm9lY2tfMDE5LmpwZyIsInNsaWRlc2hvdyI6IjVlMTM0ZDcifQ%3D%3D\">\n\t\t\t\t\t<div class=\"e-gallery-image elementor-gallery-item__image\" data-thumbnail=\"https:\/\/www.tsg-leutkirch.de\/skilaeuferzunft\/wp-content\/uploads\/sites\/27\/2025\/07\/2025_Volkslauf_JulianKrumboeck_019-300x200.jpg\" data-width=\"300\" data-height=\"200\" aria-label=\"\" role=\"img\" ><\/div>\n\t\t\t\t\t\t\t\t\t\t\t<div class=\"elementor-gallery-item__overlay\"><\/div>\n\t\t\t\t\t\t\t\t\t\t\t\t\t\t<\/a>\n\t\t\t\t\t\t\t<a class=\"e-gallery-item elementor-gallery-item elementor-animated-content\" href=\"https:\/\/www.tsg-leutkirch.de\/skilaeuferzunft\/wp-content\/uploads\/sites\/27\/2025\/07\/2025_Volkslauf_JulianKrumboeck_018.jpg\" data-elementor-open-lightbox=\"yes\" data-elementor-lightbox-slideshow=\"5e134d7\" data-elementor-lightbox-title=\"2025_Volkslauf_JulianKrumboeck_018\" data-e-action-hash=\"#elementor-action%3Aaction%3Dlightbox%26settings%3DeyJpZCI6MTIyODAsInVybCI6Imh0dHBzOlwvXC93d3cudHNnLWxldXRraXJjaC5kZVwvc2tpbGFldWZlcnp1bmZ0XC93cC1jb250ZW50XC91cGxvYWRzXC9zaXRlc1wvMjdcLzIwMjVcLzA3XC8yMDI1X1ZvbGtzbGF1Zl9KdWxpYW5LcnVtYm9lY2tfMDE4LmpwZyIsInNsaWRlc2hvdyI6IjVlMTM0ZDcifQ%3D%3D\">\n\t\t\t\t\t<div class=\"e-gallery-image elementor-gallery-item__image\" data-thumbnail=\"https:\/\/www.tsg-leutkirch.de\/skilaeuferzunft\/wp-content\/uploads\/sites\/27\/2025\/07\/2025_Volkslauf_JulianKrumboeck_018-300x200.jpg\" data-width=\"300\" data-height=\"200\" aria-label=\"\" role=\"img\" ><\/div>\n\t\t\t\t\t\t\t\t\t\t\t<div class=\"elementor-gallery-item__overlay\"><\/div>\n\t\t\t\t\t\t\t\t\t\t\t\t\t\t<\/a>\n\t\t\t\t\t\t\t<a class=\"e-gallery-item elementor-gallery-item elementor-animated-content\" href=\"https:\/\/www.tsg-leutkirch.de\/skilaeuferzunft\/wp-content\/uploads\/sites\/27\/2025\/07\/2025_Volkslauf_JulianKrumboeck_017.jpg\" data-elementor-open-lightbox=\"yes\" data-elementor-lightbox-slideshow=\"5e134d7\" data-elementor-lightbox-title=\"2025_Volkslauf_JulianKrumboeck_017\" data-e-action-hash=\"#elementor-action%3Aaction%3Dlightbox%26settings%3DeyJpZCI6MTIyNzksInVybCI6Imh0dHBzOlwvXC93d3cudHNnLWxldXRraXJjaC5kZVwvc2tpbGFldWZlcnp1bmZ0XC93cC1jb250ZW50XC91cGxvYWRzXC9zaXRlc1wvMjdcLzIwMjVcLzA3XC8yMDI1X1ZvbGtzbGF1Zl9KdWxpYW5LcnVtYm9lY2tfMDE3LmpwZyIsInNsaWRlc2hvdyI6IjVlMTM0ZDcifQ%3D%3D\">\n\t\t\t\t\t<div class=\"e-gallery-image elementor-gallery-item__image\" data-thumbnail=\"https:\/\/www.tsg-leutkirch.de\/skilaeuferzunft\/wp-content\/uploads\/sites\/27\/2025\/07\/2025_Volkslauf_JulianKrumboeck_017-300x200.jpg\" data-width=\"300\" data-height=\"200\" aria-label=\"\" role=\"img\" ><\/div>\n\t\t\t\t\t\t\t\t\t\t\t<div class=\"elementor-gallery-item__overlay\"><\/div>\n\t\t\t\t\t\t\t\t\t\t\t\t\t\t<\/a>\n\t\t\t\t\t\t\t<a class=\"e-gallery-item elementor-gallery-item elementor-animated-content\" href=\"https:\/\/www.tsg-leutkirch.de\/skilaeuferzunft\/wp-content\/uploads\/sites\/27\/2025\/07\/2025_Volkslauf_JulianKrumboeck_016.jpg\" data-elementor-open-lightbox=\"yes\" data-elementor-lightbox-slideshow=\"5e134d7\" data-elementor-lightbox-title=\"2025_Volkslauf_JulianKrumboeck_016\" data-e-action-hash=\"#elementor-action%3Aaction%3Dlightbox%26settings%3DeyJpZCI6MTIyNzgsInVybCI6Imh0dHBzOlwvXC93d3cudHNnLWxldXRraXJjaC5kZVwvc2tpbGFldWZlcnp1bmZ0XC93cC1jb250ZW50XC91cGxvYWRzXC9zaXRlc1wvMjdcLzIwMjVcLzA3XC8yMDI1X1ZvbGtzbGF1Zl9KdWxpYW5LcnVtYm9lY2tfMDE2LmpwZyIsInNsaWRlc2hvdyI6IjVlMTM0ZDcifQ%3D%3D\">\n\t\t\t\t\t<div class=\"e-gallery-image elementor-gallery-item__image\" data-thumbnail=\"https:\/\/www.tsg-leutkirch.de\/skilaeuferzunft\/wp-content\/uploads\/sites\/27\/2025\/07\/2025_Volkslauf_JulianKrumboeck_016-300x200.jpg\" data-width=\"300\" data-height=\"200\" aria-label=\"\" role=\"img\" ><\/div>\n\t\t\t\t\t\t\t\t\t\t\t<div class=\"elementor-gallery-item__overlay\"><\/div>\n\t\t\t\t\t\t\t\t\t\t\t\t\t\t<\/a>\n\t\t\t\t\t\t\t<a class=\"e-gallery-item elementor-gallery-item elementor-animated-content\" href=\"https:\/\/www.tsg-leutkirch.de\/skilaeuferzunft\/wp-content\/uploads\/sites\/27\/2025\/07\/2025_Volkslauf_JulianKrumboeck_015.jpg\" data-elementor-open-lightbox=\"yes\" data-elementor-lightbox-slideshow=\"5e134d7\" data-elementor-lightbox-title=\"2025_Volkslauf_JulianKrumboeck_015\" data-e-action-hash=\"#elementor-action%3Aaction%3Dlightbox%26settings%3DeyJpZCI6MTIyNzcsInVybCI6Imh0dHBzOlwvXC93d3cudHNnLWxldXRraXJjaC5kZVwvc2tpbGFldWZlcnp1bmZ0XC93cC1jb250ZW50XC91cGxvYWRzXC9zaXRlc1wvMjdcLzIwMjVcLzA3XC8yMDI1X1ZvbGtzbGF1Zl9KdWxpYW5LcnVtYm9lY2tfMDE1LmpwZyIsInNsaWRlc2hvdyI6IjVlMTM0ZDcifQ%3D%3D\">\n\t\t\t\t\t<div class=\"e-gallery-image elementor-gallery-item__image\" data-thumbnail=\"https:\/\/www.tsg-leutkirch.de\/skilaeuferzunft\/wp-content\/uploads\/sites\/27\/2025\/07\/2025_Volkslauf_JulianKrumboeck_015-300x200.jpg\" data-width=\"300\" data-height=\"200\" aria-label=\"\" role=\"img\" ><\/div>\n\t\t\t\t\t\t\t\t\t\t\t<div class=\"elementor-gallery-item__overlay\"><\/div>\n\t\t\t\t\t\t\t\t\t\t\t\t\t\t<\/a>\n\t\t\t\t\t\t\t<a class=\"e-gallery-item elementor-gallery-item elementor-animated-content\" href=\"https:\/\/www.tsg-leutkirch.de\/skilaeuferzunft\/wp-content\/uploads\/sites\/27\/2025\/07\/2025_Volkslauf_JulianKrumboeck_014.jpg\" data-elementor-open-lightbox=\"yes\" data-elementor-lightbox-slideshow=\"5e134d7\" data-elementor-lightbox-title=\"2025_Volkslauf_JulianKrumboeck_014\" data-e-action-hash=\"#elementor-action%3Aaction%3Dlightbox%26settings%3DeyJpZCI6MTIyNzYsInVybCI6Imh0dHBzOlwvXC93d3cudHNnLWxldXRraXJjaC5kZVwvc2tpbGFldWZlcnp1bmZ0XC93cC1jb250ZW50XC91cGxvYWRzXC9zaXRlc1wvMjdcLzIwMjVcLzA3XC8yMDI1X1ZvbGtzbGF1Zl9KdWxpYW5LcnVtYm9lY2tfMDE0LmpwZyIsInNsaWRlc2hvdyI6IjVlMTM0ZDcifQ%3D%3D\">\n\t\t\t\t\t<div class=\"e-gallery-image elementor-gallery-item__image\" data-thumbnail=\"https:\/\/www.tsg-leutkirch.de\/skilaeuferzunft\/wp-content\/uploads\/sites\/27\/2025\/07\/2025_Volkslauf_JulianKrumboeck_014-300x200.jpg\" data-width=\"300\" data-height=\"200\" aria-label=\"\" role=\"img\" ><\/div>\n\t\t\t\t\t\t\t\t\t\t\t<div class=\"elementor-gallery-item__overlay\"><\/div>\n\t\t\t\t\t\t\t\t\t\t\t\t\t\t<\/a>\n\t\t\t\t\t\t\t<a class=\"e-gallery-item elementor-gallery-item elementor-animated-content\" href=\"https:\/\/www.tsg-leutkirch.de\/skilaeuferzunft\/wp-content\/uploads\/sites\/27\/2025\/07\/2025_Volkslauf_JulianKrumboeck_013.jpg\" data-elementor-open-lightbox=\"yes\" data-elementor-lightbox-slideshow=\"5e134d7\" data-elementor-lightbox-title=\"2025_Volkslauf_JulianKrumboeck_013\" data-e-action-hash=\"#elementor-action%3Aaction%3Dlightbox%26settings%3DeyJpZCI6MTIyNzUsInVybCI6Imh0dHBzOlwvXC93d3cudHNnLWxldXRraXJjaC5kZVwvc2tpbGFldWZlcnp1bmZ0XC93cC1jb250ZW50XC91cGxvYWRzXC9zaXRlc1wvMjdcLzIwMjVcLzA3XC8yMDI1X1ZvbGtzbGF1Zl9KdWxpYW5LcnVtYm9lY2tfMDEzLmpwZyIsInNsaWRlc2hvdyI6IjVlMTM0ZDcifQ%3D%3D\">\n\t\t\t\t\t<div class=\"e-gallery-image elementor-gallery-item__image\" data-thumbnail=\"https:\/\/www.tsg-leutkirch.de\/skilaeuferzunft\/wp-content\/uploads\/sites\/27\/2025\/07\/2025_Volkslauf_JulianKrumboeck_013-300x200.jpg\" data-width=\"300\" data-height=\"200\" aria-label=\"\" role=\"img\" ><\/div>\n\t\t\t\t\t\t\t\t\t\t\t<div class=\"elementor-gallery-item__overlay\"><\/div>\n\t\t\t\t\t\t\t\t\t\t\t\t\t\t<\/a>\n\t\t\t\t\t\t\t<a class=\"e-gallery-item elementor-gallery-item elementor-animated-content\" href=\"https:\/\/www.tsg-leutkirch.de\/skilaeuferzunft\/wp-content\/uploads\/sites\/27\/2025\/07\/2025_Volkslauf_JulianKrumboeck_012.jpg\" data-elementor-open-lightbox=\"yes\" data-elementor-lightbox-slideshow=\"5e134d7\" data-elementor-lightbox-title=\"2025_Volkslauf_JulianKrumboeck_012\" data-e-action-hash=\"#elementor-action%3Aaction%3Dlightbox%26settings%3DeyJpZCI6MTIyNzQsInVybCI6Imh0dHBzOlwvXC93d3cudHNnLWxldXRraXJjaC5kZVwvc2tpbGFldWZlcnp1bmZ0XC93cC1jb250ZW50XC91cGxvYWRzXC9zaXRlc1wvMjdcLzIwMjVcLzA3XC8yMDI1X1ZvbGtzbGF1Zl9KdWxpYW5LcnVtYm9lY2tfMDEyLmpwZyIsInNsaWRlc2hvdyI6IjVlMTM0ZDcifQ%3D%3D\">\n\t\t\t\t\t<div class=\"e-gallery-image elementor-gallery-item__image\" data-thumbnail=\"https:\/\/www.tsg-leutkirch.de\/skilaeuferzunft\/wp-content\/uploads\/sites\/27\/2025\/07\/2025_Volkslauf_JulianKrumboeck_012-300x200.jpg\" data-width=\"300\" data-height=\"200\" aria-label=\"\" role=\"img\" ><\/div>\n\t\t\t\t\t\t\t\t\t\t\t<div class=\"elementor-gallery-item__overlay\"><\/div>\n\t\t\t\t\t\t\t\t\t\t\t\t\t\t<\/a>\n\t\t\t\t\t\t\t<a class=\"e-gallery-item elementor-gallery-item elementor-animated-content\" href=\"https:\/\/www.tsg-leutkirch.de\/skilaeuferzunft\/wp-content\/uploads\/sites\/27\/2025\/07\/2025_Volkslauf_JulianKrumboeck_011.jpg\" data-elementor-open-lightbox=\"yes\" data-elementor-lightbox-slideshow=\"5e134d7\" data-elementor-lightbox-title=\"2025_Volkslauf_JulianKrumboeck_011\" data-e-action-hash=\"#elementor-action%3Aaction%3Dlightbox%26settings%3DeyJpZCI6MTIyNzMsInVybCI6Imh0dHBzOlwvXC93d3cudHNnLWxldXRraXJjaC5kZVwvc2tpbGFldWZlcnp1bmZ0XC93cC1jb250ZW50XC91cGxvYWRzXC9zaXRlc1wvMjdcLzIwMjVcLzA3XC8yMDI1X1ZvbGtzbGF1Zl9KdWxpYW5LcnVtYm9lY2tfMDExLmpwZyIsInNsaWRlc2hvdyI6IjVlMTM0ZDcifQ%3D%3D\">\n\t\t\t\t\t<div class=\"e-gallery-image elementor-gallery-item__image\" data-thumbnail=\"https:\/\/www.tsg-leutkirch.de\/skilaeuferzunft\/wp-content\/uploads\/sites\/27\/2025\/07\/2025_Volkslauf_JulianKrumboeck_011-300x200.jpg\" data-width=\"300\" data-height=\"200\" aria-label=\"\" role=\"img\" ><\/div>\n\t\t\t\t\t\t\t\t\t\t\t<div class=\"elementor-gallery-item__overlay\"><\/div>\n\t\t\t\t\t\t\t\t\t\t\t\t\t\t<\/a>\n\t\t\t\t\t\t\t<a class=\"e-gallery-item elementor-gallery-item elementor-animated-content\" href=\"https:\/\/www.tsg-leutkirch.de\/skilaeuferzunft\/wp-content\/uploads\/sites\/27\/2025\/07\/2025_Volkslauf_JulianKrumboeck_010.jpg\" data-elementor-open-lightbox=\"yes\" data-elementor-lightbox-slideshow=\"5e134d7\" data-elementor-lightbox-title=\"2025_Volkslauf_JulianKrumboeck_010\" data-e-action-hash=\"#elementor-action%3Aaction%3Dlightbox%26settings%3DeyJpZCI6MTIyNzIsInVybCI6Imh0dHBzOlwvXC93d3cudHNnLWxldXRraXJjaC5kZVwvc2tpbGFldWZlcnp1bmZ0XC93cC1jb250ZW50XC91cGxvYWRzXC9zaXRlc1wvMjdcLzIwMjVcLzA3XC8yMDI1X1ZvbGtzbGF1Zl9KdWxpYW5LcnVtYm9lY2tfMDEwLmpwZyIsInNsaWRlc2hvdyI6IjVlMTM0ZDcifQ%3D%3D\">\n\t\t\t\t\t<div class=\"e-gallery-image elementor-gallery-item__image\" data-thumbnail=\"https:\/\/www.tsg-leutkirch.de\/skilaeuferzunft\/wp-content\/uploads\/sites\/27\/2025\/07\/2025_Volkslauf_JulianKrumboeck_010-300x200.jpg\" data-width=\"300\" data-height=\"200\" aria-label=\"\" role=\"img\" ><\/div>\n\t\t\t\t\t\t\t\t\t\t\t<div class=\"elementor-gallery-item__overlay\"><\/div>\n\t\t\t\t\t\t\t\t\t\t\t\t\t\t<\/a>\n\t\t\t\t\t\t\t<a class=\"e-gallery-item elementor-gallery-item elementor-animated-content\" href=\"https:\/\/www.tsg-leutkirch.de\/skilaeuferzunft\/wp-content\/uploads\/sites\/27\/2025\/07\/2025_Volkslauf_JulianKrumboeck_009.jpg\" data-elementor-open-lightbox=\"yes\" data-elementor-lightbox-slideshow=\"5e134d7\" data-elementor-lightbox-title=\"2025_Volkslauf_JulianKrumboeck_009\" data-e-action-hash=\"#elementor-action%3Aaction%3Dlightbox%26settings%3DeyJpZCI6MTIyNzEsInVybCI6Imh0dHBzOlwvXC93d3cudHNnLWxldXRraXJjaC5kZVwvc2tpbGFldWZlcnp1bmZ0XC93cC1jb250ZW50XC91cGxvYWRzXC9zaXRlc1wvMjdcLzIwMjVcLzA3XC8yMDI1X1ZvbGtzbGF1Zl9KdWxpYW5LcnVtYm9lY2tfMDA5LmpwZyIsInNsaWRlc2hvdyI6IjVlMTM0ZDcifQ%3D%3D\">\n\t\t\t\t\t<div class=\"e-gallery-image elementor-gallery-item__image\" data-thumbnail=\"https:\/\/www.tsg-leutkirch.de\/skilaeuferzunft\/wp-content\/uploads\/sites\/27\/2025\/07\/2025_Volkslauf_JulianKrumboeck_009-300x200.jpg\" data-width=\"300\" data-height=\"200\" aria-label=\"\" role=\"img\" ><\/div>\n\t\t\t\t\t\t\t\t\t\t\t<div class=\"elementor-gallery-item__overlay\"><\/div>\n\t\t\t\t\t\t\t\t\t\t\t\t\t\t<\/a>\n\t\t\t\t\t\t\t<a class=\"e-gallery-item elementor-gallery-item elementor-animated-content\" href=\"https:\/\/www.tsg-leutkirch.de\/skilaeuferzunft\/wp-content\/uploads\/sites\/27\/2025\/07\/2025_Volkslauf_JulianKrumboeck_008.jpg\" data-elementor-open-lightbox=\"yes\" data-elementor-lightbox-slideshow=\"5e134d7\" data-elementor-lightbox-title=\"2025_Volkslauf_JulianKrumboeck_008\" data-e-action-hash=\"#elementor-action%3Aaction%3Dlightbox%26settings%3DeyJpZCI6MTIyNzAsInVybCI6Imh0dHBzOlwvXC93d3cudHNnLWxldXRraXJjaC5kZVwvc2tpbGFldWZlcnp1bmZ0XC93cC1jb250ZW50XC91cGxvYWRzXC9zaXRlc1wvMjdcLzIwMjVcLzA3XC8yMDI1X1ZvbGtzbGF1Zl9KdWxpYW5LcnVtYm9lY2tfMDA4LmpwZyIsInNsaWRlc2hvdyI6IjVlMTM0ZDcifQ%3D%3D\">\n\t\t\t\t\t<div class=\"e-gallery-image elementor-gallery-item__image\" data-thumbnail=\"https:\/\/www.tsg-leutkirch.de\/skilaeuferzunft\/wp-content\/uploads\/sites\/27\/2025\/07\/2025_Volkslauf_JulianKrumboeck_008-300x200.jpg\" data-width=\"300\" data-height=\"200\" aria-label=\"\" role=\"img\" ><\/div>\n\t\t\t\t\t\t\t\t\t\t\t<div class=\"elementor-gallery-item__overlay\"><\/div>\n\t\t\t\t\t\t\t\t\t\t\t\t\t\t<\/a>\n\t\t\t\t\t\t\t<a class=\"e-gallery-item elementor-gallery-item elementor-animated-content\" href=\"https:\/\/www.tsg-leutkirch.de\/skilaeuferzunft\/wp-content\/uploads\/sites\/27\/2025\/07\/2025_Volkslauf_JulianKrumboeck_007.jpg\" data-elementor-open-lightbox=\"yes\" data-elementor-lightbox-slideshow=\"5e134d7\" data-elementor-lightbox-title=\"2025_Volkslauf_JulianKrumboeck_007\" data-e-action-hash=\"#elementor-action%3Aaction%3Dlightbox%26settings%3DeyJpZCI6MTIyNjksInVybCI6Imh0dHBzOlwvXC93d3cudHNnLWxldXRraXJjaC5kZVwvc2tpbGFldWZlcnp1bmZ0XC93cC1jb250ZW50XC91cGxvYWRzXC9zaXRlc1wvMjdcLzIwMjVcLzA3XC8yMDI1X1ZvbGtzbGF1Zl9KdWxpYW5LcnVtYm9lY2tfMDA3LmpwZyIsInNsaWRlc2hvdyI6IjVlMTM0ZDcifQ%3D%3D\">\n\t\t\t\t\t<div class=\"e-gallery-image elementor-gallery-item__image\" data-thumbnail=\"https:\/\/www.tsg-leutkirch.de\/skilaeuferzunft\/wp-content\/uploads\/sites\/27\/2025\/07\/2025_Volkslauf_JulianKrumboeck_007-300x200.jpg\" data-width=\"300\" data-height=\"200\" aria-label=\"\" role=\"img\" ><\/div>\n\t\t\t\t\t\t\t\t\t\t\t<div class=\"elementor-gallery-item__overlay\"><\/div>\n\t\t\t\t\t\t\t\t\t\t\t\t\t\t<\/a>\n\t\t\t\t\t\t\t<a class=\"e-gallery-item elementor-gallery-item elementor-animated-content\" href=\"https:\/\/www.tsg-leutkirch.de\/skilaeuferzunft\/wp-content\/uploads\/sites\/27\/2025\/07\/2025_Volkslauf_JulianKrumboeck_006.jpg\" data-elementor-open-lightbox=\"yes\" data-elementor-lightbox-slideshow=\"5e134d7\" data-elementor-lightbox-title=\"2025_Volkslauf_JulianKrumboeck_006\" data-e-action-hash=\"#elementor-action%3Aaction%3Dlightbox%26settings%3DeyJpZCI6MTIyNjgsInVybCI6Imh0dHBzOlwvXC93d3cudHNnLWxldXRraXJjaC5kZVwvc2tpbGFldWZlcnp1bmZ0XC93cC1jb250ZW50XC91cGxvYWRzXC9zaXRlc1wvMjdcLzIwMjVcLzA3XC8yMDI1X1ZvbGtzbGF1Zl9KdWxpYW5LcnVtYm9lY2tfMDA2LmpwZyIsInNsaWRlc2hvdyI6IjVlMTM0ZDcifQ%3D%3D\">\n\t\t\t\t\t<div class=\"e-gallery-image elementor-gallery-item__image\" data-thumbnail=\"https:\/\/www.tsg-leutkirch.de\/skilaeuferzunft\/wp-content\/uploads\/sites\/27\/2025\/07\/2025_Volkslauf_JulianKrumboeck_006-300x200.jpg\" data-width=\"300\" data-height=\"200\" aria-label=\"\" role=\"img\" ><\/div>\n\t\t\t\t\t\t\t\t\t\t\t<div class=\"elementor-gallery-item__overlay\"><\/div>\n\t\t\t\t\t\t\t\t\t\t\t\t\t\t<\/a>\n\t\t\t\t\t\t\t<a class=\"e-gallery-item elementor-gallery-item elementor-animated-content\" href=\"https:\/\/www.tsg-leutkirch.de\/skilaeuferzunft\/wp-content\/uploads\/sites\/27\/2025\/07\/2025_Volkslauf_JulianKrumboeck_005.jpg\" data-elementor-open-lightbox=\"yes\" data-elementor-lightbox-slideshow=\"5e134d7\" data-elementor-lightbox-title=\"2025_Volkslauf_JulianKrumboeck_005\" data-e-action-hash=\"#elementor-action%3Aaction%3Dlightbox%26settings%3DeyJpZCI6MTIyNjcsInVybCI6Imh0dHBzOlwvXC93d3cudHNnLWxldXRraXJjaC5kZVwvc2tpbGFldWZlcnp1bmZ0XC93cC1jb250ZW50XC91cGxvYWRzXC9zaXRlc1wvMjdcLzIwMjVcLzA3XC8yMDI1X1ZvbGtzbGF1Zl9KdWxpYW5LcnVtYm9lY2tfMDA1LmpwZyIsInNsaWRlc2hvdyI6IjVlMTM0ZDcifQ%3D%3D\">\n\t\t\t\t\t<div class=\"e-gallery-image elementor-gallery-item__image\" data-thumbnail=\"https:\/\/www.tsg-leutkirch.de\/skilaeuferzunft\/wp-content\/uploads\/sites\/27\/2025\/07\/2025_Volkslauf_JulianKrumboeck_005-300x200.jpg\" data-width=\"300\" data-height=\"200\" aria-label=\"\" role=\"img\" ><\/div>\n\t\t\t\t\t\t\t\t\t\t\t<div class=\"elementor-gallery-item__overlay\"><\/div>\n\t\t\t\t\t\t\t\t\t\t\t\t\t\t<\/a>\n\t\t\t\t\t\t\t<a class=\"e-gallery-item elementor-gallery-item elementor-animated-content\" href=\"https:\/\/www.tsg-leutkirch.de\/skilaeuferzunft\/wp-content\/uploads\/sites\/27\/2025\/07\/2025_Volkslauf_JulianKrumboeck_004.jpg\" data-elementor-open-lightbox=\"yes\" data-elementor-lightbox-slideshow=\"5e134d7\" data-elementor-lightbox-title=\"2025_Volkslauf_JulianKrumboeck_004\" data-e-action-hash=\"#elementor-action%3Aaction%3Dlightbox%26settings%3DeyJpZCI6MTIyNjYsInVybCI6Imh0dHBzOlwvXC93d3cudHNnLWxldXRraXJjaC5kZVwvc2tpbGFldWZlcnp1bmZ0XC93cC1jb250ZW50XC91cGxvYWRzXC9zaXRlc1wvMjdcLzIwMjVcLzA3XC8yMDI1X1ZvbGtzbGF1Zl9KdWxpYW5LcnVtYm9lY2tfMDA0LmpwZyIsInNsaWRlc2hvdyI6IjVlMTM0ZDcifQ%3D%3D\">\n\t\t\t\t\t<div class=\"e-gallery-image elementor-gallery-item__image\" data-thumbnail=\"https:\/\/www.tsg-leutkirch.de\/skilaeuferzunft\/wp-content\/uploads\/sites\/27\/2025\/07\/2025_Volkslauf_JulianKrumboeck_004-300x200.jpg\" data-width=\"300\" data-height=\"200\" aria-label=\"\" role=\"img\" ><\/div>\n\t\t\t\t\t\t\t\t\t\t\t<div class=\"elementor-gallery-item__overlay\"><\/div>\n\t\t\t\t\t\t\t\t\t\t\t\t\t\t<\/a>\n\t\t\t\t\t\t\t<a class=\"e-gallery-item elementor-gallery-item elementor-animated-content\" href=\"https:\/\/www.tsg-leutkirch.de\/skilaeuferzunft\/wp-content\/uploads\/sites\/27\/2025\/07\/2025_Volkslauf_JulianKrumboeck_003.jpg\" data-elementor-open-lightbox=\"yes\" data-elementor-lightbox-slideshow=\"5e134d7\" data-elementor-lightbox-title=\"2025_Volkslauf_JulianKrumboeck_003\" data-e-action-hash=\"#elementor-action%3Aaction%3Dlightbox%26settings%3DeyJpZCI6MTIyNjUsInVybCI6Imh0dHBzOlwvXC93d3cudHNnLWxldXRraXJjaC5kZVwvc2tpbGFldWZlcnp1bmZ0XC93cC1jb250ZW50XC91cGxvYWRzXC9zaXRlc1wvMjdcLzIwMjVcLzA3XC8yMDI1X1ZvbGtzbGF1Zl9KdWxpYW5LcnVtYm9lY2tfMDAzLmpwZyIsInNsaWRlc2hvdyI6IjVlMTM0ZDcifQ%3D%3D\">\n\t\t\t\t\t<div class=\"e-gallery-image elementor-gallery-item__image\" data-thumbnail=\"https:\/\/www.tsg-leutkirch.de\/skilaeuferzunft\/wp-content\/uploads\/sites\/27\/2025\/07\/2025_Volkslauf_JulianKrumboeck_003-300x200.jpg\" data-width=\"300\" data-height=\"200\" aria-label=\"\" role=\"img\" ><\/div>\n\t\t\t\t\t\t\t\t\t\t\t<div class=\"elementor-gallery-item__overlay\"><\/div>\n\t\t\t\t\t\t\t\t\t\t\t\t\t\t<\/a>\n\t\t\t\t\t\t\t<a class=\"e-gallery-item elementor-gallery-item elementor-animated-content\" href=\"https:\/\/www.tsg-leutkirch.de\/skilaeuferzunft\/wp-content\/uploads\/sites\/27\/2025\/07\/2025_Volkslauf_JulianKrumboeck_002.jpg\" data-elementor-open-lightbox=\"yes\" data-elementor-lightbox-slideshow=\"5e134d7\" data-elementor-lightbox-title=\"2025_Volkslauf_JulianKrumboeck_002\" data-e-action-hash=\"#elementor-action%3Aaction%3Dlightbox%26settings%3DeyJpZCI6MTIyNjQsInVybCI6Imh0dHBzOlwvXC93d3cudHNnLWxldXRraXJjaC5kZVwvc2tpbGFldWZlcnp1bmZ0XC93cC1jb250ZW50XC91cGxvYWRzXC9zaXRlc1wvMjdcLzIwMjVcLzA3XC8yMDI1X1ZvbGtzbGF1Zl9KdWxpYW5LcnVtYm9lY2tfMDAyLmpwZyIsInNsaWRlc2hvdyI6IjVlMTM0ZDcifQ%3D%3D\">\n\t\t\t\t\t<div class=\"e-gallery-image elementor-gallery-item__image\" data-thumbnail=\"https:\/\/www.tsg-leutkirch.de\/skilaeuferzunft\/wp-content\/uploads\/sites\/27\/2025\/07\/2025_Volkslauf_JulianKrumboeck_002-300x200.jpg\" data-width=\"300\" data-height=\"200\" aria-label=\"\" role=\"img\" ><\/div>\n\t\t\t\t\t\t\t\t\t\t\t<div class=\"elementor-gallery-item__overlay\"><\/div>\n\t\t\t\t\t\t\t\t\t\t\t\t\t\t<\/a>\n\t\t\t\t\t\t\t<a class=\"e-gallery-item elementor-gallery-item elementor-animated-content\" href=\"https:\/\/www.tsg-leutkirch.de\/skilaeuferzunft\/wp-content\/uploads\/sites\/27\/2025\/07\/2025_Volkslauf_JulianKrumboeck_001.jpg\" data-elementor-open-lightbox=\"yes\" data-elementor-lightbox-slideshow=\"5e134d7\" data-elementor-lightbox-title=\"2025_Volkslauf_JulianKrumboeck_001\" data-e-action-hash=\"#elementor-action%3Aaction%3Dlightbox%26settings%3DeyJpZCI6MTIyNjMsInVybCI6Imh0dHBzOlwvXC93d3cudHNnLWxldXRraXJjaC5kZVwvc2tpbGFldWZlcnp1bmZ0XC93cC1jb250ZW50XC91cGxvYWRzXC9zaXRlc1wvMjdcLzIwMjVcLzA3XC8yMDI1X1ZvbGtzbGF1Zl9KdWxpYW5LcnVtYm9lY2tfMDAxLmpwZyIsInNsaWRlc2hvdyI6IjVlMTM0ZDcifQ%3D%3D\">\n\t\t\t\t\t<div class=\"e-gallery-image elementor-gallery-item__image\" data-thumbnail=\"https:\/\/www.tsg-leutkirch.de\/skilaeuferzunft\/wp-content\/uploads\/sites\/27\/2025\/07\/2025_Volkslauf_JulianKrumboeck_001-300x200.jpg\" data-width=\"300\" data-height=\"200\" aria-label=\"\" role=\"img\" ><\/div>\n\t\t\t\t\t\t\t\t\t\t\t<div class=\"elementor-gallery-item__overlay\"><\/div>\n\t\t\t\t\t\t\t\t\t\t\t\t\t\t<\/a>\n\t\t\t\t\t\t\t<a class=\"e-gallery-item elementor-gallery-item elementor-animated-content\" href=\"https:\/\/www.tsg-leutkirch.de\/skilaeuferzunft\/wp-content\/uploads\/sites\/27\/2025\/07\/2025_Volkslauf_GerdHeine_023.jpg\" data-elementor-open-lightbox=\"yes\" data-elementor-lightbox-slideshow=\"5e134d7\" data-elementor-lightbox-title=\"2025_Volkslauf_GerdHeine_023\" data-e-action-hash=\"#elementor-action%3Aaction%3Dlightbox%26settings%3DeyJpZCI6MTIyNjIsInVybCI6Imh0dHBzOlwvXC93d3cudHNnLWxldXRraXJjaC5kZVwvc2tpbGFldWZlcnp1bmZ0XC93cC1jb250ZW50XC91cGxvYWRzXC9zaXRlc1wvMjdcLzIwMjVcLzA3XC8yMDI1X1ZvbGtzbGF1Zl9HZXJkSGVpbmVfMDIzLmpwZyIsInNsaWRlc2hvdyI6IjVlMTM0ZDcifQ%3D%3D\">\n\t\t\t\t\t<div class=\"e-gallery-image elementor-gallery-item__image\" data-thumbnail=\"https:\/\/www.tsg-leutkirch.de\/skilaeuferzunft\/wp-content\/uploads\/sites\/27\/2025\/07\/2025_Volkslauf_GerdHeine_023-300x200.jpg\" data-width=\"300\" data-height=\"200\" aria-label=\"\" role=\"img\" ><\/div>\n\t\t\t\t\t\t\t\t\t\t\t<div class=\"elementor-gallery-item__overlay\"><\/div>\n\t\t\t\t\t\t\t\t\t\t\t\t\t\t<\/a>\n\t\t\t\t\t\t\t<a class=\"e-gallery-item elementor-gallery-item elementor-animated-content\" href=\"https:\/\/www.tsg-leutkirch.de\/skilaeuferzunft\/wp-content\/uploads\/sites\/27\/2025\/07\/2025_Volkslauf_GerdHeine_022.jpg\" data-elementor-open-lightbox=\"yes\" data-elementor-lightbox-slideshow=\"5e134d7\" data-elementor-lightbox-title=\"2025_Volkslauf_GerdHeine_022\" data-e-action-hash=\"#elementor-action%3Aaction%3Dlightbox%26settings%3DeyJpZCI6MTIyNjEsInVybCI6Imh0dHBzOlwvXC93d3cudHNnLWxldXRraXJjaC5kZVwvc2tpbGFldWZlcnp1bmZ0XC93cC1jb250ZW50XC91cGxvYWRzXC9zaXRlc1wvMjdcLzIwMjVcLzA3XC8yMDI1X1ZvbGtzbGF1Zl9HZXJkSGVpbmVfMDIyLmpwZyIsInNsaWRlc2hvdyI6IjVlMTM0ZDcifQ%3D%3D\">\n\t\t\t\t\t<div class=\"e-gallery-image elementor-gallery-item__image\" data-thumbnail=\"https:\/\/www.tsg-leutkirch.de\/skilaeuferzunft\/wp-content\/uploads\/sites\/27\/2025\/07\/2025_Volkslauf_GerdHeine_022-300x200.jpg\" data-width=\"300\" data-height=\"200\" aria-label=\"\" role=\"img\" ><\/div>\n\t\t\t\t\t\t\t\t\t\t\t<div class=\"elementor-gallery-item__overlay\"><\/div>\n\t\t\t\t\t\t\t\t\t\t\t\t\t\t<\/a>\n\t\t\t\t\t\t\t<a class=\"e-gallery-item elementor-gallery-item elementor-animated-content\" href=\"https:\/\/www.tsg-leutkirch.de\/skilaeuferzunft\/wp-content\/uploads\/sites\/27\/2025\/07\/2025_Volkslauf_GerdHeine_021.jpg\" data-elementor-open-lightbox=\"yes\" data-elementor-lightbox-slideshow=\"5e134d7\" data-elementor-lightbox-title=\"2025_Volkslauf_GerdHeine_021\" data-e-action-hash=\"#elementor-action%3Aaction%3Dlightbox%26settings%3DeyJpZCI6MTIyNjAsInVybCI6Imh0dHBzOlwvXC93d3cudHNnLWxldXRraXJjaC5kZVwvc2tpbGFldWZlcnp1bmZ0XC93cC1jb250ZW50XC91cGxvYWRzXC9zaXRlc1wvMjdcLzIwMjVcLzA3XC8yMDI1X1ZvbGtzbGF1Zl9HZXJkSGVpbmVfMDIxLmpwZyIsInNsaWRlc2hvdyI6IjVlMTM0ZDcifQ%3D%3D\">\n\t\t\t\t\t<div class=\"e-gallery-image elementor-gallery-item__image\" data-thumbnail=\"https:\/\/www.tsg-leutkirch.de\/skilaeuferzunft\/wp-content\/uploads\/sites\/27\/2025\/07\/2025_Volkslauf_GerdHeine_021-300x200.jpg\" data-width=\"300\" data-height=\"200\" aria-label=\"\" role=\"img\" ><\/div>\n\t\t\t\t\t\t\t\t\t\t\t<div class=\"elementor-gallery-item__overlay\"><\/div>\n\t\t\t\t\t\t\t\t\t\t\t\t\t\t<\/a>\n\t\t\t\t\t\t\t<a class=\"e-gallery-item elementor-gallery-item elementor-animated-content\" href=\"https:\/\/www.tsg-leutkirch.de\/skilaeuferzunft\/wp-content\/uploads\/sites\/27\/2025\/07\/2025_Volkslauf_GerdHeine_020.jpg\" data-elementor-open-lightbox=\"yes\" data-elementor-lightbox-slideshow=\"5e134d7\" data-elementor-lightbox-title=\"2025_Volkslauf_GerdHeine_020\" data-e-action-hash=\"#elementor-action%3Aaction%3Dlightbox%26settings%3DeyJpZCI6MTIyNTksInVybCI6Imh0dHBzOlwvXC93d3cudHNnLWxldXRraXJjaC5kZVwvc2tpbGFldWZlcnp1bmZ0XC93cC1jb250ZW50XC91cGxvYWRzXC9zaXRlc1wvMjdcLzIwMjVcLzA3XC8yMDI1X1ZvbGtzbGF1Zl9HZXJkSGVpbmVfMDIwLmpwZyIsInNsaWRlc2hvdyI6IjVlMTM0ZDcifQ%3D%3D\">\n\t\t\t\t\t<div class=\"e-gallery-image elementor-gallery-item__image\" data-thumbnail=\"https:\/\/www.tsg-leutkirch.de\/skilaeuferzunft\/wp-content\/uploads\/sites\/27\/2025\/07\/2025_Volkslauf_GerdHeine_020-300x200.jpg\" data-width=\"300\" data-height=\"200\" aria-label=\"\" role=\"img\" ><\/div>\n\t\t\t\t\t\t\t\t\t\t\t<div class=\"elementor-gallery-item__overlay\"><\/div>\n\t\t\t\t\t\t\t\t\t\t\t\t\t\t<\/a>\n\t\t\t\t\t\t\t<a class=\"e-gallery-item elementor-gallery-item elementor-animated-content\" href=\"https:\/\/www.tsg-leutkirch.de\/skilaeuferzunft\/wp-content\/uploads\/sites\/27\/2025\/07\/2025_Volkslauf_GerdHeine_019.jpg\" data-elementor-open-lightbox=\"yes\" data-elementor-lightbox-slideshow=\"5e134d7\" data-elementor-lightbox-title=\"2025_Volkslauf_GerdHeine_019\" data-e-action-hash=\"#elementor-action%3Aaction%3Dlightbox%26settings%3DeyJpZCI6MTIyNTgsInVybCI6Imh0dHBzOlwvXC93d3cudHNnLWxldXRraXJjaC5kZVwvc2tpbGFldWZlcnp1bmZ0XC93cC1jb250ZW50XC91cGxvYWRzXC9zaXRlc1wvMjdcLzIwMjVcLzA3XC8yMDI1X1ZvbGtzbGF1Zl9HZXJkSGVpbmVfMDE5LmpwZyIsInNsaWRlc2hvdyI6IjVlMTM0ZDcifQ%3D%3D\">\n\t\t\t\t\t<div class=\"e-gallery-image elementor-gallery-item__image\" data-thumbnail=\"https:\/\/www.tsg-leutkirch.de\/skilaeuferzunft\/wp-content\/uploads\/sites\/27\/2025\/07\/2025_Volkslauf_GerdHeine_019-300x200.jpg\" data-width=\"300\" data-height=\"200\" aria-label=\"\" role=\"img\" ><\/div>\n\t\t\t\t\t\t\t\t\t\t\t<div class=\"elementor-gallery-item__overlay\"><\/div>\n\t\t\t\t\t\t\t\t\t\t\t\t\t\t<\/a>\n\t\t\t\t\t\t\t<a class=\"e-gallery-item elementor-gallery-item elementor-animated-content\" href=\"https:\/\/www.tsg-leutkirch.de\/skilaeuferzunft\/wp-content\/uploads\/sites\/27\/2025\/07\/2025_Volkslauf_GerdHeine_018.jpg\" data-elementor-open-lightbox=\"yes\" data-elementor-lightbox-slideshow=\"5e134d7\" data-elementor-lightbox-title=\"2025_Volkslauf_GerdHeine_018\" data-e-action-hash=\"#elementor-action%3Aaction%3Dlightbox%26settings%3DeyJpZCI6MTIyNTcsInVybCI6Imh0dHBzOlwvXC93d3cudHNnLWxldXRraXJjaC5kZVwvc2tpbGFldWZlcnp1bmZ0XC93cC1jb250ZW50XC91cGxvYWRzXC9zaXRlc1wvMjdcLzIwMjVcLzA3XC8yMDI1X1ZvbGtzbGF1Zl9HZXJkSGVpbmVfMDE4LmpwZyIsInNsaWRlc2hvdyI6IjVlMTM0ZDcifQ%3D%3D\">\n\t\t\t\t\t<div class=\"e-gallery-image elementor-gallery-item__image\" data-thumbnail=\"https:\/\/www.tsg-leutkirch.de\/skilaeuferzunft\/wp-content\/uploads\/sites\/27\/2025\/07\/2025_Volkslauf_GerdHeine_018-300x200.jpg\" data-width=\"300\" data-height=\"200\" aria-label=\"\" role=\"img\" ><\/div>\n\t\t\t\t\t\t\t\t\t\t\t<div class=\"elementor-gallery-item__overlay\"><\/div>\n\t\t\t\t\t\t\t\t\t\t\t\t\t\t<\/a>\n\t\t\t\t\t\t\t<a class=\"e-gallery-item elementor-gallery-item elementor-animated-content\" href=\"https:\/\/www.tsg-leutkirch.de\/skilaeuferzunft\/wp-content\/uploads\/sites\/27\/2025\/07\/2025_Volkslauf_GerdHeine_017.jpg\" data-elementor-open-lightbox=\"yes\" data-elementor-lightbox-slideshow=\"5e134d7\" data-elementor-lightbox-title=\"2025_Volkslauf_GerdHeine_017\" data-e-action-hash=\"#elementor-action%3Aaction%3Dlightbox%26settings%3DeyJpZCI6MTIyNTYsInVybCI6Imh0dHBzOlwvXC93d3cudHNnLWxldXRraXJjaC5kZVwvc2tpbGFldWZlcnp1bmZ0XC93cC1jb250ZW50XC91cGxvYWRzXC9zaXRlc1wvMjdcLzIwMjVcLzA3XC8yMDI1X1ZvbGtzbGF1Zl9HZXJkSGVpbmVfMDE3LmpwZyIsInNsaWRlc2hvdyI6IjVlMTM0ZDcifQ%3D%3D\">\n\t\t\t\t\t<div class=\"e-gallery-image elementor-gallery-item__image\" data-thumbnail=\"https:\/\/www.tsg-leutkirch.de\/skilaeuferzunft\/wp-content\/uploads\/sites\/27\/2025\/07\/2025_Volkslauf_GerdHeine_017-300x200.jpg\" data-width=\"300\" data-height=\"200\" aria-label=\"\" role=\"img\" ><\/div>\n\t\t\t\t\t\t\t\t\t\t\t<div class=\"elementor-gallery-item__overlay\"><\/div>\n\t\t\t\t\t\t\t\t\t\t\t\t\t\t<\/a>\n\t\t\t\t\t\t\t<a class=\"e-gallery-item elementor-gallery-item elementor-animated-content\" href=\"https:\/\/www.tsg-leutkirch.de\/skilaeuferzunft\/wp-content\/uploads\/sites\/27\/2025\/07\/2025_Volkslauf_GerdHeine_016.jpg\" data-elementor-open-lightbox=\"yes\" data-elementor-lightbox-slideshow=\"5e134d7\" data-elementor-lightbox-title=\"2025_Volkslauf_GerdHeine_016\" data-e-action-hash=\"#elementor-action%3Aaction%3Dlightbox%26settings%3DeyJpZCI6MTIyNTUsInVybCI6Imh0dHBzOlwvXC93d3cudHNnLWxldXRraXJjaC5kZVwvc2tpbGFldWZlcnp1bmZ0XC93cC1jb250ZW50XC91cGxvYWRzXC9zaXRlc1wvMjdcLzIwMjVcLzA3XC8yMDI1X1ZvbGtzbGF1Zl9HZXJkSGVpbmVfMDE2LmpwZyIsInNsaWRlc2hvdyI6IjVlMTM0ZDcifQ%3D%3D\">\n\t\t\t\t\t<div class=\"e-gallery-image elementor-gallery-item__image\" data-thumbnail=\"https:\/\/www.tsg-leutkirch.de\/skilaeuferzunft\/wp-content\/uploads\/sites\/27\/2025\/07\/2025_Volkslauf_GerdHeine_016-300x200.jpg\" data-width=\"300\" data-height=\"200\" aria-label=\"\" role=\"img\" ><\/div>\n\t\t\t\t\t\t\t\t\t\t\t<div class=\"elementor-gallery-item__overlay\"><\/div>\n\t\t\t\t\t\t\t\t\t\t\t\t\t\t<\/a>\n\t\t\t\t\t\t\t<a class=\"e-gallery-item elementor-gallery-item elementor-animated-content\" href=\"https:\/\/www.tsg-leutkirch.de\/skilaeuferzunft\/wp-content\/uploads\/sites\/27\/2025\/07\/2025_Volkslauf_GerdHeine_015.jpg\" data-elementor-open-lightbox=\"yes\" data-elementor-lightbox-slideshow=\"5e134d7\" data-elementor-lightbox-title=\"2025_Volkslauf_GerdHeine_015\" data-e-action-hash=\"#elementor-action%3Aaction%3Dlightbox%26settings%3DeyJpZCI6MTIyNTQsInVybCI6Imh0dHBzOlwvXC93d3cudHNnLWxldXRraXJjaC5kZVwvc2tpbGFldWZlcnp1bmZ0XC93cC1jb250ZW50XC91cGxvYWRzXC9zaXRlc1wvMjdcLzIwMjVcLzA3XC8yMDI1X1ZvbGtzbGF1Zl9HZXJkSGVpbmVfMDE1LmpwZyIsInNsaWRlc2hvdyI6IjVlMTM0ZDcifQ%3D%3D\">\n\t\t\t\t\t<div class=\"e-gallery-image elementor-gallery-item__image\" data-thumbnail=\"https:\/\/www.tsg-leutkirch.de\/skilaeuferzunft\/wp-content\/uploads\/sites\/27\/2025\/07\/2025_Volkslauf_GerdHeine_015-300x200.jpg\" data-width=\"300\" data-height=\"200\" aria-label=\"\" role=\"img\" ><\/div>\n\t\t\t\t\t\t\t\t\t\t\t<div class=\"elementor-gallery-item__overlay\"><\/div>\n\t\t\t\t\t\t\t\t\t\t\t\t\t\t<\/a>\n\t\t\t\t\t\t\t<a class=\"e-gallery-item elementor-gallery-item elementor-animated-content\" href=\"https:\/\/www.tsg-leutkirch.de\/skilaeuferzunft\/wp-content\/uploads\/sites\/27\/2025\/07\/2025_Volkslauf_GerdHeine_014.jpg\" data-elementor-open-lightbox=\"yes\" data-elementor-lightbox-slideshow=\"5e134d7\" data-elementor-lightbox-title=\"2025_Volkslauf_GerdHeine_014\" data-e-action-hash=\"#elementor-action%3Aaction%3Dlightbox%26settings%3DeyJpZCI6MTIyNTMsInVybCI6Imh0dHBzOlwvXC93d3cudHNnLWxldXRraXJjaC5kZVwvc2tpbGFldWZlcnp1bmZ0XC93cC1jb250ZW50XC91cGxvYWRzXC9zaXRlc1wvMjdcLzIwMjVcLzA3XC8yMDI1X1ZvbGtzbGF1Zl9HZXJkSGVpbmVfMDE0LmpwZyIsInNsaWRlc2hvdyI6IjVlMTM0ZDcifQ%3D%3D\">\n\t\t\t\t\t<div class=\"e-gallery-image elementor-gallery-item__image\" data-thumbnail=\"https:\/\/www.tsg-leutkirch.de\/skilaeuferzunft\/wp-content\/uploads\/sites\/27\/2025\/07\/2025_Volkslauf_GerdHeine_014-300x200.jpg\" data-width=\"300\" data-height=\"200\" aria-label=\"\" role=\"img\" ><\/div>\n\t\t\t\t\t\t\t\t\t\t\t<div class=\"elementor-gallery-item__overlay\"><\/div>\n\t\t\t\t\t\t\t\t\t\t\t\t\t\t<\/a>\n\t\t\t\t\t\t\t<a class=\"e-gallery-item elementor-gallery-item elementor-animated-content\" href=\"https:\/\/www.tsg-leutkirch.de\/skilaeuferzunft\/wp-content\/uploads\/sites\/27\/2025\/07\/2025_Volkslauf_GerdHeine_013.jpg\" data-elementor-open-lightbox=\"yes\" data-elementor-lightbox-slideshow=\"5e134d7\" data-elementor-lightbox-title=\"2025_Volkslauf_GerdHeine_013\" data-e-action-hash=\"#elementor-action%3Aaction%3Dlightbox%26settings%3DeyJpZCI6MTIyNTIsInVybCI6Imh0dHBzOlwvXC93d3cudHNnLWxldXRraXJjaC5kZVwvc2tpbGFldWZlcnp1bmZ0XC93cC1jb250ZW50XC91cGxvYWRzXC9zaXRlc1wvMjdcLzIwMjVcLzA3XC8yMDI1X1ZvbGtzbGF1Zl9HZXJkSGVpbmVfMDEzLmpwZyIsInNsaWRlc2hvdyI6IjVlMTM0ZDcifQ%3D%3D\">\n\t\t\t\t\t<div class=\"e-gallery-image elementor-gallery-item__image\" data-thumbnail=\"https:\/\/www.tsg-leutkirch.de\/skilaeuferzunft\/wp-content\/uploads\/sites\/27\/2025\/07\/2025_Volkslauf_GerdHeine_013-300x200.jpg\" data-width=\"300\" data-height=\"200\" aria-label=\"\" role=\"img\" ><\/div>\n\t\t\t\t\t\t\t\t\t\t\t<div class=\"elementor-gallery-item__overlay\"><\/div>\n\t\t\t\t\t\t\t\t\t\t\t\t\t\t<\/a>\n\t\t\t\t\t\t\t<a class=\"e-gallery-item elementor-gallery-item elementor-animated-content\" href=\"https:\/\/www.tsg-leutkirch.de\/skilaeuferzunft\/wp-content\/uploads\/sites\/27\/2025\/07\/2025_Volkslauf_GerdHeine_012.jpg\" data-elementor-open-lightbox=\"yes\" data-elementor-lightbox-slideshow=\"5e134d7\" data-elementor-lightbox-title=\"2025_Volkslauf_GerdHeine_012\" data-e-action-hash=\"#elementor-action%3Aaction%3Dlightbox%26settings%3DeyJpZCI6MTIyNTEsInVybCI6Imh0dHBzOlwvXC93d3cudHNnLWxldXRraXJjaC5kZVwvc2tpbGFldWZlcnp1bmZ0XC93cC1jb250ZW50XC91cGxvYWRzXC9zaXRlc1wvMjdcLzIwMjVcLzA3XC8yMDI1X1ZvbGtzbGF1Zl9HZXJkSGVpbmVfMDEyLmpwZyIsInNsaWRlc2hvdyI6IjVlMTM0ZDcifQ%3D%3D\">\n\t\t\t\t\t<div class=\"e-gallery-image elementor-gallery-item__image\" data-thumbnail=\"https:\/\/www.tsg-leutkirch.de\/skilaeuferzunft\/wp-content\/uploads\/sites\/27\/2025\/07\/2025_Volkslauf_GerdHeine_012-300x200.jpg\" data-width=\"300\" data-height=\"200\" aria-label=\"\" role=\"img\" ><\/div>\n\t\t\t\t\t\t\t\t\t\t\t<div class=\"elementor-gallery-item__overlay\"><\/div>\n\t\t\t\t\t\t\t\t\t\t\t\t\t\t<\/a>\n\t\t\t\t\t\t\t<a class=\"e-gallery-item elementor-gallery-item elementor-animated-content\" href=\"https:\/\/www.tsg-leutkirch.de\/skilaeuferzunft\/wp-content\/uploads\/sites\/27\/2025\/07\/2025_Volkslauf_GerdHeine_011.jpg\" data-elementor-open-lightbox=\"yes\" data-elementor-lightbox-slideshow=\"5e134d7\" data-elementor-lightbox-title=\"2025_Volkslauf_GerdHeine_011\" data-e-action-hash=\"#elementor-action%3Aaction%3Dlightbox%26settings%3DeyJpZCI6MTIyNTAsInVybCI6Imh0dHBzOlwvXC93d3cudHNnLWxldXRraXJjaC5kZVwvc2tpbGFldWZlcnp1bmZ0XC93cC1jb250ZW50XC91cGxvYWRzXC9zaXRlc1wvMjdcLzIwMjVcLzA3XC8yMDI1X1ZvbGtzbGF1Zl9HZXJkSGVpbmVfMDExLmpwZyIsInNsaWRlc2hvdyI6IjVlMTM0ZDcifQ%3D%3D\">\n\t\t\t\t\t<div class=\"e-gallery-image elementor-gallery-item__image\" data-thumbnail=\"https:\/\/www.tsg-leutkirch.de\/skilaeuferzunft\/wp-content\/uploads\/sites\/27\/2025\/07\/2025_Volkslauf_GerdHeine_011-300x200.jpg\" data-width=\"300\" data-height=\"200\" aria-label=\"\" role=\"img\" ><\/div>\n\t\t\t\t\t\t\t\t\t\t\t<div class=\"elementor-gallery-item__overlay\"><\/div>\n\t\t\t\t\t\t\t\t\t\t\t\t\t\t<\/a>\n\t\t\t\t\t<\/div>\n\t\t\t\t\t<\/div>\n\t\t\t\t<\/div>\n\t\t\t\t\t<\/div>\n\t\t<\/div>\n\t\t\t\t\t<\/div>\n\t\t<\/section>\n\t\t\t\t<\/div>\n\t\t","protected":false},"excerpt":{"rendered":"<p>Bildergalerie 53. Internationaler Allg\u00e4u Volkslauf 2025 Hauptlauf 10km + 5KM 20.07.2025, Leutkirch-Wilhelmsh\u00f6he. Fotos von Julian Krumb\u00f6ck und Gerd Heine<\/p>\n","protected":false},"author":16,"featured_media":0,"parent":0,"menu_order":0,"comment_status":"closed","ping_status":"closed","template":"","meta":{"_acf_changed":false,"site-sidebar-layout":"no-sidebar","site-content-layout":"page-builder","ast-site-content-layout":"full-width-container","site-content-style":"unboxed","site-sidebar-style":"unboxed","ast-global-header-display":"","ast-banner-title-visibility":"","ast-main-header-display":"","ast-hfb-above-header-display":"","ast-hfb-below-header-display":"","ast-hfb-mobile-header-display":"","site-post-title":"disabled","ast-breadcrumbs-content":"","ast-featured-img":"disabled","footer-sml-layout":"","ast-disable-related-posts":"","theme-transparent-header-meta":"default","adv-header-id-meta":"","stick-header-meta":"default","header-above-stick-meta":"","header-main-stick-meta":"","header-below-stick-meta":"","astra-migrate-meta-layouts":"set","ast-page-background-enabled":"default","ast-page-background-meta":{"desktop":{"background-color":"","background-image":"","background-repeat":"repeat","background-position":"center center","background-size":"auto","background-attachment":"scroll","background-type":"","background-media":"","overlay-type":"","overlay-color":"","overlay-opacity":"","overlay-gradient":""},"tablet":{"background-color":"","background-image":"","background-repeat":"repeat","background-position":"center center","background-size":"auto","background-attachment":"scroll","background-type":"","background-media":"","overlay-type":"","overlay-color":"","overlay-opacity":"","overlay-gradient":""},"mobile":{"background-color":"","background-image":"","background-repeat":"repeat","background-position":"center center","background-size":"auto","background-attachment":"scroll","background-type":"","background-media":"","overlay-type":"","overlay-color":"","overlay-opacity":"","overlay-gradient":""}},"ast-content-background-meta":{"desktop":{"background-color":"var(--ast-global-color-5)","background-image":"","background-repeat":"repeat","background-position":"center center","background-size":"auto","background-attachment":"scroll","background-type":"","background-media":"","overlay-type":"","overlay-color":"","overlay-opacity":"","overlay-gradient":""},"tablet":{"background-color":"var(--ast-global-color-5)","background-image":"","background-repeat":"repeat","background-position":"center center","background-size":"auto","background-attachment":"scroll","background-type":"","background-media":"","overlay-type":"","overlay-color":"","overlay-opacity":"","overlay-gradient":""},"mobile":{"background-color":"var(--ast-global-color-5)","background-image":"","background-repeat":"repeat","background-position":"center center","background-size":"auto","background-attachment":"scroll","background-type":"","background-media":"","overlay-type":"","overlay-color":"","overlay-opacity":"","overlay-gradient":""}},"footnotes":""},"class_list":["post-12378","page","type-page","status-publish","hentry"],"acf":[],"_links":{"self":[{"href":"https:\/\/www.tsg-leutkirch.de\/skilaeuferzunft\/wp-json\/wp\/v2\/pages\/12378","targetHints":{"allow":["GET"]}}],"collection":[{"href":"https:\/\/www.tsg-leutkirch.de\/skilaeuferzunft\/wp-json\/wp\/v2\/pages"}],"about":[{"href":"https:\/\/www.tsg-leutkirch.de\/skilaeuferzunft\/wp-json\/wp\/v2\/types\/page"}],"author":[{"embeddable":true,"href":"https:\/\/www.tsg-leutkirch.de\/skilaeuferzunft\/wp-json\/wp\/v2\/users\/16"}],"replies":[{"embeddable":true,"href":"https:\/\/www.tsg-leutkirch.de\/skilaeuferzunft\/wp-json\/wp\/v2\/comments?post=12378"}],"version-history":[{"count":8,"href":"https:\/\/www.tsg-leutkirch.de\/skilaeuferzunft\/wp-json\/wp\/v2\/pages\/12378\/revisions"}],"predecessor-version":[{"id":12392,"href":"https:\/\/www.tsg-leutkirch.de\/skilaeuferzunft\/wp-json\/wp\/v2\/pages\/12378\/revisions\/12392"}],"wp:attachment":[{"href":"https:\/\/www.tsg-leutkirch.de\/skilaeuferzunft\/wp-json\/wp\/v2\/media?parent=12378"}],"curies":[{"name":"wp","href":"https:\/\/api.w.org\/{rel}","templated":true}]}}