{"id":191,"date":"2020-04-16T11:47:53","date_gmt":"2020-04-16T09:47:53","guid":{"rendered":"http:\/\/multitsg.iamhosting.de\/spielmannszug\/?page_id=191"},"modified":"2020-04-16T16:28:40","modified_gmt":"2020-04-16T14:28:40","slug":"chronik","status":"publish","type":"page","link":"https:\/\/www.tsg-leutkirch.de\/spielmannszug\/chronik\/","title":{"rendered":"Chronik"},"content":{"rendered":"\t\t<div data-elementor-type=\"wp-page\" data-elementor-id=\"191\" class=\"elementor elementor-191\" data-elementor-post-type=\"page\">\n\t\t\t\t\t\t<section class=\"elementor-section elementor-top-section elementor-element elementor-element-a09ce5e elementor-section-stretched elementor-section-content-middle elementor-section-height-min-height elementor-section-boxed elementor-section-height-default elementor-section-items-middle\" data-id=\"a09ce5e\" data-element_type=\"section\" data-e-type=\"section\" id=\"home\" data-settings=\"{&quot;stretch_section&quot;:&quot;section-stretched&quot;,&quot;background_background&quot;:&quot;classic&quot;,&quot;shape_divider_bottom&quot;:&quot;triangle-asymmetrical&quot;,&quot;shape_divider_bottom_negative&quot;:&quot;yes&quot;,&quot;jet_parallax_layout_list&quot;:[]}\">\n\t\t\t\t\t<div class=\"elementor-shape elementor-shape-bottom\" aria-hidden=\"true\" data-negative=\"true\">\n\t\t\t<svg xmlns=\"http:\/\/www.w3.org\/2000\/svg\" viewBox=\"0 0 1000 100\" preserveAspectRatio=\"none\">\n\t<path class=\"elementor-shape-fill\" d=\"M737.9,94.7L0,0v100h1000V0L737.9,94.7z\"\/>\n<\/svg>\t\t<\/div>\n\t\t\t\t\t<div class=\"elementor-container elementor-column-gap-default\">\n\t\t\t\t\t<div class=\"elementor-column elementor-col-100 elementor-top-column elementor-element elementor-element-2f755dbe\" data-id=\"2f755dbe\" data-element_type=\"column\" data-e-type=\"column\">\n\t\t\t<div class=\"elementor-widget-wrap\">\n\t\t\t\t\t\t\t<\/div>\n\t\t<\/div>\n\t\t\t\t\t<\/div>\n\t\t<\/section>\n\t\t\t\t<section class=\"elementor-section elementor-top-section elementor-element elementor-element-345bde2 elementor-section-boxed elementor-section-height-default elementor-section-height-default\" data-id=\"345bde2\" data-element_type=\"section\" data-e-type=\"section\" data-settings=\"{&quot;jet_parallax_layout_list&quot;:[]}\">\n\t\t\t\t\t\t<div class=\"elementor-container elementor-column-gap-default\">\n\t\t\t\t\t<div class=\"elementor-column elementor-col-100 elementor-top-column elementor-element elementor-element-dca1eff\" data-id=\"dca1eff\" data-element_type=\"column\" data-e-type=\"column\">\n\t\t\t<div class=\"elementor-widget-wrap elementor-element-populated\">\n\t\t\t\t\t\t<div class=\"elementor-element elementor-element-2689d0b elementor-widget elementor-widget-heading\" data-id=\"2689d0b\" data-element_type=\"widget\" data-e-type=\"widget\" data-widget_type=\"heading.default\">\n\t\t\t\t<div class=\"elementor-widget-container\">\n\t\t\t\t\t<h1 class=\"elementor-heading-title elementor-size-default\">Chronik<\/h1>\t\t\t\t<\/div>\n\t\t\t\t<\/div>\n\t\t\t\t\t<\/div>\n\t\t<\/div>\n\t\t\t\t\t<\/div>\n\t\t<\/section>\n\t\t\t\t<section class=\"elementor-section elementor-top-section elementor-element elementor-element-a5d1d0b elementor-section-boxed elementor-section-height-default elementor-section-height-default\" data-id=\"a5d1d0b\" data-element_type=\"section\" data-e-type=\"section\" data-settings=\"{&quot;jet_parallax_layout_list&quot;:[]}\">\n\t\t\t\t\t\t<div class=\"elementor-container elementor-column-gap-default\">\n\t\t\t\t\t<div class=\"elementor-column elementor-col-100 elementor-top-column elementor-element elementor-element-8b333e1\" data-id=\"8b333e1\" data-element_type=\"column\" data-e-type=\"column\">\n\t\t\t<div class=\"elementor-widget-wrap elementor-element-populated\">\n\t\t\t\t\t\t<div class=\"elementor-element elementor-element-e21cdf9 elementor-widget elementor-widget-accordion\" data-id=\"e21cdf9\" data-element_type=\"widget\" data-e-type=\"widget\" data-widget_type=\"accordion.default\">\n\t\t\t\t<div class=\"elementor-widget-container\">\n\t\t\t\t\t\t\t<div class=\"elementor-accordion\">\n\t\t\t\t\t\t\t<div class=\"elementor-accordion-item\">\n\t\t\t\t\t<div id=\"elementor-tab-title-2371\" class=\"elementor-tab-title\" data-tab=\"1\" role=\"button\" aria-controls=\"elementor-tab-content-2371\" aria-expanded=\"false\">\n\t\t\t\t\t\t\t\t\t\t\t\t\t<span class=\"elementor-accordion-icon elementor-accordion-icon-left\" aria-hidden=\"true\">\n\t\t\t\t\t\t\t\t\t\t\t\t\t\t\t<span class=\"elementor-accordion-icon-closed\"><i class=\"fas fa-plus\"><\/i><\/span>\n\t\t\t\t\t\t\t\t<span class=\"elementor-accordion-icon-opened\"><i class=\"fas fa-minus\"><\/i><\/span>\n\t\t\t\t\t\t\t\t\t\t\t\t\t\t<\/span>\n\t\t\t\t\t\t\t\t\t\t\t\t<a class=\"elementor-accordion-title\" tabindex=\"0\">1894<\/a>\n\t\t\t\t\t<\/div>\n\t\t\t\t\t<div id=\"elementor-tab-content-2371\" class=\"elementor-tab-content elementor-clearfix\" data-tab=\"1\" role=\"region\" aria-labelledby=\"elementor-tab-title-2371\"><p>Die Geschichte des Spielmannszuges Leutkirch ist untrennbar mit der Geschichte des Leutkircher Kinderfestes verbunden. Seit 1894 marschierte dem Festzug der Sch\u00fcler ein Spielmannszug voran, bestehend aus einer Trommlergruppe der Real- und Lateinschule. Ihr Ausbilder war Andreas Dobler, der in seiner Milit\u00e4rzeit \u2013 \u00fcbrigens auch Teilnehmer des Krieges 1870\/71 \u2013 begeisterter Tambour gewesen war. \u00dcbungsplatz war die Willhelmsh\u00f6he. In den Wochen vor dem Kinderfest konnte man unten in der damals noch recht stillen Stadt die Trommeln der begeistert \u00fcbenden Sch\u00fcler h\u00f6ren. Man wusste: \u201eJetzt ist es nicht mehr weit bis zum Kinderfest.&#8220; So blieb es bis zum Zweiten Weltkrieg. Dann verstummten die Trommeln.<\/p><p><img fetchpriority=\"high\" decoding=\"async\" class=\"wp-image-193 alignleft\" src=\"https:\/\/www.tsg-leutkirch.de\/spielmannszug\/wp-content\/uploads\/sites\/28\/2020\/04\/1894.jpg\" alt=\"\" width=\"600\" height=\"405\" srcset=\"https:\/\/www.tsg-leutkirch.de\/spielmannszug\/wp-content\/uploads\/sites\/28\/2020\/04\/1894.jpg 600w, https:\/\/www.tsg-leutkirch.de\/spielmannszug\/wp-content\/uploads\/sites\/28\/2020\/04\/1894-300x203.jpg 300w\" sizes=\"(max-width: 600px) 100vw, 600px\" \/><br \/><br \/><\/p><\/div>\n\t\t\t\t<\/div>\n\t\t\t\t\t\t\t<div class=\"elementor-accordion-item\">\n\t\t\t\t\t<div id=\"elementor-tab-title-2372\" class=\"elementor-tab-title\" data-tab=\"2\" role=\"button\" aria-controls=\"elementor-tab-content-2372\" aria-expanded=\"false\">\n\t\t\t\t\t\t\t\t\t\t\t\t\t<span class=\"elementor-accordion-icon elementor-accordion-icon-left\" aria-hidden=\"true\">\n\t\t\t\t\t\t\t\t\t\t\t\t\t\t\t<span class=\"elementor-accordion-icon-closed\"><i class=\"fas fa-plus\"><\/i><\/span>\n\t\t\t\t\t\t\t\t<span class=\"elementor-accordion-icon-opened\"><i class=\"fas fa-minus\"><\/i><\/span>\n\t\t\t\t\t\t\t\t\t\t\t\t\t\t<\/span>\n\t\t\t\t\t\t\t\t\t\t\t\t<a class=\"elementor-accordion-title\" tabindex=\"0\">1947<\/a>\n\t\t\t\t\t<\/div>\n\t\t\t\t\t<div id=\"elementor-tab-content-2372\" class=\"elementor-tab-content elementor-clearfix\" data-tab=\"2\" role=\"region\" aria-labelledby=\"elementor-tab-title-2372\"><div class=\"content_box\"><p>Als nach dem Krieg wieder das Kinderfest gefeiert wurde, vermisste man die Trommler sehr. Durch Spenden von B\u00fcrgern konnten bald darauf neue Trommeln beschafft werden. Der damalige Musikdirektor Gottfried Zeh \u00fcbernahm die Ausbildung.<\/p><\/div><\/div>\n\t\t\t\t<\/div>\n\t\t\t\t\t\t\t<div class=\"elementor-accordion-item\">\n\t\t\t\t\t<div id=\"elementor-tab-title-2373\" class=\"elementor-tab-title\" data-tab=\"3\" role=\"button\" aria-controls=\"elementor-tab-content-2373\" aria-expanded=\"false\">\n\t\t\t\t\t\t\t\t\t\t\t\t\t<span class=\"elementor-accordion-icon elementor-accordion-icon-left\" aria-hidden=\"true\">\n\t\t\t\t\t\t\t\t\t\t\t\t\t\t\t<span class=\"elementor-accordion-icon-closed\"><i class=\"fas fa-plus\"><\/i><\/span>\n\t\t\t\t\t\t\t\t<span class=\"elementor-accordion-icon-opened\"><i class=\"fas fa-minus\"><\/i><\/span>\n\t\t\t\t\t\t\t\t\t\t\t\t\t\t<\/span>\n\t\t\t\t\t\t\t\t\t\t\t\t<a class=\"elementor-accordion-title\" tabindex=\"0\">1953<\/a>\n\t\t\t\t\t<\/div>\n\t\t\t\t\t<div id=\"elementor-tab-content-2373\" class=\"elementor-tab-content elementor-clearfix\" data-tab=\"3\" role=\"region\" aria-labelledby=\"elementor-tab-title-2373\"><div class=\"content_box\"><p>Es gesellten sich die Pfeifer zu ihnen, ausgebildet von Oberlehrer Josef Eyberger. Der Spielmannszug erhielt zu dieser Zeit schmucke Kost\u00fcme in den Stadtfarben Blau-Gelb. Josef R\u00f6dl, der zu den Trommlern geh\u00f6rte, \u00fcbernahm nach dem Tod von Musikdirektor Zeh die F\u00fchrung und Ausbildung.<\/p><\/div><\/div>\n\t\t\t\t<\/div>\n\t\t\t\t\t\t\t<div class=\"elementor-accordion-item\">\n\t\t\t\t\t<div id=\"elementor-tab-title-2374\" class=\"elementor-tab-title\" data-tab=\"4\" role=\"button\" aria-controls=\"elementor-tab-content-2374\" aria-expanded=\"false\">\n\t\t\t\t\t\t\t\t\t\t\t\t\t<span class=\"elementor-accordion-icon elementor-accordion-icon-left\" aria-hidden=\"true\">\n\t\t\t\t\t\t\t\t\t\t\t\t\t\t\t<span class=\"elementor-accordion-icon-closed\"><i class=\"fas fa-plus\"><\/i><\/span>\n\t\t\t\t\t\t\t\t<span class=\"elementor-accordion-icon-opened\"><i class=\"fas fa-minus\"><\/i><\/span>\n\t\t\t\t\t\t\t\t\t\t\t\t\t\t<\/span>\n\t\t\t\t\t\t\t\t\t\t\t\t<a class=\"elementor-accordion-title\" tabindex=\"0\">1962<\/a>\n\t\t\t\t\t<\/div>\n\t\t\t\t\t<div id=\"elementor-tab-content-2374\" class=\"elementor-tab-content elementor-clearfix\" data-tab=\"4\" role=\"region\" aria-labelledby=\"elementor-tab-title-2374\"><div class=\"content_box\"><p>Josef R\u00f6dl gr\u00fcndete eine eigenst\u00e4ndige Fanfarengruppe. Zwar war der Fanfarenzug Leutkirch noch bei verschiedenen Auftritten und Umz\u00fcgen in den Spielmannszug eingegliedert und trug deren Uniform, er nahm jedoch immer mehr Selbstst\u00e4ndigkeit an. Ge\u00fcbt wurde nun nicht mehr nur ein paar Wochen vor dem Kinderfest, wie es fr\u00fcher \u00fcblich gewesen war, sondern das ganze Jahr \u00fcber. Die beiden Vereine wurden auch bald zum festen Bestandteil des gro\u00dfen Fasnetsumzugs am Fasnetssonntag und wurden auch zu den anderen Umz\u00fcgen eingeladen.<\/p><div class=\"clboth\">\u00a0<\/div><\/div><div class=\"content_box\"><h2><img decoding=\"async\" class=\"alignleft size-full wp-image-195\" src=\"https:\/\/www.tsg-leutkirch.de\/spielmannszug\/wp-content\/uploads\/sites\/28\/2020\/04\/1962.jpg\" alt=\"\" width=\"600\" height=\"405\" srcset=\"https:\/\/www.tsg-leutkirch.de\/spielmannszug\/wp-content\/uploads\/sites\/28\/2020\/04\/1962.jpg 600w, https:\/\/www.tsg-leutkirch.de\/spielmannszug\/wp-content\/uploads\/sites\/28\/2020\/04\/1962-300x203.jpg 300w\" sizes=\"(max-width: 600px) 100vw, 600px\" \/><\/h2><\/div><\/div>\n\t\t\t\t<\/div>\n\t\t\t\t\t\t\t<div class=\"elementor-accordion-item\">\n\t\t\t\t\t<div id=\"elementor-tab-title-2375\" class=\"elementor-tab-title\" data-tab=\"5\" role=\"button\" aria-controls=\"elementor-tab-content-2375\" aria-expanded=\"false\">\n\t\t\t\t\t\t\t\t\t\t\t\t\t<span class=\"elementor-accordion-icon elementor-accordion-icon-left\" aria-hidden=\"true\">\n\t\t\t\t\t\t\t\t\t\t\t\t\t\t\t<span class=\"elementor-accordion-icon-closed\"><i class=\"fas fa-plus\"><\/i><\/span>\n\t\t\t\t\t\t\t\t<span class=\"elementor-accordion-icon-opened\"><i class=\"fas fa-minus\"><\/i><\/span>\n\t\t\t\t\t\t\t\t\t\t\t\t\t\t<\/span>\n\t\t\t\t\t\t\t\t\t\t\t\t<a class=\"elementor-accordion-title\" tabindex=\"0\">1964<\/a>\n\t\t\t\t\t<\/div>\n\t\t\t\t\t<div id=\"elementor-tab-content-2375\" class=\"elementor-tab-content elementor-clearfix\" data-tab=\"5\" role=\"region\" aria-labelledby=\"elementor-tab-title-2375\"><div class=\"content_box\"><p>Zur Kinderfester\u00f6ffnung spielte der Spielmannszug in neuer Uniform. Viele flei\u00dfige H\u00e4nde haben schmucke blau-gelbe Uniformen gen\u00e4ht. Sowohl der Spielmannszug Leutkirch als auch der Fanfarenzug Leutkirch wurden vom damaligen Vorstand der TSG-Leutkirch, Franz Bogenrieder, in die TSG Leutkirch als Abteilung aufgenommen und integriert. Verschiedene organisatorische und versicherungstechnische Probleme wurden dadurch gel\u00f6st. Josef R\u00f6dl geb\u00fchrt an dieser Stelle ganz besonderer Dank. Als unerm\u00fcdlicher Ausbilder und Leiter war er dem Spielmannszug 25 Jahre treu.<\/p><\/div><\/div>\n\t\t\t\t<\/div>\n\t\t\t\t\t\t\t<div class=\"elementor-accordion-item\">\n\t\t\t\t\t<div id=\"elementor-tab-title-2376\" class=\"elementor-tab-title\" data-tab=\"6\" role=\"button\" aria-controls=\"elementor-tab-content-2376\" aria-expanded=\"false\">\n\t\t\t\t\t\t\t\t\t\t\t\t\t<span class=\"elementor-accordion-icon elementor-accordion-icon-left\" aria-hidden=\"true\">\n\t\t\t\t\t\t\t\t\t\t\t\t\t\t\t<span class=\"elementor-accordion-icon-closed\"><i class=\"fas fa-plus\"><\/i><\/span>\n\t\t\t\t\t\t\t\t<span class=\"elementor-accordion-icon-opened\"><i class=\"fas fa-minus\"><\/i><\/span>\n\t\t\t\t\t\t\t\t\t\t\t\t\t\t<\/span>\n\t\t\t\t\t\t\t\t\t\t\t\t<a class=\"elementor-accordion-title\" tabindex=\"0\">1986<\/a>\n\t\t\t\t\t<\/div>\n\t\t\t\t\t<div id=\"elementor-tab-content-2376\" class=\"elementor-tab-content elementor-clearfix\" data-tab=\"6\" role=\"region\" aria-labelledby=\"elementor-tab-title-2376\"><div class=\"content_box\"><p>Der TSG Spielmannszug wird Mitglied des Blasmusikverbandes Baden-W\u00fcrttemberg.<\/p><\/div><\/div>\n\t\t\t\t<\/div>\n\t\t\t\t\t\t\t<div class=\"elementor-accordion-item\">\n\t\t\t\t\t<div id=\"elementor-tab-title-2377\" class=\"elementor-tab-title\" data-tab=\"7\" role=\"button\" aria-controls=\"elementor-tab-content-2377\" aria-expanded=\"false\">\n\t\t\t\t\t\t\t\t\t\t\t\t\t<span class=\"elementor-accordion-icon elementor-accordion-icon-left\" aria-hidden=\"true\">\n\t\t\t\t\t\t\t\t\t\t\t\t\t\t\t<span class=\"elementor-accordion-icon-closed\"><i class=\"fas fa-plus\"><\/i><\/span>\n\t\t\t\t\t\t\t\t<span class=\"elementor-accordion-icon-opened\"><i class=\"fas fa-minus\"><\/i><\/span>\n\t\t\t\t\t\t\t\t\t\t\t\t\t\t<\/span>\n\t\t\t\t\t\t\t\t\t\t\t\t<a class=\"elementor-accordion-title\" tabindex=\"0\">1987<\/a>\n\t\t\t\t\t<\/div>\n\t\t\t\t\t<div id=\"elementor-tab-content-2377\" class=\"elementor-tab-content elementor-clearfix\" data-tab=\"7\" role=\"region\" aria-labelledby=\"elementor-tab-title-2377\"><div class=\"content_box\"><p>Eine neue Uniform. Wieder waren viele flei\u00dfige H\u00e4nde notwendig um die Uniformen, wie sie noch heute getragen werden, herzustellen.<\/p><\/div><\/div>\n\t\t\t\t<\/div>\n\t\t\t\t\t\t\t<div class=\"elementor-accordion-item\">\n\t\t\t\t\t<div id=\"elementor-tab-title-2378\" class=\"elementor-tab-title\" data-tab=\"8\" role=\"button\" aria-controls=\"elementor-tab-content-2378\" aria-expanded=\"false\">\n\t\t\t\t\t\t\t\t\t\t\t\t\t<span class=\"elementor-accordion-icon elementor-accordion-icon-left\" aria-hidden=\"true\">\n\t\t\t\t\t\t\t\t\t\t\t\t\t\t\t<span class=\"elementor-accordion-icon-closed\"><i class=\"fas fa-plus\"><\/i><\/span>\n\t\t\t\t\t\t\t\t<span class=\"elementor-accordion-icon-opened\"><i class=\"fas fa-minus\"><\/i><\/span>\n\t\t\t\t\t\t\t\t\t\t\t\t\t\t<\/span>\n\t\t\t\t\t\t\t\t\t\t\t\t<a class=\"elementor-accordion-title\" tabindex=\"0\">1994<\/a>\n\t\t\t\t\t<\/div>\n\t\t\t\t\t<div id=\"elementor-tab-content-2378\" class=\"elementor-tab-content elementor-clearfix\" data-tab=\"8\" role=\"region\" aria-labelledby=\"elementor-tab-title-2378\"><div class=\"content_box\"><p>Der Spielmannszug feierte in der Innenstadt sein 100j\u00e4hriges Bestehen mit einem Sternmarsch mit 5 Fanfarenz\u00fcgen, einem weiteren Spielmannszug aus Herbertingen und den Schalmeien aus Leutkirch.<br \/><br \/><img decoding=\"async\" class=\"alignleft wp-image-196 size-full\" style=\"font-size: 1.7em; font-style: inherit; font-weight: bold;\" src=\"https:\/\/www.tsg-leutkirch.de\/spielmannszug\/wp-content\/uploads\/sites\/28\/2020\/04\/1994.jpg\" alt=\"\" width=\"600\" height=\"323\" srcset=\"https:\/\/www.tsg-leutkirch.de\/spielmannszug\/wp-content\/uploads\/sites\/28\/2020\/04\/1994.jpg 600w, https:\/\/www.tsg-leutkirch.de\/spielmannszug\/wp-content\/uploads\/sites\/28\/2020\/04\/1994-300x162.jpg 300w\" sizes=\"(max-width: 600px) 100vw, 600px\" \/><\/p><\/div><\/div>\n\t\t\t\t<\/div>\n\t\t\t\t\t\t\t<div class=\"elementor-accordion-item\">\n\t\t\t\t\t<div id=\"elementor-tab-title-2379\" class=\"elementor-tab-title\" data-tab=\"9\" role=\"button\" aria-controls=\"elementor-tab-content-2379\" aria-expanded=\"false\">\n\t\t\t\t\t\t\t\t\t\t\t\t\t<span class=\"elementor-accordion-icon elementor-accordion-icon-left\" aria-hidden=\"true\">\n\t\t\t\t\t\t\t\t\t\t\t\t\t\t\t<span class=\"elementor-accordion-icon-closed\"><i class=\"fas fa-plus\"><\/i><\/span>\n\t\t\t\t\t\t\t\t<span class=\"elementor-accordion-icon-opened\"><i class=\"fas fa-minus\"><\/i><\/span>\n\t\t\t\t\t\t\t\t\t\t\t\t\t\t<\/span>\n\t\t\t\t\t\t\t\t\t\t\t\t<a class=\"elementor-accordion-title\" tabindex=\"0\">Bis Dezember 2004<\/a>\n\t\t\t\t\t<\/div>\n\t\t\t\t\t<div id=\"elementor-tab-content-2379\" class=\"elementor-tab-content elementor-clearfix\" data-tab=\"9\" role=\"region\" aria-labelledby=\"elementor-tab-title-2379\"><div class=\"content_box\"><p>In dieser Zeit f\u00fchrten vor allem Familie Epple, Herr Waldhoff, Herr Messner und Herr Heinz den Spielmannszug als Vorstandschaft weiter, davon Klaus und Karin Epple 25 Jahre.<\/p><\/div><\/div>\n\t\t\t\t<\/div>\n\t\t\t\t\t\t\t<div class=\"elementor-accordion-item\">\n\t\t\t\t\t<div id=\"elementor-tab-title-23710\" class=\"elementor-tab-title\" data-tab=\"10\" role=\"button\" aria-controls=\"elementor-tab-content-23710\" aria-expanded=\"false\">\n\t\t\t\t\t\t\t\t\t\t\t\t\t<span class=\"elementor-accordion-icon elementor-accordion-icon-left\" aria-hidden=\"true\">\n\t\t\t\t\t\t\t\t\t\t\t\t\t\t\t<span class=\"elementor-accordion-icon-closed\"><i class=\"fas fa-plus\"><\/i><\/span>\n\t\t\t\t\t\t\t\t<span class=\"elementor-accordion-icon-opened\"><i class=\"fas fa-minus\"><\/i><\/span>\n\t\t\t\t\t\t\t\t\t\t\t\t\t\t<\/span>\n\t\t\t\t\t\t\t\t\t\t\t\t<a class=\"elementor-accordion-title\" tabindex=\"0\">Dezember 2004<\/a>\n\t\t\t\t\t<\/div>\n\t\t\t\t\t<div id=\"elementor-tab-content-23710\" class=\"elementor-tab-content elementor-clearfix\" data-tab=\"10\" role=\"region\" aria-labelledby=\"elementor-tab-title-23710\"><div class=\"content_box\"><p>Ein neu gew\u00e4hlter Vorstand mit Bruno Haug, Familie Pfeffer, Eckbauer\/Wandinger und Klicker \u00fcbernehmen die Verantwortung. Zum wichtigsten Auftritt des Spielmannszuges geh\u00f6rt bis heute das traditionelle Leutkircher Kinderfest, bei dem die Trommler und Pfeifer fast t\u00e4glich im Einsatz sind.<br \/><br \/><img loading=\"lazy\" decoding=\"async\" class=\"size-full wp-image-197 alignnone\" src=\"https:\/\/www.tsg-leutkirch.de\/spielmannszug\/wp-content\/uploads\/sites\/28\/2020\/04\/2004.jpg\" alt=\"\" width=\"600\" height=\"452\" srcset=\"https:\/\/www.tsg-leutkirch.de\/spielmannszug\/wp-content\/uploads\/sites\/28\/2020\/04\/2004.jpg 600w, https:\/\/www.tsg-leutkirch.de\/spielmannszug\/wp-content\/uploads\/sites\/28\/2020\/04\/2004-300x226.jpg 300w\" sizes=\"(max-width: 600px) 100vw, 600px\" \/><br \/><span style=\"font-size: 16px;\"><br \/>Zur Kinderfester\u00f6ffnung, am Seniorennachmittag, zum Weckruf fr\u00fchmorgens am Kinderfest-Dienstag, zum Umzug und zum Kinderfestabschluss sind die Aktiven mit Eifer dabei. Weitere Auftritte hat der TSG Spielmannszug j\u00e4hrlich beim Fr\u00fchlingsfest, bei der Mini-WM, beim Tag der TSG, beim Martins-ritt und ca. 15 mal in der Fasnet.Viele gesellige Treffen wie Probenfreizeiten auf H\u00fctten, Kegeln, Tischtennis-turnier usw. machen den Kindern viel Spa\u00df. Ein gro\u00dfes Problem des Spielmannszuges, heute noch mehr als fr\u00fcher, ist der st\u00e4ndige Wechsel der Mitglieder. Da sich die Interessen der Kinder und Jugendlichen in diesem Alter sehr schnell \u00e4ndern, ist auch die Vereinszugeh\u00f6rigkeit oft nur von kurzer Dauer. Tambourmajor Susanne Pfeffer, Stephan Wandinger und die weiteren Probenleiter sind deshalb st\u00e4ndig mit der Ausbildung neuer Musikanten gefordert.<\/span><\/p><div class=\"content_box\"><div class=\"clboth\">\u00a0<\/div><\/div><div class=\"content_box\">\u00a0<\/div><\/div><\/div>\n\t\t\t\t<\/div>\n\t\t\t\t\t\t\t<div class=\"elementor-accordion-item\">\n\t\t\t\t\t<div id=\"elementor-tab-title-23711\" class=\"elementor-tab-title\" data-tab=\"11\" role=\"button\" aria-controls=\"elementor-tab-content-23711\" aria-expanded=\"false\">\n\t\t\t\t\t\t\t\t\t\t\t\t\t<span class=\"elementor-accordion-icon elementor-accordion-icon-left\" aria-hidden=\"true\">\n\t\t\t\t\t\t\t\t\t\t\t\t\t\t\t<span class=\"elementor-accordion-icon-closed\"><i class=\"fas fa-plus\"><\/i><\/span>\n\t\t\t\t\t\t\t\t<span class=\"elementor-accordion-icon-opened\"><i class=\"fas fa-minus\"><\/i><\/span>\n\t\t\t\t\t\t\t\t\t\t\t\t\t\t<\/span>\n\t\t\t\t\t\t\t\t\t\t\t\t<a class=\"elementor-accordion-title\" tabindex=\"0\">Dezember 2005<\/a>\n\t\t\t\t\t<\/div>\n\t\t\t\t\t<div id=\"elementor-tab-content-23711\" class=\"elementor-tab-content elementor-clearfix\" data-tab=\"11\" role=\"region\" aria-labelledby=\"elementor-tab-title-23711\"><div class=\"content_box\"><p>Es finden das erste Mal in der Geschichte des Spielmannszugs Ehrungen durch den Blasmusikverband Ravensburg mit Herr M\u00fctz statt.<br \/><br \/><img loading=\"lazy\" decoding=\"async\" class=\"alignleft size-full wp-image-198\" src=\"https:\/\/www.tsg-leutkirch.de\/spielmannszug\/wp-content\/uploads\/sites\/28\/2020\/04\/2005.jpg\" alt=\"\" width=\"600\" height=\"450\" srcset=\"https:\/\/www.tsg-leutkirch.de\/spielmannszug\/wp-content\/uploads\/sites\/28\/2020\/04\/2005.jpg 600w, https:\/\/www.tsg-leutkirch.de\/spielmannszug\/wp-content\/uploads\/sites\/28\/2020\/04\/2005-300x225.jpg 300w\" sizes=\"(max-width: 600px) 100vw, 600px\" \/><\/p><\/div><\/div>\n\t\t\t\t<\/div>\n\t\t\t\t\t\t\t<div class=\"elementor-accordion-item\">\n\t\t\t\t\t<div id=\"elementor-tab-title-23712\" class=\"elementor-tab-title\" data-tab=\"12\" role=\"button\" aria-controls=\"elementor-tab-content-23712\" aria-expanded=\"false\">\n\t\t\t\t\t\t\t\t\t\t\t\t\t<span class=\"elementor-accordion-icon elementor-accordion-icon-left\" aria-hidden=\"true\">\n\t\t\t\t\t\t\t\t\t\t\t\t\t\t\t<span class=\"elementor-accordion-icon-closed\"><i class=\"fas fa-plus\"><\/i><\/span>\n\t\t\t\t\t\t\t\t<span class=\"elementor-accordion-icon-opened\"><i class=\"fas fa-minus\"><\/i><\/span>\n\t\t\t\t\t\t\t\t\t\t\t\t\t\t<\/span>\n\t\t\t\t\t\t\t\t\t\t\t\t<a class=\"elementor-accordion-title\" tabindex=\"0\">2007\/2008<\/a>\n\t\t\t\t\t<\/div>\n\t\t\t\t\t<div id=\"elementor-tab-content-23712\" class=\"elementor-tab-content elementor-clearfix\" data-tab=\"12\" role=\"region\" aria-labelledby=\"elementor-tab-title-23712\"><div class=\"content_box\"><p>F\u00fcr die Fasnet hat der Spielmannszug mit sehr viel eigenem Einsatz eine neue Uniform gen\u00e4ht und gestrickt. Nach Entw\u00fcrfen der Kinder entstand ein \u201eH\u00e4s\u201c mit schwarzem Kapuzenshirt, schwarzen R\u00f6cken und Sch\u00fcrzen in Blau und Gelb, also in den Leutkircher Stadtfarben. Dazu runden blau-schwarz und gelb-schwarz geringelte Stulpen das \u201eH\u00e4s\u201c ab.<br \/><br \/><img loading=\"lazy\" decoding=\"async\" class=\"alignleft size-full wp-image-199\" src=\"https:\/\/www.tsg-leutkirch.de\/spielmannszug\/wp-content\/uploads\/sites\/28\/2020\/04\/2007-2008.jpg\" alt=\"\" width=\"600\" height=\"423\" srcset=\"https:\/\/www.tsg-leutkirch.de\/spielmannszug\/wp-content\/uploads\/sites\/28\/2020\/04\/2007-2008.jpg 600w, https:\/\/www.tsg-leutkirch.de\/spielmannszug\/wp-content\/uploads\/sites\/28\/2020\/04\/2007-2008-300x212.jpg 300w\" sizes=\"(max-width: 600px) 100vw, 600px\" \/><\/p><\/div><\/div>\n\t\t\t\t<\/div>\n\t\t\t\t\t\t\t<div class=\"elementor-accordion-item\">\n\t\t\t\t\t<div id=\"elementor-tab-title-23713\" class=\"elementor-tab-title\" data-tab=\"13\" role=\"button\" aria-controls=\"elementor-tab-content-23713\" aria-expanded=\"false\">\n\t\t\t\t\t\t\t\t\t\t\t\t\t<span class=\"elementor-accordion-icon elementor-accordion-icon-left\" aria-hidden=\"true\">\n\t\t\t\t\t\t\t\t\t\t\t\t\t\t\t<span class=\"elementor-accordion-icon-closed\"><i class=\"fas fa-plus\"><\/i><\/span>\n\t\t\t\t\t\t\t\t<span class=\"elementor-accordion-icon-opened\"><i class=\"fas fa-minus\"><\/i><\/span>\n\t\t\t\t\t\t\t\t\t\t\t\t\t\t<\/span>\n\t\t\t\t\t\t\t\t\t\t\t\t<a class=\"elementor-accordion-title\" tabindex=\"0\">Juli 2008 \u2013 200. Kinderfest mit Ausstellung in Leutkirch<\/a>\n\t\t\t\t\t<\/div>\n\t\t\t\t\t<div id=\"elementor-tab-content-23713\" class=\"elementor-tab-content elementor-clearfix\" data-tab=\"13\" role=\"region\" aria-labelledby=\"elementor-tab-title-23713\"><div class=\"content_box\"><p>Zum Jubil\u00e4umskinderfest konnte sich auch der Spielmannszug mit seiner Geschichte und alten sowie aktuellen Uniformen und Instrumenten im Bock pr\u00e4sentieren. In Zusammenarbeit mit Herrn Autenrieth trugen wir unseren Teil zur Ausstellung bei.<\/p><p><img loading=\"lazy\" decoding=\"async\" class=\"size-full wp-image-200 alignnone\" src=\"https:\/\/www.tsg-leutkirch.de\/spielmannszug\/wp-content\/uploads\/sites\/28\/2020\/04\/Juli_2008.jpg\" alt=\"\" width=\"600\" height=\"401\" srcset=\"https:\/\/www.tsg-leutkirch.de\/spielmannszug\/wp-content\/uploads\/sites\/28\/2020\/04\/Juli_2008.jpg 600w, https:\/\/www.tsg-leutkirch.de\/spielmannszug\/wp-content\/uploads\/sites\/28\/2020\/04\/Juli_2008-300x201.jpg 300w\" sizes=\"(max-width: 600px) 100vw, 600px\" \/><\/p><p><br \/><span style=\"font-size: 16px;\">Der Spielmannszug umrahmte dann auch die offizielle Ausstellungser\u00f6ffnung mit den Festrednern Herr Wild, Herr Birkenmaier, Herr Zimmer und Archivarin Frau Siegloch musikalisch.<\/span><\/p><div class=\"content_box\"><div class=\"clboth\"><img loading=\"lazy\" decoding=\"async\" class=\"alignleft size-full wp-image-201\" src=\"https:\/\/www.tsg-leutkirch.de\/spielmannszug\/wp-content\/uploads\/sites\/28\/2020\/04\/Juli_2008_02.jpg\" alt=\"\" width=\"600\" height=\"401\" srcset=\"https:\/\/www.tsg-leutkirch.de\/spielmannszug\/wp-content\/uploads\/sites\/28\/2020\/04\/Juli_2008_02.jpg 600w, https:\/\/www.tsg-leutkirch.de\/spielmannszug\/wp-content\/uploads\/sites\/28\/2020\/04\/Juli_2008_02-300x201.jpg 300w\" sizes=\"(max-width: 600px) 100vw, 600px\" \/><\/div><\/div><div class=\"content_box\"><h2>\u00a0<\/h2><\/div><\/div><\/div>\n\t\t\t\t<\/div>\n\t\t\t\t\t\t\t<div class=\"elementor-accordion-item\">\n\t\t\t\t\t<div id=\"elementor-tab-title-23714\" class=\"elementor-tab-title\" data-tab=\"14\" role=\"button\" aria-controls=\"elementor-tab-content-23714\" aria-expanded=\"false\">\n\t\t\t\t\t\t\t\t\t\t\t\t\t<span class=\"elementor-accordion-icon elementor-accordion-icon-left\" aria-hidden=\"true\">\n\t\t\t\t\t\t\t\t\t\t\t\t\t\t\t<span class=\"elementor-accordion-icon-closed\"><i class=\"fas fa-plus\"><\/i><\/span>\n\t\t\t\t\t\t\t\t<span class=\"elementor-accordion-icon-opened\"><i class=\"fas fa-minus\"><\/i><\/span>\n\t\t\t\t\t\t\t\t\t\t\t\t\t\t<\/span>\n\t\t\t\t\t\t\t\t\t\t\t\t<a class=\"elementor-accordion-title\" tabindex=\"0\">2012<\/a>\n\t\t\t\t\t<\/div>\n\t\t\t\t\t<div id=\"elementor-tab-content-23714\" class=\"elementor-tab-content elementor-clearfix\" data-tab=\"14\" role=\"region\" aria-labelledby=\"elementor-tab-title-23714\"><div id=\"content\"><div class=\"content_box\"><p>Nach vielen Jahren an der F\u00fchrungsspitze des Spielmannszuges traten Hans Pfeffer als Vorstand, und Brigitte Pfeffer als Kleiderwart zur\u00fcck. Den Einsatz, den sie \u00fcber die Jahre in diesem Verein erbracht haben, kann man nicht genug w\u00fcrdigen. Mit Leib und Seele haben sie sich um alles gek\u00fcmmert, was rund um den Spielmannszug an Arbeit anfiel. \u00a0Daf\u00fcr kann man nicht genug danken. Sie stehen aber nach wie vor dem neuen Vorstand Ingrid Berktold mit Rat und Tat zur Seite.<\/p><\/div><\/div><\/div>\n\t\t\t\t<\/div>\n\t\t\t\t\t\t\t\t<\/div>\n\t\t\t\t\t\t<\/div>\n\t\t\t\t<\/div>\n\t\t\t\t\t<\/div>\n\t\t<\/div>\n\t\t\t\t\t<\/div>\n\t\t<\/section>\n\t\t\t\t<section class=\"elementor-section elementor-top-section elementor-element elementor-element-875594c elementor-section-boxed elementor-section-height-default elementor-section-height-default\" data-id=\"875594c\" data-element_type=\"section\" data-e-type=\"section\" data-settings=\"{&quot;jet_parallax_layout_list&quot;:[]}\">\n\t\t\t\t\t\t<div class=\"elementor-container elementor-column-gap-default\">\n\t\t\t\t\t<div class=\"elementor-column elementor-col-100 elementor-top-column elementor-element elementor-element-c60682b\" data-id=\"c60682b\" data-element_type=\"column\" data-e-type=\"column\">\n\t\t\t<div class=\"elementor-widget-wrap elementor-element-populated\">\n\t\t\t\t\t\t<div class=\"elementor-element elementor-element-290273c elementor-widget elementor-widget-gallery\" data-id=\"290273c\" data-element_type=\"widget\" data-e-type=\"widget\" data-settings=\"{&quot;lazyload&quot;:&quot;yes&quot;,&quot;gallery_layout&quot;:&quot;grid&quot;,&quot;columns&quot;:4,&quot;columns_tablet&quot;:2,&quot;columns_mobile&quot;:1,&quot;gap&quot;:{&quot;unit&quot;:&quot;px&quot;,&quot;size&quot;:10,&quot;sizes&quot;:[]},&quot;gap_tablet&quot;:{&quot;unit&quot;:&quot;px&quot;,&quot;size&quot;:10,&quot;sizes&quot;:[]},&quot;gap_mobile&quot;:{&quot;unit&quot;:&quot;px&quot;,&quot;size&quot;:10,&quot;sizes&quot;:[]},&quot;link_to&quot;:&quot;file&quot;,&quot;aspect_ratio&quot;:&quot;3:2&quot;,&quot;show_all_galleries&quot;:&quot;yes&quot;,&quot;overlay_background&quot;:&quot;yes&quot;,&quot;content_hover_animation&quot;:&quot;fade-in&quot;}\" data-widget_type=\"gallery.default\">\n\t\t\t\t<div class=\"elementor-widget-container\">\n\t\t\t\t\t\t\t\t<div class=\"elementor-gallery__titles-container e--pointer-underline e--animation-fade\" aria-label=\"Galeriefilter\">\n\t\t\t\t\t\t\t\t\t<a class=\"elementor-item elementor-gallery-title\" role=\"button\" tabindex=\"0\" data-gallery-index=\"all\">\n\t\t\t\t\t\tAlle\t\t\t\t\t<\/a>\n\t\t\t\t\n\t\t\t\t\t\t\t<\/div>\n\t\t\t\t\t\t\t<\/div>\n\t\t\t\t<\/div>\n\t\t\t\t\t<\/div>\n\t\t<\/div>\n\t\t\t\t\t<\/div>\n\t\t<\/section>\n\t\t\t\t<\/div>\n\t\t","protected":false},"excerpt":{"rendered":"<p>Chronik 1894 Die Geschichte des Spielmannszuges Leutkirch ist untrennbar mit der Geschichte des Leutkircher Kinderfestes verbunden. Seit 1894 marschierte dem Festzug der Sch\u00fcler ein Spielmannszug voran, bestehend aus einer Trommlergruppe der Real- und Lateinschule. Ihr Ausbilder war Andreas Dobler, der in seiner Milit\u00e4rzeit \u2013 \u00fcbrigens auch Teilnehmer des Krieges 1870\/71 \u2013 begeisterter Tambour gewesen war. [&hellip;]<\/p>\n","protected":false},"author":1,"featured_media":0,"parent":0,"menu_order":7,"comment_status":"closed","ping_status":"open","template":"","meta":{"_acf_changed":false,"site-sidebar-layout":"no-sidebar","site-content-layout":"page-builder","ast-site-content-layout":"default","site-content-style":"default","site-sidebar-style":"default","ast-global-header-display":"","ast-banner-title-visibility":"","ast-main-header-display":"","ast-hfb-above-header-display":"","ast-hfb-below-header-display":"","ast-hfb-mobile-header-display":"","site-post-title":"disabled","ast-breadcrumbs-content":"","ast-featured-img":"disabled","footer-sml-layout":"","ast-disable-related-posts":"","theme-transparent-header-meta":"default","adv-header-id-meta":"","stick-header-meta":"default","header-above-stick-meta":"","header-main-stick-meta":"","header-below-stick-meta":"","astra-migrate-meta-layouts":"default","ast-page-background-enabled":"default","ast-page-background-meta":{"desktop":{"background-color":"","background-image":"","background-repeat":"repeat","background-position":"center center","background-size":"auto","background-attachment":"scroll","background-type":"","background-media":"","overlay-type":"","overlay-color":"","overlay-opacity":"","overlay-gradient":""},"tablet":{"background-color":"","background-image":"","background-repeat":"repeat","background-position":"center center","background-size":"auto","background-attachment":"scroll","background-type":"","background-media":"","overlay-type":"","overlay-color":"","overlay-opacity":"","overlay-gradient":""},"mobile":{"background-color":"","background-image":"","background-repeat":"repeat","background-position":"center center","background-size":"auto","background-attachment":"scroll","background-type":"","background-media":"","overlay-type":"","overlay-color":"","overlay-opacity":"","overlay-gradient":""}},"ast-content-background-meta":{"desktop":{"background-color":"var(--ast-global-color-5)","background-image":"","background-repeat":"repeat","background-position":"center center","background-size":"auto","background-attachment":"scroll","background-type":"","background-media":"","overlay-type":"","overlay-color":"","overlay-opacity":"","overlay-gradient":""},"tablet":{"background-color":"var(--ast-global-color-5)","background-image":"","background-repeat":"repeat","background-position":"center center","background-size":"auto","background-attachment":"scroll","background-type":"","background-media":"","overlay-type":"","overlay-color":"","overlay-opacity":"","overlay-gradient":""},"mobile":{"background-color":"var(--ast-global-color-5)","background-image":"","background-repeat":"repeat","background-position":"center center","background-size":"auto","background-attachment":"scroll","background-type":"","background-media":"","overlay-type":"","overlay-color":"","overlay-opacity":"","overlay-gradient":""}},"footnotes":""},"class_list":["post-191","page","type-page","status-publish","hentry"],"acf":[],"_links":{"self":[{"href":"https:\/\/www.tsg-leutkirch.de\/spielmannszug\/wp-json\/wp\/v2\/pages\/191","targetHints":{"allow":["GET"]}}],"collection":[{"href":"https:\/\/www.tsg-leutkirch.de\/spielmannszug\/wp-json\/wp\/v2\/pages"}],"about":[{"href":"https:\/\/www.tsg-leutkirch.de\/spielmannszug\/wp-json\/wp\/v2\/types\/page"}],"author":[{"embeddable":true,"href":"https:\/\/www.tsg-leutkirch.de\/spielmannszug\/wp-json\/wp\/v2\/users\/1"}],"replies":[{"embeddable":true,"href":"https:\/\/www.tsg-leutkirch.de\/spielmannszug\/wp-json\/wp\/v2\/comments?post=191"}],"version-history":[{"count":2,"href":"https:\/\/www.tsg-leutkirch.de\/spielmannszug\/wp-json\/wp\/v2\/pages\/191\/revisions"}],"predecessor-version":[{"id":202,"href":"https:\/\/www.tsg-leutkirch.de\/spielmannszug\/wp-json\/wp\/v2\/pages\/191\/revisions\/202"}],"wp:attachment":[{"href":"https:\/\/www.tsg-leutkirch.de\/spielmannszug\/wp-json\/wp\/v2\/media?parent=191"}],"curies":[{"name":"wp","href":"https:\/\/api.w.org\/{rel}","templated":true}]}}